{"id":1638,"date":"2022-05-23T17:14:04","date_gmt":"2022-05-23T17:14:04","guid":{"rendered":"https:\/\/congresos.turismodealmeria.es\/?page_id=1638"},"modified":"2023-05-24T10:36:11","modified_gmt":"2023-05-24T08:36:11","slug":"contacto","status":"publish","type":"page","link":"https:\/\/www.turismodealmeria.org\/congresos\/contacto\/","title":{"rendered":"Contacto"},"content":{"rendered":"<div class=\"wpb-content-wrapper\"><p>[vc_row row_height_percent=\u00bb0&#8243; override_padding=\u00bbyes\u00bb h_padding=\u00bb2&#8243; top_padding=\u00bb0&#8243; bottom_padding=\u00bb2&#8243; overlay_alpha=\u00bb50&#8243; gutter_size=\u00bb3&#8243; column_width_percent=\u00bb100&#8243; shift_y=\u00bb0&#8243; z_index=\u00bb0&#8243; uncode_shortcode_id=\u00bb172548&#8243;][vc_column width=\u00bb1\/1&#8243;][vc_custom_heading text_color=\u00bbcolor-deep-teal\u00bb text_font=\u00bbfont-555555&#8243; text_size=\u00bbfontsize-35&#8243; uncode_shortcode_id=\u00bb639071&#8243; text_color_type=\u00bbuncode-palette\u00bb]Congresos[\/vc_custom_heading][vc_column_text text_color=\u00bbcolor-charcoal-grey-Two\u00bb uncode_shortcode_id=\u00bb163246&#8243; text_color_type=\u00bbuncode-palette\u00bb css=\u00bb.vc_custom_1653573574037{margin-top: 0px !important;}\u00bb el_class=\u00bbmt-10&#8243;]<\/p>\n<hr class=\"separator-break separator-accent\" \/>\n<p>[\/vc_column_text][vc_column_text uncode_shortcode_id=\u00bb162038&#8243;]<strong>La Oficina de Congresos del Ayuntamiento de Almer\u00eda<\/strong> es un departamento especializado en promover y desarrollar esta tipolog\u00eda de turismo en nuestra ciudad, dentro del \u00c1rea de Turismo. Esta Oficina de Congresos es miembro del Spain Convention Bureau (SCB) desde el a\u00f1o 2007 y una secci\u00f3n especializada de la Comisi\u00f3n de Turismo de la FEMP.<\/p>\n<p>La Oficina de Congresos le proporcionar\u00e1 todo tipo de informaci\u00f3n acerca de las instalaciones y servicios del Palacio de Exposiciones y Congresos Cabo de Gata, en especial y de la ciudad de Almeria, a modo global, a los organizadores de eventos, congresos y reuniones. Adem\u00e1s, para apoyar la difusi\u00f3n del encuentro, la Oficina de Congresos, le facilitar\u00e1 toda la documentaci\u00f3n tur\u00edstica de la ciudad, as\u00ed como oferta de visitas guiadas para congresistas y acompa\u00f1antes e informaci\u00f3n general sobre el calendario de acontecimientos festivos, culturales, deportivos y de ocio en las fechas de celebraci\u00f3n de la reuni\u00f3n.[\/vc_column_text][\/vc_column][\/vc_row][vc_row row_height_percent=\u00bb0&#8243; override_padding=\u00bbyes\u00bb h_padding=\u00bb2&#8243; top_padding=\u00bb0&#8243; bottom_padding=\u00bb0&#8243; overlay_alpha=\u00bb50&#8243; equal_height=\u00bbyes\u00bb gutter_size=\u00bb0&#8243; column_width_percent=\u00bb100&#8243; shift_y=\u00bb0&#8243; z_index=\u00bb0&#8243; uncode_shortcode_id=\u00bb143087&#8243;][vc_column column_width_percent=\u00bb100&#8243; position_vertical=\u00bbmiddle\u00bb gutter_size=\u00bb3&#8243; overlay_alpha=\u00bb50&#8243; shift_x=\u00bb0&#8243; shift_y=\u00bb0&#8243; shift_y_down=\u00bb0&#8243; z_index=\u00bb0&#8243; medium_width=\u00bb0&#8243; mobile_width=\u00bb0&#8243; width=\u00bb2\/12&#8243; uncode_shortcode_id=\u00bb365097&#8243;][vc_custom_heading text_color=\u00bbcolor-deep-teal\u00bb text_font=\u00bbfont-555555&#8243; uncode_shortcode_id=\u00bb180810&#8243; text_color_type=\u00bbuncode-palette\u00bb]Contacto[\/vc_custom_heading][\/vc_column][vc_column column_width_percent=\u00bb100&#8243; position_vertical=\u00bbmiddle\u00bb gutter_size=\u00bb3&#8243; overlay_alpha=\u00bb50&#8243; shift_x=\u00bb0&#8243; shift_y=\u00bb0&#8243; shift_y_down=\u00bb0&#8243; z_index=\u00bb0&#8243; medium_width=\u00bb0&#8243; mobile_width=\u00bb0&#8243; width=\u00bb10\/12&#8243; uncode_shortcode_id=\u00bb357919&#8243;][vc_separator sep_color=\u00bbcolor-192850&#8243; uncode_shortcode_id=\u00bb152663&#8243; sep_color_type=\u00bbuncode-palette\u00bb el_width=\u00bb100%\u00bb el_height=\u00bb1px\u00bb][\/vc_column][\/vc_row][vc_row][vc_column width=\u00bb1\/3&#8243;][vc_column_text uncode_shortcode_id=\u00bb131372&#8243;]Para contactar con la organizaci\u00f3n del Palacio de Exposiciones y Congresos ubicado en el Toyo, pueden hacerlo a trav\u00e9s de los datos de contacto que figuran m\u00e1s abajo \u00f3 rellenando el formulario habilitado para tal efecto al final de esta p\u00e1gina.[\/vc_column_text][\/vc_column][vc_column width=\u00bb2\/3&#8243;]\n<div class=\"wpcf7 no-js\" id=\"wpcf7-f1889-o1\" lang=\"es-ES\" dir=\"ltr\" data-wpcf7-id=\"1889\">\n<div class=\"screen-reader-response\"><p role=\"status\" aria-live=\"polite\" aria-atomic=\"true\"><\/p> <ul><\/ul><\/div>\n<form action=\"\/congresos\/wp-json\/wp\/v2\/pages\/1638#wpcf7-f1889-o1\" method=\"post\" class=\"wpcf7-form init\" aria-label=\"Formulario de contacto\" novalidate=\"novalidate\" data-status=\"init\">\n<fieldset class=\"hidden-fields-container\"><input type=\"hidden\" name=\"_wpcf7\" value=\"1889\" \/><input type=\"hidden\" name=\"_wpcf7_version\" value=\"6.1.3\" \/><input type=\"hidden\" name=\"_wpcf7_locale\" value=\"es_ES\" \/><input type=\"hidden\" name=\"_wpcf7_unit_tag\" value=\"wpcf7-f1889-o1\" \/><input type=\"hidden\" name=\"_wpcf7_container_post\" value=\"0\" \/><input type=\"hidden\" name=\"_wpcf7_posted_data_hash\" value=\"\" \/>\n<\/fieldset>\n<div class=\"wpcf7-inline-wrapper\">\n\t<p class=\"wpcf7-inline-field\"><span class=\"wpcf7-form-control-wrap\" data-name=\"nombre\"><input size=\"40\" maxlength=\"400\" class=\"wpcf7-form-control wpcf7-text wpcf7-validates-as-required form-fluid\" aria-required=\"true\" aria-invalid=\"false\" placeholder=\"Nombre\" value=\"\" type=\"text\" name=\"nombre\" \/><\/span>\n\t<\/p>\n\t<p class=\"wpcf7-inline-field\"><span class=\"wpcf7-form-control-wrap\" data-name=\"email\"><input size=\"40\" maxlength=\"400\" class=\"wpcf7-form-control wpcf7-email wpcf7-validates-as-required wpcf7-text wpcf7-validates-as-email\" aria-required=\"true\" aria-invalid=\"false\" placeholder=\"Correo electr\u00f3nico\" value=\"\" type=\"email\" name=\"email\" \/><\/span>\n\t<\/p>\n<\/div>\n<p><label><span class=\"wpcf7-form-control-wrap\" data-name=\"your-message\"><textarea cols=\"40\" rows=\"10\" maxlength=\"2000\" class=\"wpcf7-form-control wpcf7-textarea\" aria-invalid=\"false\" placeholder=\"Tu mensaje\" name=\"your-message\"><\/textarea><\/span> <\/label>\n<\/p>\n<div class=\"row enviar-informarmacion\">\n\t<div class=\"col-lg-3\">\n\t\t<p><input class=\"wpcf7-form-control wpcf7-submit has-spinner btn btn-accent\" type=\"submit\" value=\"Enviar\" \/>\n\t\t<\/p>\n\t<\/div>\n\t<div class=\"col-lg-9\">\n\t\t<p><span class=\"wpcf7-form-control-wrap\" data-name=\"condiciones\"><span class=\"wpcf7-form-control wpcf7-acceptance\"><span class=\"wpcf7-list-item\"><input type=\"checkbox\" name=\"condiciones\" value=\"1\" aria-invalid=\"false\" \/><\/span><\/span><\/span>He le\u00eddo y acepto la pol\u00edtica de privacidad\n\t\t<\/p>\n\t<\/div>\n<\/div><div class=\"wpcf7-response-output\" aria-hidden=\"true\"><\/div>\n<\/form>\n<\/div>\n[\/vc_column][\/vc_row][vc_row][vc_column width=\u00bb1\/1&#8243;][vc_custom_heading text_color=\u00bbcolor-deep-teal\u00bb text_font=\u00bbfont-555555&#8243; text_size=\u00bbfontsize-35&#8243; uncode_shortcode_id=\u00bb190457&#8243; text_color_type=\u00bbuncode-palette\u00bb]Informaci\u00f3n[\/vc_custom_heading][\/vc_column][\/vc_row][vc_row row_height_percent=\u00bb0&#8243; override_padding=\u00bbyes\u00bb h_padding=\u00bb2&#8243; top_padding=\u00bb0&#8243; bottom_padding=\u00bb2&#8243; overlay_alpha=\u00bb50&#8243; equal_height=\u00bbyes\u00bb gutter_size=\u00bb3&#8243; column_width_percent=\u00bb100&#8243; shift_y=\u00bb0&#8243; z_index=\u00bb0&#8243; uncode_shortcode_id=\u00bb186830&#8243; el_class=\u00bbinformacion-contacto\u00bb][vc_column column_width_percent=\u00bb100&#8243; gutter_size=\u00bb3&#8243; overlay_alpha=\u00bb50&#8243; shift_x=\u00bb0&#8243; shift_y=\u00bb0&#8243; shift_y_down=\u00bb0&#8243; z_index=\u00bb0&#8243; medium_width=\u00bb0&#8243; mobile_width=\u00bb0&#8243; width=\u00bb1\/2&#8243; uncode_shortcode_id=\u00bb150532&#8243;][vc_custom_heading text_color=\u00bbcolor-deep-teal\u00bb heading_semantic=\u00bbp\u00bb text_font=\u00bbfont-555555&#8243; text_size=\u00bbfontsize-17&#8243; text_weight=\u00bb600&#8243; uncode_shortcode_id=\u00bb179024&#8243; text_color_type=\u00bbuncode-palette\u00bb]Palacio de Congresos Cabo de Gata \u2013 Ciudad de Almer\u00eda[\/vc_custom_heading][vc_column_text uncode_shortcode_id=\u00bb127255&#8243; css=\u00bb.vc_custom_1665732291336{margin-top: 0px !important;}\u00bb]C\/ de los Juegos de Casablanca, 1, 04131 Almer\u00eda<br \/>\n<strong>T: (+34) 663 995 824 \/ (+34) 950 210 000 ext 2206<\/strong><br \/>\n<a href=\"mailto:palaciocabodegata@aytoalmeria.es\"><strong>palaciocabodegata@aytoalmeria.es<\/strong><\/a>[\/vc_column_text][\/vc_column][vc_column width=\u00bb1\/2&#8243;][vc_custom_heading text_color=\u00bbcolor-deep-teal\u00bb heading_semantic=\u00bbp\u00bb text_font=\u00bbfont-555555&#8243; text_size=\u00bbfontsize-17&#8243; text_weight=\u00bb600&#8243; uncode_shortcode_id=\u00bb565510&#8243; text_color_type=\u00bbuncode-palette\u00bb]Convention Bureau del Ayuntamiento de Almer\u00eda[\/vc_custom_heading][vc_column_text uncode_shortcode_id=\u00bb102586&#8243; css=\u00bb.vc_custom_1684917367332{margin-top: 0px !important;}\u00bb]C\/ Rinc\u00f3n de Espronceda, s\/n, 04001, Almer\u00eda<br \/>\n<strong>T: (+34) 663 995 824 \/ (+34) 950 210 000 ext 2206<\/strong><br \/>\n<strong><a href=\"mailto:almeriacb@aytoalmeria.es\">almeriacb@aytoalmeria.es<\/a><\/strong><br \/>\n<a title=\"www.turismodealmeria.org\/congresos\/\" href=\"https:\/\/www.turismodealmeria.org\/congresos\/\" target=\"_blank\" rel=\"noopener\"><strong>www.turismodealmeria.org\/congresos<\/strong><\/a>[\/vc_column_text][\/vc_column][\/vc_row][vc_row unlock_row_content=\u00bbyes\u00bb row_height_percent=\u00bb0&#8243; override_padding=\u00bbyes\u00bb h_padding=\u00bb0&#8243; top_padding=\u00bb2&#8243; bottom_padding=\u00bb0&#8243; overlay_alpha=\u00bb50&#8243; gutter_size=\u00bb3&#8243; column_width_percent=\u00bb100&#8243; shift_y=\u00bb0&#8243; z_index=\u00bb0&#8243; uncode_shortcode_id=\u00bb126189&#8243;][vc_column width=\u00bb1\/1&#8243;][vc_raw_html]JTNDaWZyYW1lJTIwc3JjJTNEJTIyaHR0cHMlM0ElMkYlMkZ3d3cuZ29vZ2xlLmNvbSUyRm1hcHMlMkZlbWJlZCUzRnBiJTNEJTIxMW0xNCUyMTFtOCUyMTFtMyUyMTFkMTI3NzIuNjg2NDU0ODk4OTQzJTIxMmQtMi4zMjI4MjgxJTIxM2QzNi44MzgzNjU4JTIxM20yJTIxMWkxMDI0JTIxMmk3NjglMjE0ZjEzLjElMjEzbTMlMjExbTIlMjExczB4MCUyNTNBMHhlOTExYTBmODA2YjJlYjE0JTIxMnNQYWxhY2lvJTI1MjBkZSUyNTIwRXhwb3NpY2lvbmVzJTI1MjB5JTI1MjBDb25ncmVzb3MlMjUyMENhYm8lMjUyMGRlJTI1MjBHYXRhJTI1MjAlMjVFMiUyNTgwJTI1OTMlMjUyMENpdWRhZCUyNTIwZGUlMjUyMEFsbWVyJTI1QzMlMjVBRGElMjE1ZTAlMjEzbTIlMjExc2VzJTIxMnNlcyUyMTR2MTY1MzMxNzgwODQ4NCUyMTVtMiUyMTFzZXMlMjEyc2VzJTIyJTIwd2lkdGglM0QlMjIxMDAlMjUlMjIlMjBoZWlnaHQlM0QlMjIzODAlMjIlMjBzdHlsZSUzRCUyMmJvcmRlciUzQTAlM0IlMjIlMjBhbGxvd2Z1bGxzY3JlZW4lM0QlMjIlMjIlMjBsb2FkaW5nJTNEJTIybGF6eSUyMiUyMHJlZmVycmVycG9saWN5JTNEJTIybm8tcmVmZXJyZXItd2hlbi1kb3duZ3JhZGUlMjIlM0UlM0MlMkZpZnJhbWUlM0U=[\/vc_raw_html][\/vc_column][\/vc_row]<\/p>\n<\/div>","protected":false},"excerpt":{"rendered":"<p>[vc_row row_height_percent=\u00bb0&#8243; override_padding=\u00bbyes\u00bb h_padding=\u00bb2&#8243; top_padding=\u00bb0&#8243; bottom_padding=\u00bb2&#8243; overlay_alpha=\u00bb50&#8243; gutter_size=\u00bb3&#8243; column_width_percent=\u00bb100&#8243; shift_y=\u00bb0&#8243; z_index=\u00bb0&#8243; uncode_shortcode_id=\u00bb172548&#8243;][vc_column width=\u00bb1\/1&#8243;][vc_custom_heading text_color=\u00bbcolor-deep-teal\u00bb text_font=\u00bbfont-555555&#8243; text_size=\u00bbfontsize-35&#8243; uncode_shortcode_id=\u00bb639071&#8243; text_color_type=\u00bbuncode-palette\u00bb]Congresos[\/vc_custom_heading][vc_column_text text_color=\u00bbcolor-charcoal-grey-Two\u00bb uncode_shortcode_id=\u00bb163246&#8243; [&hellip;]<\/p>\n","protected":false},"author":13,"featured_media":0,"parent":0,"menu_order":0,"comment_status":"closed","ping_status":"closed","template":"","meta":{"_acf_changed":false,"footnotes":""},"class_list":["post-1638","page","type-page","status-publish","hentry"],"acf":[],"_links":{"self":[{"href":"https:\/\/www.turismodealmeria.org\/congresos\/wp-json\/wp\/v2\/pages\/1638","targetHints":{"allow":["GET"]}}],"collection":[{"href":"https:\/\/www.turismodealmeria.org\/congresos\/wp-json\/wp\/v2\/pages"}],"about":[{"href":"https:\/\/www.turismodealmeria.org\/congresos\/wp-json\/wp\/v2\/types\/page"}],"author":[{"embeddable":true,"href":"https:\/\/www.turismodealmeria.org\/congresos\/wp-json\/wp\/v2\/users\/13"}],"replies":[{"embeddable":true,"href":"https:\/\/www.turismodealmeria.org\/congresos\/wp-json\/wp\/v2\/comments?post=1638"}],"version-history":[{"count":5,"href":"https:\/\/www.turismodealmeria.org\/congresos\/wp-json\/wp\/v2\/pages\/1638\/revisions"}],"predecessor-version":[{"id":3038,"href":"https:\/\/www.turismodealmeria.org\/congresos\/wp-json\/wp\/v2\/pages\/1638\/revisions\/3038"}],"wp:attachment":[{"href":"https:\/\/www.turismodealmeria.org\/congresos\/wp-json\/wp\/v2\/media?parent=1638"}],"curies":[{"name":"wp","href":"https:\/\/api.w.org\/{rel}","templated":true}]}}