{"id":50051,"date":"2014-12-07T00:07:20","date_gmt":"2014-12-07T00:07:20","guid":{"rendered":"https:\/\/www.turismodealmeria.org\/lugar\/instituto-celia-vinas\/"},"modified":"2022-05-23T10:52:53","modified_gmt":"2022-05-23T08:52:53","slug":"instituto-celia-vinas","status":"publish","type":"lugar","link":"https:\/\/www.turismodealmeria.org\/de\/lugar\/instituto-celia-vinas\/","title":{"rendered":"H\u00f6here Schule Celia Vi\u00f1as"},"content":{"rendered":"<div class=\"entry\">\n<p>Das erste Gymnasium von Almer\u00eda wurde 1849 am heutigen Standort der Kunsthochschule gegr\u00fcndet. Diese war zu jenem Zeitpunkt viel kleiner als die heutige, was da sich die Sch\u00fclerzahl und damit der Bildungsbedarf erh\u00f6hte dazu f\u00fchrte, dass Francisco Saiz Sanz, der Schuldirektor sie in das heutige Geb\u00e4ude in der Javier Sanz Stra\u00dfe umsiedelte, was die ehemalige Hochschule f\u00fcr Kunst und Handwerk war.<\/p>\n<p>Diese H\u00f6here Schule wurde 1911 erbaut, und war der Ort, an dem der gr\u00f6\u00dfte Teil der Menschen Almerias ihre Schulbildung erhielten. Anfangs war es eine gemischte Schule, bis 1966 die Jungenschule, das Instituto Nicolas Salmeron gebaut wurde, das sich im Viertel \u201cCiudad Jardin\u201d befindet.<br \/>\nDie Sch\u00fclerinnen benutzten den Eingang von der Rambla, belegten die dritte Etage und benutzen das Dach als Pausenhof und f\u00fcr Sport, w\u00e4hrend die Jungs die unteren Etagen und den Innenhof benutzten.<\/p>\n<p>Das Geb\u00e4ude kennzeichnete eine fest verwurzelte kulturelle Tradition, und beherbergte eine bedeutende Bibliothek und das erste Arch\u00e4ologische Museum Almerias, das sich in zwei daf\u00fcr hergerichteten Ausstellungsr\u00e4umen befand. Ihren Namen bekam die Schule in Gedenken an die unvergessliche Lehrerin Celia Vi\u00f1as, die au\u00dferdem eine gro\u00dfe Dichterin war. Ihr literarisches Werk und ihre Lehrt\u00e4tigkeit belebten revitalisierten das kulturelle Leben im Almeria der Nachkriegszeit.<\/p>\n<p>Die Einzigartigkeit des Geb\u00e4udes, die sich im Einfluss des Neoakademismus zeigt, wird an der Hauptfassade reflektiert: ein eindrucksvolles Geb\u00e4ude, an dem sehr charakteristische klassische Elemente verwendet wurden: Pilaster in Kolossalordnung, ein hohes Fundament, ein gro\u00dfes Portal, gro\u00dfe Fenster- und T\u00fcr\u00f6ffnungen und eine monumentale Treppe zur ersten Etage.<\/p>\n<\/div>\n","protected":false},"excerpt":{"rendered":"<p>Das erste Gymnasium von Almer\u00eda wurde 1849 am heutigen Standort der Kunsthochschule gegr\u00fcndet. Diese war zu jenem Zeitpunkt viel kleiner [&hellip;]<\/p>\n","protected":false},"featured_media":25520,"template":"","format":"standard","meta":{"_acf_changed":false,"footnotes":""},"class_list":["post-50051","lugar","type-lugar","status-publish","format-standard","has-post-thumbnail","hentry","tlugar-lugares-emblematicos-de"],"acf":[],"ACF":{"ubicacion_mapa":{"address":"Instituto Celia Vi\u00f1as","lat":36.8379304,"lng":-2.4613045,"zoom":14,"place_id":"ChIJw2VHwgF2cA0RmBvVqUT-kec","street_number":"15","street_name":"Calle Javier Sanz","street_name_short":"C. Javier Sanz","city":"Almer\u00eda","state":"Andaluc\u00eda","state_short":"AN","post_code":"04004","country":"Espa\u00f1a","country_short":"ES"},"telefono":"","consejos_de_seguridad":"","destacado_home":"","horario":"","gallery":false,"tipo":[],"tipo_de_motivo":false},"_links":{"self":[{"href":"https:\/\/www.turismodealmeria.org\/de\/wp-json\/wp\/v2\/lugar\/50051","targetHints":{"allow":["GET"]}}],"collection":[{"href":"https:\/\/www.turismodealmeria.org\/de\/wp-json\/wp\/v2\/lugar"}],"about":[{"href":"https:\/\/www.turismodealmeria.org\/de\/wp-json\/wp\/v2\/types\/lugar"}],"version-history":[{"count":0,"href":"https:\/\/www.turismodealmeria.org\/de\/wp-json\/wp\/v2\/lugar\/50051\/revisions"}],"wp:featuredmedia":[{"embeddable":true,"href":"https:\/\/www.turismodealmeria.org\/de\/wp-json\/wp\/v2\/media\/25520"}],"wp:attachment":[{"href":"https:\/\/www.turismodealmeria.org\/de\/wp-json\/wp\/v2\/media?parent=50051"}],"curies":[{"name":"wp","href":"https:\/\/api.w.org\/{rel}","templated":true}]}}