{"id":56543,"date":"2022-05-05T17:07:34","date_gmt":"2022-05-05T15:07:34","guid":{"rendered":"https:\/\/www.turismodealmeria.org\/fiestas-y-tradiciones\/"},"modified":"2024-12-19T11:15:44","modified_gmt":"2024-12-19T09:15:44","slug":"feste-und-traditionen","status":"publish","type":"page","link":"https:\/\/www.turismodealmeria.org\/de\/feste-und-traditionen\/","title":{"rendered":"Feste und Traditionen"},"content":{"rendered":"<div class=\"wpb-content-wrapper\"><p>[vc_row][vc_column width=&#8220;1\/1&#8243;][vc_custom_heading text_color=&#8220;color-sea-blue&#8220; text_size=&#8220;fontsize-120373&#8243; uncode_shortcode_id=&#8220;153397&#8243; text_color_type=&#8220;uncode-palette&#8220; el_class=&#8220;mt-0&#8243;]Fasching\/Karneval[\/vc_custom_heading][vc_column_text uncode_shortcode_id=&#8220;186490&#8243; css=&#8220;.vc_custom_1647947291196{margin-top: 10px !important;}&#8220; el_class=&#8220;separador-titulo-detalle&#8220;]<\/p>\n<hr \/>\n<p>[\/vc_column_text][vc_column_text uncode_shortcode_id=&#8220;369710&#8243;]In der Stadt Almeria steht der Karneval traditionell im Festtagskalender, wo die Stra\u00dfenmusikanten, die Umz\u00fcge, Parodien und Karnevalsgruppen mit ihren Karnevalskost\u00fcmen der Stadt Leben verleihen, mit dem Ziel, die Bev\u00f6lkerung ein unterhaltsames und farbenpr\u00e4chtiges Fest genie\u00dfen zu lassen.<br \/>\nMit der Stra\u00dfe als Hauptdarsteller werden verschiedene Arten von Events f\u00fcr die Bev\u00f6lkerung und die Besucher organisiert, als Wettbewerb zur Wahl des Karnevalsgottes und der Karnevalsg\u00f6ttin, eine Karnevalssitzung, Kinderkarneval, Musikwettbewerbe, bei denen die verschiedenen Karnevalsgruppen um den ersten Platz beim Karneval von Almeria wetteifern, etc.<\/p>\n<p>Ein weiteres bemerkenswertes Event ist die Freak Show im Paseo von Almeria, der sich in einen Karnevalzirkus verwandelt mit Illusionsshows, Imitatoren, Konzerten und Karnevalsumz\u00fcgen, an dem sich die Familien und Freunde verkleidet treffen, um durch die Stra\u00dfen zu ziehen und das Ambiente, das die Karnevalsfreunde hervorrufen zu genie\u00dfen und um an einem wundersch\u00f6nen Tag voller Licht und Farben teilzuhaben. In dieser Zeit ist es \u00fcblich, dass Karnevalsgruppen mit Marschmusik durch die Stra\u00dfen ziehen und den zuh\u00f6renden Karnevalsbegeisterten ihr Repertoir vorsingen.<br \/>\nUm zum Ende zu kommen, der Karneval endet in Almeria mit der ber\u00fchmten Beerdigung der Sardine, die am Strand Playa de las Almadrabillas stattfindet: Zuerst zieht die Prozession durch die Stra\u00dfen der Altstadt, wo das Testament verlesen wird, und anschlie\u00dfend wird die Sardine verbrannt, begleitet von Auftritten der Karnevalsgruppen.[\/vc_column_text][vc_gallery el_id=&#8220;carnavales&#8220; isotope_mode=&#8220;packery&#8220; medias=&#8220;65267,65271,65275&#8243; gutter_size=&#8220;2&#8243; media_items=&#8220;media|lightbox|original&#8220; screen_lg=&#8220;1000&#8243; screen_md=&#8220;600&#8243; screen_sm=&#8220;480&#8243; images_size=&#8220;four-three&#8220; single_overlay_opacity=&#8220;50&#8243; single_padding=&#8220;2&#8243; uncode_shortcode_id=&#8220;721808&#8243; items=&#8220;eyIxOTM5OV9pIjp7InNpbmdsZV93aWR0aCI6IjciLCJpbWFnZXNfc2l6ZSI6InRocmVlLXR3byJ9LCIxOTM5OF9pIjp7InNpbmdsZV93aWR0aCI6IjUiLCJpbWFnZXNfc2l6ZSI6InNpeHRlZW4tbmluZSJ9LCIyMTU3Ml9pIjp7ImltYWdlc19zaXplIjoiZm91ci10aHJlZSJ9LCIyMTEzOV9pIjp7ImltYWdlc19zaXplIjoidGhyZWUtdHdvIiwic2luZ2xlX3dpZHRoIjoiNSJ9LCIxOTQwMF9pIjp7ImltYWdlc19zaXplIjoiZm91ci10aHJlZSJ9LCIxMDIyNl9pIjp7InNpbmdsZV93aWR0aCI6IjciLCJpbWFnZXNfc2l6ZSI6InNpeHRlZW4tbmluZSJ9LCIxMDIzMl9pIjp7InNpbmdsZV93aWR0aCI6IjQiLCJpbWFnZXNfc2l6ZSI6ImZvdXItdGhyZWUifSwiMzYxNDRfaSI6eyJpbWFnZXNfc2l6ZSI6ImZvdXItdGhyZWUifSwiOTkzMl9pIjp7InNpbmdsZV93aWR0aCI6IjciLCJpbWFnZXNfc2l6ZSI6InNpeHRlZW4tbmluZSJ9LCI0NzE3OV9pIjp7InNpbmdsZV93aWR0aCI6IjciLCJpbWFnZXNfc2l6ZSI6InNpeHRlZW4tbmluZSJ9LCI0NzE5M19pIjp7InNpbmdsZV93aWR0aCI6IjciLCJpbWFnZXNfc2l6ZSI6IiJ9LCI0ODE5MF9pIjp7ImltYWdlc19zaXplIjoiZm91ci10aHJlZSJ9LCI0ODE5NF9pIjp7ImltYWdlc19zaXplIjoiZm91ci10aHJlZSJ9LCI0ODE5OF9pIjp7ImltYWdlc19zaXplIjoiZm91ci10aHJlZSJ9LCI0ODIwMl9pIjp7InNpbmdsZV93aWR0aCI6IjcifSwiNDgyMTBfaSI6eyJzaW5nbGVfd2lkdGgiOiI1IiwiaW1hZ2VzX3NpemUiOiJ0aHJlZS10d28ifX0=&#8220; el_class=&#8220;border-radius-5px&#8220;][\/vc_column][\/vc_row][vc_row][vc_column width=&#8220;1\/1&#8243;][vc_custom_heading text_color=&#8220;color-sea-blue&#8220; text_size=&#8220;fontsize-120373&#8243; uncode_shortcode_id=&#8220;882361&#8243; text_color_type=&#8220;uncode-palette&#8220; el_class=&#8220;mt-0&#8243;]Die Karwoche[\/vc_custom_heading][vc_column_text uncode_shortcode_id=&#8220;186490&#8243; css=&#8220;.vc_custom_1647947291196{margin-top: 10px !important;}&#8220; el_class=&#8220;separador-titulo-detalle&#8220;]<\/p>\n<hr \/>\n<p>[\/vc_column_text][vc_column_text uncode_shortcode_id=&#8220;221699&#8243;]Im 16. Jahrhundert begann man die Karwoche in Almeria als Passionsspiel Via Crucis zu organisieren das am Rathaus begann, aber nach dem Wiederaufbau der Kathedrale im Jahr 1524 wurde das in diese Kirche verlegt.<\/p>\n<p>Das Leiden Christi wird mit geschnitzten Heiligenfiguren dargestellt, die in Prozessionen durch die Stra\u00dfen Almerias ziehen. Diese Prozession erhielt den Namen Bu\u00dfezeit, und die Schritte jeder Bruderschaft werden von B\u00fc\u00dfern und Gl\u00e4ubigen begleitet wird. Ab 1900 wurden einige Bruderschaften, die im 19. Jahrhundert aufgel\u00f6st worden waren erneut gegr\u00fcndet, aber w\u00e4hrend des Spanischen B\u00fcrgerkriegs wurde ein Gro\u00dfteil des Besitzes der Bruderschaften zerst\u00f6rt. In den 1940er und 1950er Jahren hat man einige der Bilder wiedererhalten und verschiedene Bruderschaften organisiert.<\/p>\n<p>Ab den 1980er Jahren erlebte die Karwoche in Almeria einen gro\u00dfen Aufschwung. 1983 waren bei den Prozessionen 11 Bruderschaften beteiligt und 1984 schon 14. Derzeit z\u00e4hlt die Karwoche von Almeria 25 Bruderschaften, wovon 21 das Leiden Christi verk\u00f6rpern und 4 die Herrlichkeit Christi.<\/p>\n<p>Die Regulierung aller Bruderschaften der Stadt unterliegt der Vereinigung aller Bruder- und Schwesternschaften Almerias \u201cAgrupaci\u00f3n de Cofrad\u00edas y Hermandades de la Ciudad de Almer\u00eda\u201d. Obwohl die meisten Bruderschaften ab dem 16. Jahrhundert entstanden, wurde die \u00fcberwiegende Mehrheit von ihnen Mitte des 20. Jahrhunderts neu gegr\u00fcndet.<\/p>\n<p>Der offizielle Weg der Prozession verl\u00e4uft entlang des Paseo de Almeria, obwohl der Platz der Kathedrale der Punkt ist, den fast alle Prozessionen auf ihrem Weg passieren.<\/p>\n<p>Die Karwoche wurde zu einem Fest von nationalem touristischem Interesse erkl\u00e4rt.[\/vc_column_text][vc_gallery el_id=&#8220;semana-santa&#8220; isotope_mode=&#8220;packery&#8220; medias=&#8220;65280,65284,65288&#8243; gutter_size=&#8220;2&#8243; media_items=&#8220;media|lightbox|original&#8220; screen_lg=&#8220;1000&#8243; screen_md=&#8220;600&#8243; screen_sm=&#8220;480&#8243; images_size=&#8220;four-three&#8220; single_overlay_opacity=&#8220;50&#8243; single_padding=&#8220;2&#8243; uncode_shortcode_id=&#8220;169847&#8243; items=&#8220;eyIxOTM5OV9pIjp7InNpbmdsZV93aWR0aCI6IjciLCJpbWFnZXNfc2l6ZSI6InRocmVlLXR3byJ9LCIxOTM5OF9pIjp7InNpbmdsZV93aWR0aCI6IjUiLCJpbWFnZXNfc2l6ZSI6InNpeHRlZW4tbmluZSJ9LCIyMTU3Ml9pIjp7ImltYWdlc19zaXplIjoiZm91ci10aHJlZSJ9LCIyMTEzOV9pIjp7ImltYWdlc19zaXplIjoidGhyZWUtdHdvIiwic2luZ2xlX3dpZHRoIjoiNSJ9LCIxOTQwMF9pIjp7ImltYWdlc19zaXplIjoiZm91ci10aHJlZSJ9LCIxMDIyNl9pIjp7InNpbmdsZV93aWR0aCI6IjciLCJpbWFnZXNfc2l6ZSI6InNpeHRlZW4tbmluZSJ9LCIxMDIzMl9pIjp7InNpbmdsZV93aWR0aCI6IjQiLCJpbWFnZXNfc2l6ZSI6ImZvdXItdGhyZWUifSwiMzYxNDRfaSI6eyJpbWFnZXNfc2l6ZSI6ImZvdXItdGhyZWUifSwiOTkzMl9pIjp7InNpbmdsZV93aWR0aCI6IjciLCJpbWFnZXNfc2l6ZSI6InNpeHRlZW4tbmluZSJ9LCI0NzE3OV9pIjp7InNpbmdsZV93aWR0aCI6IjciLCJpbWFnZXNfc2l6ZSI6InNpeHRlZW4tbmluZSJ9LCI0NzE5M19pIjp7InNpbmdsZV93aWR0aCI6IjciLCJpbWFnZXNfc2l6ZSI6IiJ9LCI0ODE5MF9pIjp7ImltYWdlc19zaXplIjoiZm91ci10aHJlZSJ9LCI0ODE5NF9pIjp7ImltYWdlc19zaXplIjoiZm91ci10aHJlZSJ9LCI0ODE5OF9pIjp7ImltYWdlc19zaXplIjoiZm91ci10aHJlZSJ9LCI0ODIwMl9pIjp7InNpbmdsZV93aWR0aCI6IjcifSwiNDgyMTBfaSI6eyJzaW5nbGVfd2lkdGgiOiI1IiwiaW1hZ2VzX3NpemUiOiJ0aHJlZS10d28ifX0=&#8220; el_class=&#8220;border-radius-5px&#8220;][\/vc_column][\/vc_row][vc_row][vc_column width=&#8220;1\/1&#8243;][vc_custom_heading text_color=&#8220;color-sea-blue&#8220; text_size=&#8220;fontsize-120373&#8243; uncode_shortcode_id=&#8220;295595&#8243; text_color_type=&#8220;uncode-palette&#8220; el_class=&#8220;mt-0&#8243;]Noche de San Juan \u2013 Johannisnacht[\/vc_custom_heading][vc_column_text uncode_shortcode_id=&#8220;186490&#8243; css=&#8220;.vc_custom_1647947291196{margin-top: 10px !important;}&#8220; el_class=&#8220;separador-titulo-detalle&#8220;]<\/p>\n<hr \/>\n<p>[\/vc_column_text][vc_column_text uncode_shortcode_id=&#8220;751284&#8243;]Das Fest am Vorabend des Johannistags oder in der Johannisnacht ist in Almeria ein tief verwurzeltes Fest. Dieses Fest f\u00e4llt mit anderen Feiertagen heidnischen Ursprungs zusammen (Sommersonnenwende), die am 21. Juni gefeiert werden, um die Ankunft des Sommers in der n\u00f6rdlichen Erdhalbkugel zu begr\u00fc\u00dfen und deren Hauptritual daraus besteht, dass man ein Freudenfeuer entz\u00fcndet, um sich selbst zu reinigen und au\u00dferdem der Sonne mehr Kraft zu geben, weil die Sonne ab dann schw\u00e4cher wird, da die Tage bis zur Wintersonnenwende immer k\u00fcrzer werden.<br \/>\nEs werden verschiedene Events geplant, die auf die 16 Str\u00e4nde der Stadt verteilt werden und bei denen man ein \u00fcberw\u00e4ltigendes Feuerwerk bewundern kann, das kennzeichnend f\u00fcr die Stadt, ihre Kultur und ihre Tradition ist. Es wird an der sogenannten Katzenmole (Espig\u00f3n de los Gatos) entz\u00fcndet.<br \/>\nWie es die Tradition vorschreibt, d\u00fcrfen nat\u00fcrlich die Freudenfeuer nicht fehlen, die mit Holzstapeln am Strand entz\u00fcndet werden und es ist auch Tradition alle unerf\u00fcllten W\u00fcnsche, die man hat auf ein St\u00fcck Papier zu schreiben, oder auch die Erinnerungen, die wir aus unserem Ged\u00e4chtnis l\u00f6schen wollen und dieses Papier danach in Feuer zu werfen, um sich zu reinigen.<\/p>\n<p>In der so sehns\u00fcchtig erwarteten Johannisnacht finden gew\u00f6hnlich Konzerte entlang des Strands von El Palmeral statt, wo man eine gro\u00dfe Vielfalt unterschiedlicher Musik genie\u00dfen kann, die ein perfektes Ambiente f\u00fcr dieses Fest schafft, und um sich am Strand, dem Meer, der Meeresbrise, der Hitze der Feuer und guter Gesellschaft zu erfreuen.<\/p>\n<p>Es ist \u00fcblich, dass sich die Anwohner am Strand mit ihren Familienangeh\u00f6rigen und Freunden treffen und es sich im Sand am Strand gem\u00fctlich machen, um ihre Freudenfeuer anzuz\u00fcnden und sie im Laufe der Nacht abbrennen zu lassen. In der Zwischenzeit werden Sardinen, Grillfleisch und vieles anderes Leckeres vorbereitet.<br \/>\nAndere bevorzugen es an der Strandpromenade, in El Toyo, Costacabana oder Retamar spazieren zu gehen und einen Drink zu sich zu nehmen.<\/p>\n<p>Sobald es Mitternacht geworden ist, beginnen die Feuerwerke, was laut Tradition bedeutet, dass es an der Zeit ist, so wie es die Tradition beschreibt, sich die F\u00fc\u00dfe, H\u00e4nde und Augen nass zu machen, um sich zu reinigen und Gl\u00fcck zu haben. Einige Mutige trauen sich im Meer zu schwimmen. Danach ist es \u00fcblich, \u00fcber die Feuer zu springen w\u00e4hrend man diese Nacht noch bis zum Morgengrauen weiter genie\u00dft.[\/vc_column_text][vc_gallery el_id=&#8220;noche-san-juan&#8220; isotope_mode=&#8220;packery&#8220; medias=&#8220;65296,65292,65301&#8243; gutter_size=&#8220;2&#8243; media_items=&#8220;media|lightbox|original&#8220; screen_lg=&#8220;1000&#8243; screen_md=&#8220;600&#8243; screen_sm=&#8220;480&#8243; images_size=&#8220;four-three&#8220; single_overlay_opacity=&#8220;50&#8243; single_padding=&#8220;2&#8243; uncode_shortcode_id=&#8220;963936&#8243; items=&#8220;eyIxOTM5OV9pIjp7InNpbmdsZV93aWR0aCI6IjciLCJpbWFnZXNfc2l6ZSI6InRocmVlLXR3byJ9LCIxOTM5OF9pIjp7InNpbmdsZV93aWR0aCI6IjUiLCJpbWFnZXNfc2l6ZSI6InNpeHRlZW4tbmluZSJ9LCIyMTU3Ml9pIjp7ImltYWdlc19zaXplIjoiZm91ci10aHJlZSJ9LCIyMTEzOV9pIjp7ImltYWdlc19zaXplIjoidGhyZWUtdHdvIiwic2luZ2xlX3dpZHRoIjoiNSJ9LCIxOTQwMF9pIjp7ImltYWdlc19zaXplIjoiZm91ci10aHJlZSJ9LCIxMDIyNl9pIjp7InNpbmdsZV93aWR0aCI6IjciLCJpbWFnZXNfc2l6ZSI6InNpeHRlZW4tbmluZSJ9LCIxMDIzMl9pIjp7InNpbmdsZV93aWR0aCI6IjQiLCJpbWFnZXNfc2l6ZSI6ImZvdXItdGhyZWUifSwiMzYxNDRfaSI6eyJpbWFnZXNfc2l6ZSI6ImZvdXItdGhyZWUifSwiOTkzMl9pIjp7InNpbmdsZV93aWR0aCI6IjciLCJpbWFnZXNfc2l6ZSI6InNpeHRlZW4tbmluZSJ9LCI0NzE3OV9pIjp7InNpbmdsZV93aWR0aCI6IjciLCJpbWFnZXNfc2l6ZSI6InNpeHRlZW4tbmluZSJ9LCI0NzE5M19pIjp7InNpbmdsZV93aWR0aCI6IjciLCJpbWFnZXNfc2l6ZSI6IiJ9LCI0ODE5MF9pIjp7ImltYWdlc19zaXplIjoiZm91ci10aHJlZSJ9LCI0ODE5NF9pIjp7ImltYWdlc19zaXplIjoiZm91ci10aHJlZSJ9LCI0ODE5OF9pIjp7ImltYWdlc19zaXplIjoiZm91ci10aHJlZSJ9LCI0ODIwMl9pIjp7InNpbmdsZV93aWR0aCI6IjcifSwiNDgyMTBfaSI6eyJzaW5nbGVfd2lkdGgiOiI1IiwiaW1hZ2VzX3NpemUiOiJ0aHJlZS10d28ifX0=&#8220; el_class=&#8220;border-radius-5px&#8220;][\/vc_column][\/vc_row][vc_row][vc_column width=&#8220;1\/1&#8243;][vc_custom_heading text_color=&#8220;color-sea-blue&#8220; text_size=&#8220;fontsize-120373&#8243; uncode_shortcode_id=&#8220;129527&#8243; text_color_type=&#8220;uncode-palette&#8220; el_class=&#8220;mt-0&#8243;]Maikreuze[\/vc_custom_heading][vc_column_text uncode_shortcode_id=&#8220;186490&#8243; css=&#8220;.vc_custom_1647947291196{margin-top: 10px !important;}&#8220; el_class=&#8220;separador-titulo-detalle&#8220;]<\/p>\n<hr \/>\n<p>[\/vc_column_text][vc_column_text uncode_shortcode_id=&#8220;113724&#8243;]Das Fest des Maikreuzes, bekannt als das Fest der Mayos wird in Almeria w\u00e4hrend der ersten Maiwoche und den dazugeh\u00f6rigen Wochenenden gefeiert.<br \/>\nDieses Fest ist seit dem Altertum von heidnischen r\u00f6mischen Festen und vorchristlichen Riten beeinflusst, bei denen den mittleren Temperaturen des Fr\u00fchlings gedacht und die Natur verehrt wird.<\/p>\n<p>Laut Tradition war ein wei\u00df gekleidetes M\u00e4dchen, gekr\u00f6nt mit Blumen die \u201cMaya\u201d, eine Anspielung auf dem Monat der Blumen. In dieser Festzeit waren rituelle T\u00e4nze, volkst\u00fcmliche Lieder und Rezitationen zur W\u00fcrdigung der Ankunft des Fr\u00fchlings \u00fcblich.<\/p>\n<p>Vor allem in Almeria feiern die Bruderschafen der Karwoche und alle m\u00f6glichen Vereinigungen diese Zeit, indem sie einen Baum oder einen Baumstamm schm\u00fccken oder ein Totem errichten, auf dem ein mit allen Arten von Blumen geschm\u00fccktes Kreuz aufgestellt wird, und eine sch\u00f6ne Dekoration mit traditionellen Elementen aus Almeria wie z.B. Girlanden, H\u00fcte, spanische Gitarren, Geranien, Fr\u00fchlingsenzian, Hortensien, Rosenkr\u00e4nze, Keramikteller, Kupfert\u00f6pfe, Laternen, F\u00e4cher, bestickte Umschlagt\u00fccher und eine ge\u00f6ffnete, in einen Apfel gesteckte Schere (fr\u00fcher Einwand genannt), um damit die Tradition \u201cdie Einw\u00e4nde abzuschneiden\u201d, zu erf\u00fcllen, was bedeutet, die Kritiken all jener abzuschneiden, die sich dem Kreuz n\u00e4hern.<\/p>\n<p>Die Teilnehmer nehmen an einem Wettbewerb teil, bei dem das sch\u00f6nste Kreuz pr\u00e4miert wird.<\/p>\n<p>Die Bewohner treffen sich \u00fcblicherweise an den Stellen, wo die Maikreuze aufgestellt sind, um die Kreuze zu besichtigen. Die Einrichtungen der Ausstellungspl\u00e4tze dieser Kreuze werden so angepasst, dass alle Besucher ein festliches Ambiente im Kreis ihrer Familie und Freunden genie\u00dfen und typische Gerichte wie Gerichte mit spindelf\u00f6rmigen Nudeln (gurullos), mit Weizen (trigo), mit Krumen (migas) und S\u00fc\u00dfigkeiten verzehren k\u00f6nnen.[\/vc_column_text][vc_gallery el_id=&#8220;cruces-mayo&#8220; isotope_mode=&#8220;packery&#8220; medias=&#8220;65305,65309,65313&#8243; gutter_size=&#8220;2&#8243; media_items=&#8220;media|lightbox|original&#8220; screen_lg=&#8220;1000&#8243; screen_md=&#8220;600&#8243; screen_sm=&#8220;480&#8243; images_size=&#8220;four-three&#8220; single_overlay_opacity=&#8220;50&#8243; single_padding=&#8220;2&#8243; uncode_shortcode_id=&#8220;196794&#8243; items=&#8220;eyIxOTM5OV9pIjp7InNpbmdsZV93aWR0aCI6IjciLCJpbWFnZXNfc2l6ZSI6InRocmVlLXR3byJ9LCIxOTM5OF9pIjp7InNpbmdsZV93aWR0aCI6IjUiLCJpbWFnZXNfc2l6ZSI6InNpeHRlZW4tbmluZSJ9LCIyMTU3Ml9pIjp7ImltYWdlc19zaXplIjoiZm91ci10aHJlZSJ9LCIyMTEzOV9pIjp7ImltYWdlc19zaXplIjoidGhyZWUtdHdvIiwic2luZ2xlX3dpZHRoIjoiNSJ9LCIxOTQwMF9pIjp7ImltYWdlc19zaXplIjoiZm91ci10aHJlZSJ9LCIxMDIyNl9pIjp7InNpbmdsZV93aWR0aCI6IjciLCJpbWFnZXNfc2l6ZSI6InNpeHRlZW4tbmluZSJ9LCIxMDIzMl9pIjp7InNpbmdsZV93aWR0aCI6IjQiLCJpbWFnZXNfc2l6ZSI6ImZvdXItdGhyZWUifSwiMzYxNDRfaSI6eyJpbWFnZXNfc2l6ZSI6ImZvdXItdGhyZWUifSwiOTkzMl9pIjp7InNpbmdsZV93aWR0aCI6IjciLCJpbWFnZXNfc2l6ZSI6InNpeHRlZW4tbmluZSJ9LCI0NzE3OV9pIjp7InNpbmdsZV93aWR0aCI6IjciLCJpbWFnZXNfc2l6ZSI6InNpeHRlZW4tbmluZSJ9LCI0NzE5M19pIjp7InNpbmdsZV93aWR0aCI6IjciLCJpbWFnZXNfc2l6ZSI6IiJ9LCI0ODE5MF9pIjp7ImltYWdlc19zaXplIjoiZm91ci10aHJlZSJ9LCI0ODE5NF9pIjp7ImltYWdlc19zaXplIjoiZm91ci10aHJlZSJ9LCI0ODE5OF9pIjp7ImltYWdlc19zaXplIjoiZm91ci10aHJlZSJ9LCI0ODIwMl9pIjp7InNpbmdsZV93aWR0aCI6IjcifSwiNDgyMTBfaSI6eyJzaW5nbGVfd2lkdGgiOiI1IiwiaW1hZ2VzX3NpemUiOiJ0aHJlZS10d28ifX0=&#8220; el_class=&#8220;border-radius-5px&#8220;][\/vc_column][\/vc_row][vc_row][vc_column width=&#8220;1\/1&#8243;][vc_custom_heading text_color=&#8220;color-sea-blue&#8220; text_size=&#8220;fontsize-120373&#8243; uncode_shortcode_id=&#8220;162425&#8243; text_color_type=&#8220;uncode-palette&#8220; el_class=&#8220;mt-0&#8243;]Jahrmarkt und Volksfest von Almeria[\/vc_custom_heading][vc_column_text uncode_shortcode_id=&#8220;186490&#8243; css=&#8220;.vc_custom_1647947291196{margin-top: 10px !important;}&#8220; el_class=&#8220;separador-titulo-detalle&#8220;]<\/p>\n<hr \/>\n<p>[\/vc_column_text][vc_column_text uncode_shortcode_id=&#8220;191791&#8243;]Der Jahrmarkt und das Volksfest von Almeria finden ab Beginn zweiten Augusth\u00e4lfte zu Ehren der Schutzheiligen von Almeria, der Virgen del Mar (Jungfrau des Meeres) statt.<br \/>\nEs finden tagelang verschiedenartigste Veranstaltungen statt: sportliche Veranstaltungen, Stierkampf, das Fest zur Mittagszeit \u2013 la feria del mediod\u00eda (das jedes Jahr mehr Zulauf erf\u00e4hrt) mit Imbissst\u00e4nden im Stadtzentrum\u2026 Aber es werden auch Reitveranstaltungen und der Markt der volkst\u00fcmlichen T\u00f6pferwaren abgehalten.<\/p>\n<p>Der abendliche Jahrmarkt \u2013 la feria de la noche, mit seinen unz\u00e4hligen Festzelten, in denen Tanz und lebhaftes Treiben die Hauptdarsteller sind, wird auch sehr gut angenommen.[\/vc_column_text][vc_gallery el_id=&#8220;feria-fiestas-almeria&#8220; isotope_mode=&#8220;packery&#8220; medias=&#8220;65318,65322,65326&#8243; gutter_size=&#8220;2&#8243; media_items=&#8220;media|lightbox|original&#8220; screen_lg=&#8220;1000&#8243; screen_md=&#8220;600&#8243; screen_sm=&#8220;480&#8243; images_size=&#8220;four-three&#8220; single_overlay_opacity=&#8220;50&#8243; single_padding=&#8220;2&#8243; uncode_shortcode_id=&#8220;147214&#8243; items=&#8220;eyIxOTM5OV9pIjp7InNpbmdsZV93aWR0aCI6IjciLCJpbWFnZXNfc2l6ZSI6InRocmVlLXR3byJ9LCIxOTM5OF9pIjp7InNpbmdsZV93aWR0aCI6IjUiLCJpbWFnZXNfc2l6ZSI6InNpeHRlZW4tbmluZSJ9LCIyMTU3Ml9pIjp7ImltYWdlc19zaXplIjoiZm91ci10aHJlZSJ9LCIyMTEzOV9pIjp7ImltYWdlc19zaXplIjoidGhyZWUtdHdvIiwic2luZ2xlX3dpZHRoIjoiNSJ9LCIxOTQwMF9pIjp7ImltYWdlc19zaXplIjoiZm91ci10aHJlZSJ9LCIxMDIyNl9pIjp7InNpbmdsZV93aWR0aCI6IjciLCJpbWFnZXNfc2l6ZSI6InNpeHRlZW4tbmluZSJ9LCIxMDIzMl9pIjp7InNpbmdsZV93aWR0aCI6IjQiLCJpbWFnZXNfc2l6ZSI6ImZvdXItdGhyZWUifSwiMzYxNDRfaSI6eyJpbWFnZXNfc2l6ZSI6ImZvdXItdGhyZWUifSwiOTkzMl9pIjp7InNpbmdsZV93aWR0aCI6IjciLCJpbWFnZXNfc2l6ZSI6InNpeHRlZW4tbmluZSJ9LCI0NzE3OV9pIjp7InNpbmdsZV93aWR0aCI6IjciLCJpbWFnZXNfc2l6ZSI6InNpeHRlZW4tbmluZSJ9LCI0NzE5M19pIjp7InNpbmdsZV93aWR0aCI6IjciLCJpbWFnZXNfc2l6ZSI6IiJ9LCI0ODE5MF9pIjp7ImltYWdlc19zaXplIjoiZm91ci10aHJlZSJ9LCI0ODE5NF9pIjp7ImltYWdlc19zaXplIjoiZm91ci10aHJlZSJ9LCI0ODE5OF9pIjp7ImltYWdlc19zaXplIjoiZm91ci10aHJlZSJ9LCI0ODIwMl9pIjp7InNpbmdsZV93aWR0aCI6IjcifSwiNDgyMTBfaSI6eyJzaW5nbGVfd2lkdGgiOiI1IiwiaW1hZ2VzX3NpemUiOiJ0aHJlZS10d28ifX0=&#8220; el_class=&#8220;border-radius-5px&#8220;][\/vc_column][\/vc_row][vc_row][vc_column width=&#8220;1\/1&#8243;][vc_custom_heading text_color=&#8220;color-sea-blue&#8220; text_size=&#8220;fontsize-120373&#8243; uncode_shortcode_id=&#8220;118976&#8243; text_color_type=&#8220;uncode-palette&#8220; el_class=&#8220;mt-0&#8243;]Einheimische Traditionen[\/vc_custom_heading][vc_column_text uncode_shortcode_id=&#8220;186490&#8243; css=&#8220;.vc_custom_1647947291196{margin-top: 10px !important;}&#8220; el_class=&#8220;separador-titulo-detalle&#8220;]<\/p>\n<hr \/>\n<p>[\/vc_column_text][\/vc_column][\/vc_row][vc_row row_height_percent=&#8220;0&#8243; override_padding=&#8220;yes&#8220; h_padding=&#8220;2&#8243; top_padding=&#8220;0&#8243; bottom_padding=&#8220;2&#8243; overlay_alpha=&#8220;50&#8243; gutter_size=&#8220;3&#8243; column_width_percent=&#8220;100&#8243; shift_y=&#8220;0&#8243; z_index=&#8220;0&#8243; uncode_shortcode_id=&#8220;695628&#8243;][vc_column width=&#8220;1\/1&#8243;][vc_custom_heading text_color=&#8220;color-sea-blue&#8220; text_size=&#8220;h3&#8243; uncode_shortcode_id=&#8220;726329&#8243; text_color_type=&#8220;uncode-palette&#8220; el_class=&#8220;mt-0&#8243;]D\u00eda del Pend\u00f3n, d\u00eda de San Esteban.[\/vc_custom_heading][vc_column_text uncode_shortcode_id=&#8220;143088&#8243; el_class=&#8220;mt-10&#8243;]Am 26. Dezember wird in Almeria der \u201cDia del Pend\u00f3n\u201d, der Tag des Heiligen Esteban gefeiert.<\/p>\n<p>Der B\u00fcrgermeister von Almeria leitet den institutionellen Akt, mit dem die Gemeinde Almeria dem Heiligen Esteban huldigt. Mit diesem Tag wird an die Eroberung der Stadt durch die Katholischen K\u00f6nige und den Anschluss an die Kastilische Krone am 26. Dezember 1489 erinnert.<\/p>\n<p>Die Festlichkeiten weisen auf eine lange Tradition hin, die mit dem Abfeuern der vorgeschriebenen Salutsch\u00fcssen zu Ehren der Kirchenfahne beginnt, die die Ankunft des christlichen Heers in Almeria w\u00e4hrend des langen Prozesses der R\u00fcckeroberung darstellt, und die vom B\u00fcrgermeister drei Mal geschwungen wird, w\u00e4hrend man Spanien, Andalusien und die Katholischen K\u00f6nige und die Integration der D\u00f6rfer hochleben l\u00e4sst. Der Stadtrat, zivile und milit\u00e4rische Beh\u00f6rden und die zu dieser Veranstaltung geladenen G\u00e4ste versammeln sich an den Arkaden auf dem Plaza Vieja, um von dort aus die Vereidigung des j\u00fcngsten Stadtratsmitglieds durch den B\u00fcrgermeister mitzuerleben. Das Stadtratsmitglied ist auch f\u00fcr das Tragen der Fahne verantwortlich.<\/p>\n<p>Er wird drei Mal vereidigt w\u00e4hrend die Kirchenfahne vom Balkon herunter gelassen wird und die Musikkapelle die Nationalhymne spielt. Angef\u00fchrt vom B\u00fcrgermeister begibt sich der Zug zur Kathedrale, wo die traditionelle Danksagung stattfindet, ein kurzes Vorwort zur bevorstehenden Prozession, die anschlie\u00dfend wieder in der Kathedrale endet, wo der Bischof eine Heilige Messe abh\u00e4lt.[\/vc_column_text][\/vc_column][\/vc_row][vc_row row_height_percent=&#8220;0&#8243; override_padding=&#8220;yes&#8220; h_padding=&#8220;2&#8243; top_padding=&#8220;0&#8243; bottom_padding=&#8220;2&#8243; overlay_alpha=&#8220;50&#8243; gutter_size=&#8220;3&#8243; column_width_percent=&#8220;100&#8243; shift_y=&#8220;0&#8243; z_index=&#8220;0&#8243; uncode_shortcode_id=&#8220;159299&#8243;][vc_column width=&#8220;1\/1&#8243;][vc_custom_heading text_color=&#8220;color-sea-blue&#8220; text_size=&#8220;h3&#8243; uncode_shortcode_id=&#8220;935132&#8243; text_color_type=&#8220;uncode-palette&#8220; el_class=&#8220;mt-0&#8243;]Romer\u00eda a Torregarc\u00eda.[\/vc_custom_heading][vc_column_text uncode_shortcode_id=&#8220;190750&#8243; el_class=&#8220;mt-10&#8243;]An diesem Ort erschien im Jahr 1502 die Schutzheilige von Almeria, die Virgen del Mar (Jungfrau des Meeres), neben einem K\u00fcstenwachturm. Dort befindet sich eine kleine Kapelle, in der das Bildnis verehrt wird. Die Bev\u00f6lkerung begleitet das Bildnis von ihrer Kirche, der Basilika de la Virgen del Mar in der Altstadt bis zum Strand des Stadtviertels Retamar. Dort macht man gew\u00f6hnlich typische Gerichte wie Reis- und Kr\u00fcmelgerichte, man reitet aus, es finden Auftritte von Folkloregruppen statt und das Fest endet mit einer Messe, die von dem Bischof von Almeria gehalten wird.[\/vc_column_text][\/vc_column][\/vc_row][vc_row row_height_percent=&#8220;0&#8243; override_padding=&#8220;yes&#8220; h_padding=&#8220;2&#8243; top_padding=&#8220;0&#8243; bottom_padding=&#8220;2&#8243; overlay_alpha=&#8220;50&#8243; gutter_size=&#8220;3&#8243; column_width_percent=&#8220;100&#8243; shift_y=&#8220;0&#8243; z_index=&#8220;0&#8243; uncode_shortcode_id=&#8220;171834&#8243;][vc_column width=&#8220;1\/1&#8243;][vc_custom_heading text_color=&#8220;color-sea-blue&#8220; text_size=&#8220;h3&#8243; uncode_shortcode_id=&#8220;920951&#8243; text_color_type=&#8220;uncode-palette&#8220; el_class=&#8220;mt-0&#8243;]Die Virgen del Carmen.[\/vc_custom_heading][vc_column_text uncode_shortcode_id=&#8220;203011&#8243; el_class=&#8220;mt-10&#8243;]Am 16. Juli begeht das Stadtviertel Pescaderia den Tag seiner Schutzheiligen, der Patronin aller Fischer. Es findet eine Seeprozession statt bei der die Figur der Virgen del Carmen, die ihren Platz in der San Roque Kirche hat, auf ein Boot gebracht wird. Die Prozession beginnt am Fischereihafen von Almeria.[\/vc_column_text][\/vc_column][\/vc_row][vc_row][vc_column width=&#8220;1\/1&#8243;][vc_empty_space empty_h=&#8220;2&#8243;][\/vc_column][\/vc_row]<\/p>\n<\/div>","protected":false},"excerpt":{"rendered":"<p>[vc_row][vc_column width=&#8220;1\/1&#8243;][vc_custom_heading text_color=&#8220;color-sea-blue&#8220; text_size=&#8220;fontsize-120373&#8243; uncode_shortcode_id=&#8220;153397&#8243; text_color_type=&#8220;uncode-palette&#8220; el_class=&#8220;mt-0&#8243;]Fasching\/Karneval[\/vc_custom_heading][vc_column_text uncode_shortcode_id=&#8220;186490&#8243; css=&#8220;.vc_custom_1647947291196{margin-top: 10px !important;}&#8220; el_class=&#8220;separador-titulo-detalle&#8220;] [\/vc_column_text][vc_column_text uncode_shortcode_id=&#8220;369710&#8243;]In der Stadt Almeria steht der Karneval [&hellip;]<\/p>\n","protected":false},"author":1,"featured_media":0,"parent":0,"menu_order":0,"comment_status":"closed","ping_status":"closed","template":"","meta":{"_acf_changed":false,"footnotes":""},"class_list":["post-56543","page","type-page","status-publish","hentry"],"acf":[],"ACF":{"imagen_cabecera":false},"_links":{"self":[{"href":"https:\/\/www.turismodealmeria.org\/de\/wp-json\/wp\/v2\/pages\/56543","targetHints":{"allow":["GET"]}}],"collection":[{"href":"https:\/\/www.turismodealmeria.org\/de\/wp-json\/wp\/v2\/pages"}],"about":[{"href":"https:\/\/www.turismodealmeria.org\/de\/wp-json\/wp\/v2\/types\/page"}],"author":[{"embeddable":true,"href":"https:\/\/www.turismodealmeria.org\/de\/wp-json\/wp\/v2\/users\/1"}],"replies":[{"embeddable":true,"href":"https:\/\/www.turismodealmeria.org\/de\/wp-json\/wp\/v2\/comments?post=56543"}],"version-history":[{"count":0,"href":"https:\/\/www.turismodealmeria.org\/de\/wp-json\/wp\/v2\/pages\/56543\/revisions"}],"wp:attachment":[{"href":"https:\/\/www.turismodealmeria.org\/de\/wp-json\/wp\/v2\/media?parent=56543"}],"curies":[{"name":"wp","href":"https:\/\/api.w.org\/{rel}","templated":true}]}}