{"id":57533,"date":"2022-03-28T17:31:10","date_gmt":"2022-03-28T15:31:10","guid":{"rendered":"https:\/\/www.turismodealmeria.org\/turismo-cultural\/"},"modified":"2023-04-11T10:40:09","modified_gmt":"2023-04-11T08:40:09","slug":"kulturtourismus","status":"publish","type":"page","link":"https:\/\/www.turismodealmeria.org\/de\/kulturtourismus\/","title":{"rendered":"Kulturtourismus"},"content":{"rendered":"<div class=\"wpb-content-wrapper\"><p>[vc_row][vc_column column_width_percent=&#8220;100&#8243; gutter_size=&#8220;2&#8243; overlay_alpha=&#8220;50&#8243; shift_x=&#8220;0&#8243; shift_y=&#8220;0&#8243; shift_y_down=&#8220;0&#8243; z_index=&#8220;0&#8243; medium_width=&#8220;0&#8243; mobile_width=&#8220;0&#8243; width=&#8220;1\/1&#8243; uncode_shortcode_id=&#8220;675924&#8243;][vc_custom_heading text_color=&#8220;color-sea-blue&#8220; text_size=&#8220;fontsize-35&#8243; text_weight=&#8220;600&#8243; text_transform=&#8220;uppercase&#8220; uncode_shortcode_id=&#8220;139466&#8243; text_color_type=&#8220;uncode-palette&#8220;]Eine Erbe tausendj\u00e4hrigen[\/vc_custom_heading][vc_separator sep_color=&#8220;color-amber&#8220; uncode_shortcode_id=&#8220;914759&#8243; el_class=&#8220;playas-forma-segura&#8220; sep_color_type=&#8220;uncode-palette&#8220; el_width=&#8220;200px&#8220; el_height=&#8220;8px&#8220;][\/vc_column][\/vc_row][vc_row][vc_column column_width_percent=&#8220;100&#8243; gutter_size=&#8220;3&#8243; overlay_alpha=&#8220;50&#8243; shift_x=&#8220;0&#8243; shift_y=&#8220;0&#8243; shift_y_down=&#8220;0&#8243; z_index=&#8220;0&#8243; medium_width=&#8220;0&#8243; mobile_width=&#8220;0&#8243; width=&#8220;1\/1&#8243; uncode_shortcode_id=&#8220;352001&#8243;][vc_custom_heading text_color=&#8220;color-deep-teal&#8220; text_size=&#8220;h3&#8243; text_weight=&#8220;600&#8243; text_transform=&#8220;uppercase&#8220; uncode_shortcode_id=&#8220;814003&#8243; text_color_type=&#8220;uncode-palette&#8220;]Sehensw\u00fcrdigkeiten[\/vc_custom_heading][uncode_index el_id=&#8220;lugares-interes&#8220; index_type=&#8220;carousel&#8220; loop=&#8220;size:All|order_by:rand|post_type:lugar|tax_query:1277|taxonomy_count:10&#8243; carousel_lg=&#8220;4&#8243; carousel_md=&#8220;3&#8243; carousel_sm=&#8220;1&#8243; thumb_size=&#8220;three-two&#8220; gutter_size=&#8220;2&#8243; restauracion_items=&#8220;media|featured|onpost|original,title,direccion,telefono&#8220; playas_items=&#8220;media|featured|onpost|original,title,sep-one|full,text|full|280&#8243; punto-interes_items=&#8220;media|featured|onpost|original,title&#8220; lugar_items=&#8220;media|featured|onpost|original,title&#8220; carousel_interval=&#8220;3000&#8243; carousel_navspeed=&#8220;400&#8243; carousel_nav=&#8220;yes&#8220; stage_padding=&#8220;0&#8243; single_overlay_opacity=&#8220;50&#8243; single_padding=&#8220;1&#8243; single_title_dimension=&#8220;fontsize-20&#8243; single_title_weight=&#8220;600&#8243; uncode_shortcode_id=&#8220;152545&#8243; el_class=&#8220;turismo-urbano-restaurantes border-radius-5px text-color-deep-teal-color&#8220;][vc_button custom_typo=&#8220;yes&#8220; font_family=&#8220;font-555555&#8243; font_weight=&#8220;600&#8243; border_width=&#8220;0&#8243; uncode_shortcode_id=&#8220;125033&#8243; el_class=&#8220;btn-urbano text-color-deep-teal-color&#8220; link=&#8220;url:https%3A%2F%2Fwww.turismodealmeria.org%2Fde%2Fsehenswuerdigkeiten%2F&#8220;]ALLES SEHEN[\/vc_button][\/vc_column][\/vc_row][vc_row][vc_column column_width_percent=&#8220;100&#8243; gutter_size=&#8220;3&#8243; overlay_alpha=&#8220;50&#8243; shift_x=&#8220;0&#8243; shift_y=&#8220;0&#8243; shift_y_down=&#8220;0&#8243; z_index=&#8220;0&#8243; medium_width=&#8220;0&#8243; mobile_width=&#8220;0&#8243; width=&#8220;1\/1&#8243; uncode_shortcode_id=&#8220;352001&#8243;][vc_custom_heading text_color=&#8220;color-deep-teal&#8220; text_size=&#8220;h3&#8243; text_weight=&#8220;600&#8243; text_transform=&#8220;uppercase&#8220; uncode_shortcode_id=&#8220;189131&#8243; text_color_type=&#8220;uncode-palette&#8220;]Nonnenkloster, Kirchen und Heiligt\u00fcmer[\/vc_custom_heading][uncode_index el_id=&#8220;almeria-religiosa&#8220; index_type=&#8220;carousel&#8220; loop=&#8220;size:All|order_by:date|post_type:punto-interes|taxonomy_count:10&#8243; carousel_lg=&#8220;4&#8243; carousel_md=&#8220;3&#8243; carousel_sm=&#8220;1&#8243; thumb_size=&#8220;three-two&#8220; gutter_size=&#8220;2&#8243; restauracion_items=&#8220;media|featured|onpost|original,title,direccion,telefono&#8220; playas_items=&#8220;media|featured|onpost|original,title,sep-one|full,text|full|280&#8243; punto-interes_items=&#8220;media|featured|onpost|original,title&#8220; carousel_interval=&#8220;3000&#8243; carousel_navspeed=&#8220;400&#8243; carousel_nav=&#8220;yes&#8220; stage_padding=&#8220;0&#8243; single_overlay_opacity=&#8220;50&#8243; single_padding=&#8220;1&#8243; single_title_dimension=&#8220;fontsize-20&#8243; single_title_weight=&#8220;600&#8243; uncode_shortcode_id=&#8220;138077&#8243; el_class=&#8220;turismo-urbano-restaurantes border-radius-5px text-color-deep-teal-color&#8220;][\/vc_column][\/vc_row][vc_row][vc_column column_width_percent=&#8220;100&#8243; gutter_size=&#8220;3&#8243; overlay_alpha=&#8220;50&#8243; shift_x=&#8220;0&#8243; shift_y=&#8220;0&#8243; shift_y_down=&#8220;0&#8243; z_index=&#8220;0&#8243; medium_width=&#8220;0&#8243; mobile_width=&#8220;0&#8243; width=&#8220;1\/1&#8243; uncode_shortcode_id=&#8220;136020&#8243;][vc_custom_heading text_color=&#8220;color-deep-teal&#8220; text_size=&#8220;h3&#8243; text_weight=&#8220;600&#8243; text_transform=&#8220;uppercase&#8220; uncode_shortcode_id=&#8220;840428&#8243; text_color_type=&#8220;uncode-palette&#8220;]Museen und Ausstellungszentren[\/vc_custom_heading][\/vc_column][\/vc_row][vc_row row_height_percent=&#8220;0&#8243; override_padding=&#8220;yes&#8220; h_padding=&#8220;2&#8243; top_padding=&#8220;0&#8243; bottom_padding=&#8220;0&#8243; overlay_alpha=&#8220;50&#8243; gutter_size=&#8220;2&#8243; column_width_percent=&#8220;100&#8243; shift_y=&#8220;0&#8243; z_index=&#8220;0&#8243; uncode_shortcode_id=&#8220;157416&#8243; el_class=&#8220;border-radius-5px&#8220;][vc_column column_width_percent=&#8220;100&#8243; gutter_size=&#8220;2&#8243; overlay_alpha=&#8220;50&#8243; shift_x=&#8220;0&#8243; shift_y=&#8220;0&#8243; shift_y_down=&#8220;0&#8243; z_index=&#8220;0&#8243; medium_width=&#8220;0&#8243; mobile_width=&#8220;0&#8243; width=&#8220;1\/4&#8243; uncode_shortcode_id=&#8220;949574&#8243;][vc_single_image media=&#8220;17257&#8243; media_width_percent=&#8220;100&#8243; media_ratio=&#8220;three-two&#8220; uncode_shortcode_id=&#8220;927810&#8243;][vc_custom_heading heading_semantic=&#8220;p&#8220; text_size=&#8220;fontsize-20&#8243; uncode_shortcode_id=&#8220;799681&#8243; el_class=&#8220;text-color-deep-teal-color&#8220;]<a href=\"https:\/\/www.turismodealmeria.org\/museos\/de\/museo\/der-luftschutzkeller-des-spanischen-buergerkriegs\/\" target=\"_blank\" rel=\"noopener\">Der Luftschutzkeller des spanischen B\u00fcrgerkriegs<\/a>[\/vc_custom_heading][\/vc_column][vc_column column_width_percent=&#8220;100&#8243; gutter_size=&#8220;2&#8243; overlay_alpha=&#8220;50&#8243; shift_x=&#8220;0&#8243; shift_y=&#8220;0&#8243; shift_y_down=&#8220;0&#8243; z_index=&#8220;0&#8243; medium_width=&#8220;0&#8243; mobile_width=&#8220;0&#8243; width=&#8220;1\/4&#8243; uncode_shortcode_id=&#8220;250395&#8243;][vc_single_image media=&#8220;21607&#8243; media_width_percent=&#8220;100&#8243; media_ratio=&#8220;three-two&#8220; uncode_shortcode_id=&#8220;208979&#8243;][vc_custom_heading heading_semantic=&#8220;p&#8220; text_size=&#8220;fontsize-20&#8243; uncode_shortcode_id=&#8220;527405&#8243; el_class=&#8220;text-color-deep-teal-color&#8220;]<a href=\"https:\/\/www.turismodealmeria.org\/museos\/de\/museo\/kunstzentrum-museum-von-almeria\/\" target=\"_blank\" rel=\"noopener\">Kunstzentrum Museum von Almeria<\/a>[\/vc_custom_heading][\/vc_column][vc_column column_width_percent=&#8220;100&#8243; gutter_size=&#8220;2&#8243; overlay_alpha=&#8220;50&#8243; shift_x=&#8220;0&#8243; shift_y=&#8220;0&#8243; shift_y_down=&#8220;0&#8243; z_index=&#8220;0&#8243; medium_width=&#8220;0&#8243; mobile_width=&#8220;0&#8243; width=&#8220;1\/4&#8243; uncode_shortcode_id=&#8220;132215&#8243;][vc_single_image media=&#8220;18198&#8243; media_width_percent=&#8220;100&#8243; media_ratio=&#8220;three-two&#8220; uncode_shortcode_id=&#8220;633852&#8243;][vc_custom_heading heading_semantic=&#8220;p&#8220; text_size=&#8220;fontsize-20&#8243; uncode_shortcode_id=&#8220;531093&#8243; el_class=&#8220;text-color-deep-teal-color&#8220;]<a href=\"https:\/\/www.turismodealmeria.org\/museos\/de\/museo\/kunstmuseum-dona-pakyta\/\" target=\"_blank\" rel=\"noopener\">Kunstzentrum Do\u00f1a Pakyta<\/a>[\/vc_custom_heading][\/vc_column][vc_column column_width_percent=&#8220;100&#8243; gutter_size=&#8220;2&#8243; overlay_alpha=&#8220;50&#8243; shift_x=&#8220;0&#8243; shift_y=&#8220;0&#8243; shift_y_down=&#8220;0&#8243; z_index=&#8220;0&#8243; medium_width=&#8220;0&#8243; mobile_width=&#8220;0&#8243; width=&#8220;1\/4&#8243; uncode_shortcode_id=&#8220;181602&#8243;][vc_single_image media=&#8220;65421&#8243; media_width_percent=&#8220;100&#8243; media_ratio=&#8220;three-two&#8220; uncode_shortcode_id=&#8220;917741&#8243;][vc_custom_heading heading_semantic=&#8220;p&#8220; text_size=&#8220;fontsize-20&#8243; uncode_shortcode_id=&#8220;184895&#8243; el_class=&#8220;text-color-deep-teal-color&#8220;]<a href=\"https:\/\/www.turismodealmeria.org\/museos\/de\/museo\/das-haus-des-dichters-jose-angel-valente\/\" target=\"_blank\" rel=\"noopener\">Das Haus des Dichters Jose Angel Valente<\/a>[\/vc_custom_heading][\/vc_column][\/vc_row][vc_row row_height_percent=&#8220;0&#8243; override_padding=&#8220;yes&#8220; h_padding=&#8220;2&#8243; top_padding=&#8220;2&#8243; bottom_padding=&#8220;0&#8243; overlay_alpha=&#8220;50&#8243; gutter_size=&#8220;2&#8243; column_width_percent=&#8220;100&#8243; shift_y=&#8220;0&#8243; z_index=&#8220;0&#8243; uncode_shortcode_id=&#8220;189514&#8243; el_class=&#8220;border-radius-5px&#8220;][vc_column column_width_percent=&#8220;100&#8243; gutter_size=&#8220;2&#8243; overlay_alpha=&#8220;50&#8243; shift_x=&#8220;0&#8243; shift_y=&#8220;0&#8243; shift_y_down=&#8220;0&#8243; z_index=&#8220;0&#8243; medium_width=&#8220;0&#8243; mobile_width=&#8220;0&#8243; width=&#8220;1\/4&#8243; uncode_shortcode_id=&#8220;949574&#8243;][vc_single_image media=&#8220;43509&#8243; media_width_percent=&#8220;100&#8243; media_ratio=&#8220;three-two&#8220; uncode_shortcode_id=&#8220;692769&#8243;][vc_custom_heading heading_semantic=&#8220;p&#8220; text_size=&#8220;fontsize-20&#8243; uncode_shortcode_id=&#8220;472566&#8243; el_class=&#8220;text-color-deep-teal-color&#8220;]<a href=\"https:\/\/www.turismodealmeria.org\/museos\/de\/museo\/das-haus-des-kinos\/\" target=\"_blank\" rel=\"noopener\">Das Haus des Kinos<\/a>[\/vc_custom_heading][\/vc_column][vc_column column_width_percent=&#8220;100&#8243; gutter_size=&#8220;2&#8243; overlay_alpha=&#8220;50&#8243; shift_x=&#8220;0&#8243; shift_y=&#8220;0&#8243; shift_y_down=&#8220;0&#8243; z_index=&#8220;0&#8243; medium_width=&#8220;0&#8243; mobile_width=&#8220;0&#8243; width=&#8220;1\/4&#8243; uncode_shortcode_id=&#8220;250395&#8243;][vc_single_image media=&#8220;60836&#8243; media_width_percent=&#8220;100&#8243; media_ratio=&#8220;three-two&#8220; uncode_shortcode_id=&#8220;109536&#8243;][vc_custom_heading heading_semantic=&#8220;p&#8220; text_size=&#8220;fontsize-20&#8243; uncode_shortcode_id=&#8220;571400&#8243; el_class=&#8220;text-color-deep-teal-color&#8220;]<a href=\"https:\/\/www.turismodealmeria.org\/museos\/de\/museo\/interpretationszentrum-des-kulturellen-erbes\/\" target=\"_blank\" rel=\"noopener\">Interpretationszentrum des kulturellen Erbes<\/a>[\/vc_custom_heading][\/vc_column][vc_column column_width_percent=&#8220;100&#8243; gutter_size=&#8220;2&#8243; overlay_alpha=&#8220;50&#8243; shift_x=&#8220;0&#8243; shift_y=&#8220;0&#8243; shift_y_down=&#8220;0&#8243; z_index=&#8220;0&#8243; medium_width=&#8220;0&#8243; mobile_width=&#8220;0&#8243; width=&#8220;1\/4&#8243; uncode_shortcode_id=&#8220;132215&#8243;][vc_single_image media=&#8220;61716&#8243; media_width_percent=&#8220;100&#8243; media_ratio=&#8220;three-two&#8220; uncode_shortcode_id=&#8220;948382&#8243;][vc_custom_heading heading_semantic=&#8220;p&#8220; text_size=&#8220;fontsize-20&#8243; uncode_shortcode_id=&#8220;205744&#8243; el_class=&#8220;text-color-deep-teal-color&#8220;]<a href=\"https:\/\/www.turismodealmeria.org\/museos\/de\/museo\/gitarrenmuseum-antonio-de-torres\/\" target=\"_blank\" rel=\"noopener\">Gitarrenmuseum &#8222;Antonio de Torres&#8220;<\/a>[\/vc_custom_heading][\/vc_column][vc_column column_width_percent=&#8220;100&#8243; gutter_size=&#8220;2&#8243; overlay_alpha=&#8220;50&#8243; shift_x=&#8220;0&#8243; shift_y=&#8220;0&#8243; shift_y_down=&#8220;0&#8243; z_index=&#8220;0&#8243; medium_width=&#8220;0&#8243; mobile_width=&#8220;0&#8243; width=&#8220;1\/4&#8243; uncode_shortcode_id=&#8220;181602&#8243;][vc_single_image media=&#8220;40971&#8243; media_width_percent=&#8220;100&#8243; media_ratio=&#8220;three-two&#8220; uncode_shortcode_id=&#8220;194937&#8243;][vc_custom_heading heading_semantic=&#8220;p&#8220; text_size=&#8220;fontsize-20&#8243; uncode_shortcode_id=&#8220;933563&#8243; el_class=&#8220;text-color-deep-teal-color&#8220;]<a href=\"https:\/\/www.turismodealmeria.org\/museos\/de\/museo\/arabische-zisternen\/\" target=\"_blank\" rel=\"noopener\">Arabische Zisternen<\/a>[\/vc_custom_heading][\/vc_column][\/vc_row][vc_row][vc_column column_width_percent=&#8220;100&#8243; gutter_size=&#8220;3&#8243; overlay_alpha=&#8220;50&#8243; shift_x=&#8220;0&#8243; shift_y=&#8220;0&#8243; shift_y_down=&#8220;0&#8243; z_index=&#8220;0&#8243; medium_width=&#8220;0&#8243; mobile_width=&#8220;0&#8243; width=&#8220;1\/1&#8243; uncode_shortcode_id=&#8220;136020&#8243;][vc_custom_heading text_color=&#8220;color-deep-teal&#8220; text_size=&#8220;h3&#8243; text_weight=&#8220;600&#8243; text_transform=&#8220;uppercase&#8220; uncode_shortcode_id=&#8220;165028&#8243; text_color_type=&#8220;uncode-palette&#8220;]Andere Museen[\/vc_custom_heading][\/vc_column][\/vc_row][vc_row row_height_percent=&#8220;0&#8243; override_padding=&#8220;yes&#8220; h_padding=&#8220;2&#8243; top_padding=&#8220;0&#8243; bottom_padding=&#8220;0&#8243; overlay_alpha=&#8220;50&#8243; gutter_size=&#8220;2&#8243; column_width_percent=&#8220;100&#8243; shift_y=&#8220;0&#8243; z_index=&#8220;0&#8243; uncode_shortcode_id=&#8220;157416&#8243; el_class=&#8220;border-radius-5px&#8220;][vc_column column_width_percent=&#8220;100&#8243; gutter_size=&#8220;2&#8243; overlay_alpha=&#8220;50&#8243; shift_x=&#8220;0&#8243; shift_y=&#8220;0&#8243; shift_y_down=&#8220;0&#8243; z_index=&#8220;0&#8243; medium_width=&#8220;0&#8243; mobile_width=&#8220;0&#8243; width=&#8220;1\/4&#8243; uncode_shortcode_id=&#8220;949574&#8243;][vc_single_image media=&#8220;56029&#8243; media_width_percent=&#8220;100&#8243; media_ratio=&#8220;three-two&#8220; uncode_shortcode_id=&#8220;101785&#8243;][vc_custom_heading heading_semantic=&#8220;p&#8220; text_size=&#8220;fontsize-20&#8243; uncode_shortcode_id=&#8220;106339&#8243; el_class=&#8220;text-color-deep-teal-color&#8220;]<a href=\"https:\/\/www.turismodealmeria.org\/museos\/de\/museo\/archaeologische-ausgrabungsstaette-puerta-de-almeria\/\" target=\"_blank\" rel=\"noopener\">Arch\u00e4ologische Ausgrabungsst\u00e4tte Puerta de Almer\u00eda<\/a>[\/vc_custom_heading][\/vc_column][vc_column column_width_percent=&#8220;100&#8243; gutter_size=&#8220;2&#8243; overlay_alpha=&#8220;50&#8243; shift_x=&#8220;0&#8243; shift_y=&#8220;0&#8243; shift_y_down=&#8220;0&#8243; z_index=&#8220;0&#8243; medium_width=&#8220;0&#8243; mobile_width=&#8220;0&#8243; width=&#8220;1\/4&#8243; uncode_shortcode_id=&#8220;250395&#8243;][vc_single_image media=&#8220;56033&#8243; media_width_percent=&#8220;100&#8243; media_ratio=&#8220;three-two&#8220; uncode_shortcode_id=&#8220;155555&#8243;][vc_custom_heading heading_semantic=&#8220;p&#8220; text_size=&#8220;fontsize-20&#8243; uncode_shortcode_id=&#8220;292323&#8243; el_class=&#8220;text-color-deep-teal-color&#8220;]<a href=\"https:\/\/www.turismodealmeria.org\/museos\/de\/museo\/andalusisches-zentrum-fuer-fotografie-c-a-f\/\" target=\"_blank\" rel=\"noopener\">Andalusisches Zentrum f\u00fcr Fotografie (C.A.F.)<\/a>[\/vc_custom_heading][\/vc_column][vc_column column_width_percent=&#8220;100&#8243; gutter_size=&#8220;2&#8243; overlay_alpha=&#8220;50&#8243; shift_x=&#8220;0&#8243; shift_y=&#8220;0&#8243; shift_y_down=&#8220;0&#8243; z_index=&#8220;0&#8243; medium_width=&#8220;0&#8243; mobile_width=&#8220;0&#8243; width=&#8220;1\/4&#8243; uncode_shortcode_id=&#8220;132215&#8243;][vc_single_image media=&#8220;65439&#8243; media_width_percent=&#8220;100&#8243; media_ratio=&#8220;three-two&#8220; uncode_shortcode_id=&#8220;103167&#8243;][vc_custom_heading heading_semantic=&#8220;p&#8220; text_size=&#8220;fontsize-20&#8243; uncode_shortcode_id=&#8220;522796&#8243; el_class=&#8220;text-color-deep-teal-color&#8220;]<a href=\"https:\/\/www.turismodealmeria.org\/museos\/de\/museo\/archaeologisches-museum\/\" target=\"_blank\" rel=\"noopener\">Arch\u00e4ologisches Museum<\/a>[\/vc_custom_heading][\/vc_column][vc_column column_width_percent=&#8220;100&#8243; gutter_size=&#8220;2&#8243; overlay_alpha=&#8220;50&#8243; shift_x=&#8220;0&#8243; shift_y=&#8220;0&#8243; shift_y_down=&#8220;0&#8243; z_index=&#8220;0&#8243; medium_width=&#8220;0&#8243; mobile_width=&#8220;0&#8243; width=&#8220;1\/4&#8243; uncode_shortcode_id=&#8220;181602&#8243;][\/vc_column][\/vc_row][vc_row row_height_percent=&#8220;0&#8243; override_padding=&#8220;yes&#8220; h_padding=&#8220;2&#8243; top_padding=&#8220;2&#8243; bottom_padding=&#8220;3&#8243; overlay_alpha=&#8220;50&#8243; gutter_size=&#8220;3&#8243; column_width_percent=&#8220;100&#8243; shift_y=&#8220;0&#8243; z_index=&#8220;0&#8243; uncode_shortcode_id=&#8220;951267&#8243;][vc_column width=&#8220;1\/1&#8243;][vc_custom_heading text_color=&#8220;color-deep-teal&#8220; text_size=&#8220;h3&#8243; text_weight=&#8220;600&#8243; uncode_shortcode_id=&#8220;111295&#8243; text_color_type=&#8220;uncode-palette&#8220;]Aktivit\u00e4ten[\/vc_custom_heading][uncode_index el_id=&#8220;experiencias-urbano&#8220; index_type=&#8220;carousel&#8220; loop=&#8220;size:10|order_by:date|post_type:experiencia|tax_query:1362|taxonomy_count:10&#8243; carousel_lg=&#8220;4&#8243; carousel_md=&#8220;3&#8243; carousel_sm=&#8220;1&#8243; thumb_size=&#8220;five-four&#8220; gutter_size=&#8220;2&#8243; page_items=&#8220;media|featured|onpost|original,title,sep-one|full&#8220; experiencia_items=&#8220;media|featured|onpost|original,title,sep-one|full&#8220; carousel_interval=&#8220;3000&#8243; carousel_navspeed=&#8220;400&#8243; carousel_nav=&#8220;yes&#8220; stage_padding=&#8220;0&#8243; single_overlay_opacity=&#8220;50&#8243; single_h_align=&#8220;center&#8220; single_padding=&#8220;1&#8243; single_title_dimension=&#8220;fontsize-20&#8243; single_title_weight=&#8220;600&#8243; uncode_shortcode_id=&#8220;183479&#8243; el_class=&#8220;text-color-deep-teal-color listado-playas-tu-experiencia border-radius-5px&#8220;][\/vc_column][\/vc_row][vc_row][vc_column width=&#8220;1\/1&#8243;][vc_empty_space empty_h=&#8220;2&#8243;][\/vc_column][\/vc_row]<\/p>\n<\/div>","protected":false},"excerpt":{"rendered":"<p>[vc_row][vc_column column_width_percent=&#8220;100&#8243; gutter_size=&#8220;2&#8243; overlay_alpha=&#8220;50&#8243; shift_x=&#8220;0&#8243; shift_y=&#8220;0&#8243; shift_y_down=&#8220;0&#8243; z_index=&#8220;0&#8243; medium_width=&#8220;0&#8243; mobile_width=&#8220;0&#8243; width=&#8220;1\/1&#8243; uncode_shortcode_id=&#8220;675924&#8243;][vc_custom_heading text_color=&#8220;color-sea-blue&#8220; text_size=&#8220;fontsize-35&#8243; text_weight=&#8220;600&#8243; text_transform=&#8220;uppercase&#8220; uncode_shortcode_id=&#8220;139466&#8243; text_color_type=&#8220;uncode-palette&#8220;]Eine Erbe tausendj\u00e4hrigen[\/vc_custom_heading][vc_separator [&hellip;]<\/p>\n","protected":false},"author":1,"featured_media":47559,"parent":0,"menu_order":0,"comment_status":"closed","ping_status":"closed","template":"","meta":{"_acf_changed":false,"footnotes":""},"class_list":["post-57533","page","type-page","status-publish","has-post-thumbnail","hentry"],"acf":[],"ACF":{"imagen_cabecera":false},"_links":{"self":[{"href":"https:\/\/www.turismodealmeria.org\/de\/wp-json\/wp\/v2\/pages\/57533","targetHints":{"allow":["GET"]}}],"collection":[{"href":"https:\/\/www.turismodealmeria.org\/de\/wp-json\/wp\/v2\/pages"}],"about":[{"href":"https:\/\/www.turismodealmeria.org\/de\/wp-json\/wp\/v2\/types\/page"}],"author":[{"embeddable":true,"href":"https:\/\/www.turismodealmeria.org\/de\/wp-json\/wp\/v2\/users\/1"}],"replies":[{"embeddable":true,"href":"https:\/\/www.turismodealmeria.org\/de\/wp-json\/wp\/v2\/comments?post=57533"}],"version-history":[{"count":0,"href":"https:\/\/www.turismodealmeria.org\/de\/wp-json\/wp\/v2\/pages\/57533\/revisions"}],"wp:featuredmedia":[{"embeddable":true,"href":"https:\/\/www.turismodealmeria.org\/de\/wp-json\/wp\/v2\/media\/47559"}],"wp:attachment":[{"href":"https:\/\/www.turismodealmeria.org\/de\/wp-json\/wp\/v2\/media?parent=57533"}],"curies":[{"name":"wp","href":"https:\/\/api.w.org\/{rel}","templated":true}]}}