{"id":55372,"date":"2022-03-31T09:22:51","date_gmt":"2022-03-31T07:22:51","guid":{"rendered":"https:\/\/www.turismodealmeria.org\/historia-almeria\/conquista-cristiana\/"},"modified":"2022-05-11T09:28:20","modified_gmt":"2022-05-11T07:28:20","slug":"conquete-chretienne","status":"publish","type":"historia-almeria","link":"https:\/\/www.turismodealmeria.org\/fr\/historia-almeria\/conquete-chretienne\/","title":{"rendered":"Conqu\u00eate Chr\u00e9tienne"},"content":{"rendered":"<p><strong>Apr\u00e8s la prise de la ville par les Rois Catholiques, le 26 d\u00e9cembre 1489, Almeria v\u00e9cut des si\u00e8cles de pauvret\u00e9<\/strong>. Le XVI\u00e8me si\u00e8cle est le si\u00e8cle qui marque le recul et l\u2019abandonnement de la ville et de la province, pour plusieurs raisons : en premier lieu,\u00a0<strong>Almeria se trouvait \u00e0 l\u2019\u00e9cart des routes commerciales avec l\u2019Am\u00e9rique et ne put pas participer au partage des richesses provenant du nouveau continent<\/strong>\u00a0et de l\u2019activit\u00e9 annexe. D\u2019autre part, il y eut \u00e0 cette \u00e9poque de cent ans de nombreux tremblements de terre, des attaques de pirates berb\u00e8res et turcs comme Barbe-rouge (au si\u00e8cle suivant, ce furent les d\u00e9g\u00e2ts caus\u00e9s par la marine anglaise). Les premiers r\u00e9duisirent la population et les derniers les effray\u00e8rent et les pouss\u00e8rent \u00e0 se d\u00e9placer vers l\u2019int\u00e9rieur.<\/p>\n<p><strong>Le s\u00e9isme de 1522 fut particuli\u00e8rement d\u00e9vastateur et d\u00e9truisit pratiquement toute la ville, qui ne garda plus que 700 habitants<\/strong>, rassembl\u00e9s autour de la Cath\u00e9drale nouvellement construite.<\/p>\n<p><strong>La Cath\u00e9drale d\u2019Almeria est un grand exemple de b\u00e2timent d\u00e9fensif de l\u2019\u00e9poque<\/strong>. Le premier temple-cath\u00e9drale fut b\u00e2ti en 1496 sous les ordres du cardinal archev\u00eaque de Toledo, Pedro Gonz\u00e1lez de Mendoza, sur l\u2019ancienne mosqu\u00e9e.<\/p>\n<p>Le tremblement de terre de 1522 la d\u00e9truisit compl\u00e8tement et ce fut alors que Fray Diego Fern\u00e1ndez de Villal\u00e1n, \u00c9v\u00eaque d\u2019Almeria, fit construire l\u2019actuelle sous le patronage de Notre Dame de l\u2019Incarnation.<\/p>\n<p>Son aspect ext\u00e9rieur lui conf\u00e8re une apparence clairement militaire ; en effet,\u00a0<strong>il s\u2019agit d\u2019une des seules cath\u00e9drales-forteresse de sa classe en Espagne<\/strong>\u00a0: contreforts solides, tours flanquantes, murs \u00e9pais, peu de vitraux\u2026 Les trois nouvelles ont la m\u00eame hauteur ce qui permit de disposer d\u2019une ample terrasse sur laquelle il \u00e9tait facile d\u2019installer des canons et d\u2019exercer la surveillance militaire, l\u2019unique embellissement sont deux portails aust\u00e8res du style de la Renaissance de Juan de Orea, et sur le mur qui donne sur la rue du Cubo, le\u00a0<strong>Soleil de Portocarrero<\/strong>\u00a0(l\u2019autre symbole de la ville qui, quoiqu\u2019attribu\u00e9 comme r\u00e9f\u00e9rence \u00e0 l\u2019\u00c9v\u00eaque Portocarrero, du XVII\u00e8me si\u00e8cle, \u00e9tait d\u00e9j\u00e0 sculpt\u00e9 depuis le d\u00e9but de la cath\u00e9drale) Nonobstant, les voutes et la sacristie sont splendides, gothiques les unes et de la Renaissance l\u2019autre. Le temple abrite des \u0153uvres d\u2019Alonso Cano, Murillo et Ribera et un San Indalecio de Salzillo. Le sanctoral d\u2019Almeria est riche en l\u00e9gendes. Le susmentionn\u00e9 San Indalecio est le patron de la ville et ses restes sont revenus \u00e0 Almeria apr\u00e8s si\u00e8cles pass\u00e9s dans l\u2019abbaye de San Juan de la Pe\u00f1a, \u00e0 Huesca. San Indalecio fut un des sept Ap\u00f4tres, \u00e9vang\u00e9lisateurs de l\u2019Andalousie, qui selon de vieilles l\u00e9gendes recueillies dans les textes mozarabes, accompagn\u00e8rent Saint Jacques le Grand pour r\u00e9aliser l\u2019\u00e9vang\u00e9lisation du sud de Espagne au Ier si\u00e8cle de notre \u00e8re.<\/p>\n","protected":false},"excerpt":{"rendered":"<p>Apr\u00e8s la prise de la ville par les Rois Catholiques, le 26 d\u00e9cembre 1489, Almeria v\u00e9cut des si\u00e8cles de pauvret\u00e9. [&hellip;]<\/p>\n","protected":false},"featured_media":29273,"template":"","meta":{"_acf_changed":false},"class_list":["post-55372","historia-almeria","type-historia-almeria","status-publish","has-post-thumbnail","hentry"],"acf":[],"ACF":{"ubicacion_mapa":false},"_links":{"self":[{"href":"https:\/\/www.turismodealmeria.org\/fr\/wp-json\/wp\/v2\/historia-almeria\/55372","targetHints":{"allow":["GET"]}}],"collection":[{"href":"https:\/\/www.turismodealmeria.org\/fr\/wp-json\/wp\/v2\/historia-almeria"}],"about":[{"href":"https:\/\/www.turismodealmeria.org\/fr\/wp-json\/wp\/v2\/types\/historia-almeria"}],"wp:featuredmedia":[{"embeddable":true,"href":"https:\/\/www.turismodealmeria.org\/fr\/wp-json\/wp\/v2\/media\/29273"}],"wp:attachment":[{"href":"https:\/\/www.turismodealmeria.org\/fr\/wp-json\/wp\/v2\/media?parent=55372"}],"curies":[{"name":"wp","href":"https:\/\/api.w.org\/{rel}","templated":true}]}}