{"id":49762,"date":"2015-12-17T00:17:36","date_gmt":"2015-12-17T00:17:36","guid":{"rendered":"https:\/\/www.turismodealmeria.org\/lugar\/monumento-a-los-martires-de-la-libertad\/"},"modified":"2022-05-23T09:10:56","modified_gmt":"2022-05-23T07:10:56","slug":"monumento-a-los-martires-de-la-libertad","status":"publish","type":"lugar","link":"https:\/\/www.turismodealmeria.org\/fr\/lugar\/monumento-a-los-martires-de-la-libertad\/","title":{"rendered":"Monument aux martyrs de la libert\u00e9"},"content":{"rendered":"<div class=\"entry\">\n<p><strong>L\u2019Exp\u00e9dition des \u00ab Coloraos<\/strong> \u00bb, ainsi appel\u00e9s en raison de la couleur de leurs casaques, fut une tentative d\u2019insurrection lib\u00e9rale espagnole durant la D\u00e9cennie Effrayante, r\u00e9alis\u00e9e par des \u00e9migr\u00e9s lib\u00e9raux de la Soci\u00e9t\u00e9 des Chevaliers Communards, r\u00e9fugi\u00e9s \u00e0 Gibraltar apr\u00e8s la chute du r\u00e9gime constitutionnel en 1823.<br \/>\nLes Coloraos partirent le six ao\u00fbt de Gibraltar et arriv\u00e8rent \u00e0 Almeria le quatorze du m\u00eame mois. Quarante-neuf hommes bien arm\u00e9s et en uniformes avec leurs casaques rouges d\u00e9barqu\u00e8rent. <strong>Ils avaient l\u2019intention de soulever le peuple d\u2019Almeria contre le r\u00e9gime absolutiste de Fernando VII<\/strong>. La tentative ne fonctionna pas, car des espions avaient donn\u00e9 l\u2019alerte. <strong>Ceux qui ne moururent pas durant les combats furent fusill\u00e9s le vingt-quatre ao\u00fbt sans jugement, agenouill\u00e9s et de dos.<\/strong><br \/>\n<strong>Ce monument comm\u00e9moratif a \u00e9t\u00e9 fait \u00e0 leur m\u00e9moire et s\u2019appelle les Martyrs de la Libert\u00e9<\/strong>, mais il fut d\u00e9truit en 1943 lors de la premi\u00e8re visite du g\u00e9n\u00e9ral Francisco Franco \u00e0 Almeria et durant la dictature aucun hommage ne fut permis pour ces hommes.<br \/>\n\u00c0 l\u2019arriv\u00e9e de la d\u00e9mocratie les hommages furent r\u00e9cup\u00e9r\u00e9s et le monument traditionnellement connu comme le \u201cMonument ou Pingurucho aux Coloraos\u201d, fut reconstruit.<br \/>\nIl se trouve <strong>Place de la Constituci\u00f3n.<\/strong><\/p>\n<\/div>\n","protected":false},"excerpt":{"rendered":"<p>L\u2019Exp\u00e9dition des \u00ab Coloraos \u00bb, ainsi appel\u00e9s en raison de la couleur de leurs casaques, fut une tentative d\u2019insurrection lib\u00e9rale [&hellip;]<\/p>\n","protected":false},"featured_media":25507,"template":"","format":"standard","meta":{"_acf_changed":false,"footnotes":""},"class_list":["post-49762","lugar","type-lugar","status-publish","format-standard","has-post-thumbnail","hentry","tlugar-estatuas-y-esculturas-fr"],"acf":[],"ACF":{"consejos_de_seguridad":"","ubicacion_mapa":{"address":"Plaza de la Constituci\u00f3n, 3, 15, 04003 Almer\u00eda","lat":36.84029659999999,"lng":-2.4672977,"zoom":14,"place_id":"ChIJ0wuVBAd2cA0RehoZX31E4Eg","street_number":"3-15","street_name":"Plaza de la Constituci\u00f3n","city":"Almer\u00eda","state":"Andaluc\u00eda","state_short":"AN","post_code":"04003","country":"Espa\u00f1a","country_short":"ES"},"telefono":"","destacado_home":"","horario":"","gallery":["https:\/\/www.turismodealmeria.org\/wp-content\/uploads\/2015\/12\/turismo-almeria-ciudad-monumento-martires-libertad-pingurucho-01.jpg","https:\/\/www.turismodealmeria.org\/wp-content\/uploads\/2015\/12\/turismo-almeria-ciudad-monumento-martires-libertad-pingurucho-02.jpg"],"tipo":[],"tipo_de_motivo":false},"_links":{"self":[{"href":"https:\/\/www.turismodealmeria.org\/fr\/wp-json\/wp\/v2\/lugar\/49762","targetHints":{"allow":["GET"]}}],"collection":[{"href":"https:\/\/www.turismodealmeria.org\/fr\/wp-json\/wp\/v2\/lugar"}],"about":[{"href":"https:\/\/www.turismodealmeria.org\/fr\/wp-json\/wp\/v2\/types\/lugar"}],"version-history":[{"count":0,"href":"https:\/\/www.turismodealmeria.org\/fr\/wp-json\/wp\/v2\/lugar\/49762\/revisions"}],"wp:featuredmedia":[{"embeddable":true,"href":"https:\/\/www.turismodealmeria.org\/fr\/wp-json\/wp\/v2\/media\/25507"}],"wp:attachment":[{"href":"https:\/\/www.turismodealmeria.org\/fr\/wp-json\/wp\/v2\/media?parent=49762"}],"curies":[{"name":"wp","href":"https:\/\/api.w.org\/{rel}","templated":true}]}}