{"id":49823,"date":"2015-12-11T00:11:34","date_gmt":"2015-12-11T00:11:34","guid":{"rendered":"https:\/\/www.turismodealmeria.org\/lugar\/estatua-de-la-caridad\/"},"modified":"2022-05-23T09:21:44","modified_gmt":"2022-05-23T07:21:44","slug":"estatua-de-la-caridad","status":"publish","type":"lugar","link":"https:\/\/www.turismodealmeria.org\/fr\/lugar\/estatua-de-la-caridad\/","title":{"rendered":"Statue de la Caridad (Charit\u00e9)"},"content":{"rendered":"<p>La <strong>Statue de la Caridad Universal (Charit\u00e9 Universelle)<\/strong>, connue sous le nom de \u201c<strong>femme avec les enfants<\/strong>\u201d ou \u201cm\u00e8re avec ses enfants\u201d, est une \u0153uvre du sculpteur d\u2019Almeria Luis Fern\u00e1ndez Cort\u00e9s et elle est situ\u00e9e dans le parc de las Velas, au bout sud de l\u2019Avenue de Federico Garc\u00eda Lorca, pr\u00e8s de l\u2019ancienne Place Circular, de la ville d\u2019Almeria, Andalousie, Espagne, et <strong>fut construite en 1898<\/strong>.<br \/>\n<strong>Elle fut la premi\u00e8re statue de la ville<\/strong>. Son co\u00fbt originel fut de 5.235 pesetas de l\u2019\u00e9poque. Une figure en fer, appuy\u00e9e sur une base en pierre de taille, la Caridad ou la m\u00e8re, tient un enfant dans ses bras alors que l\u2019autre s\u2019accroche \u00e0 sa jupe, elle soutient un parchemin o\u00f9 l\u2019on peut lire \u201can 1891\u201d.<br \/>\n<strong>Elle fut construite \u00e0 la m\u00e9moire des vingt victimes (y compris quatre enfants) des inondations de la ville du 11 septembre 1891<\/strong>. Elle montre une femme embrassant ses deux enfants. Le co\u00fbt fut couvert par une collecte dirig\u00e9e par la R\u00e9gente Marie Christine de Habsbourg-Loraine, durant la minorit\u00e9 du roi Alfonso XIII, qui fit canaliser la Rambla, construire des logements pour les victimes et le quartier ou promenade de la Caridad. En signe de reconnaissance, la rue adjacente s\u2019appelle Reina R\u00e9gente.<\/p>\n","protected":false},"excerpt":{"rendered":"<p>La Statue de la Caridad Universal (Charit\u00e9 Universelle), connue sous le nom de \u201cfemme avec les enfants\u201d ou \u201cm\u00e8re avec [&hellip;]<\/p>\n","protected":false},"featured_media":56258,"template":"","format":"standard","meta":{"_acf_changed":false,"footnotes":""},"class_list":["post-49823","lugar","type-lugar","status-publish","format-standard","has-post-thumbnail","hentry","tlugar-estatuas-y-esculturas-fr"],"acf":[],"ACF":{"telefono":"","consejos_de_seguridad":"","ubicacion_mapa":{"address":"C. Reina Regente, 1, 04004 Almer\u00eda, Espa\u00f1a","lat":36.834649,"lng":-2.463067,"zoom":14,"place_id":"ChIJJ0Z-BwN2cA0R-D48tJ5HJI0","street_number":"1","street_name":"Calle Reina Regente","street_name_short":"C. Reina Regente","city":"Almer\u00eda","state":"Andaluc\u00eda","state_short":"AN","post_code":"04004","country":"Espa\u00f1a","country_short":"ES"},"destacado_home":"","horario":"","gallery":["https:\/\/www.turismodealmeria.org\/wp-content\/uploads\/2015\/12\/turismo-almeria-ciudad-estatua-caridad-01.jpg","https:\/\/www.turismodealmeria.org\/wp-content\/uploads\/2015\/12\/turismo-almeria-ciudad-estatua-caridad-02.jpg"],"tipo":[],"tipo_de_motivo":false},"_links":{"self":[{"href":"https:\/\/www.turismodealmeria.org\/fr\/wp-json\/wp\/v2\/lugar\/49823","targetHints":{"allow":["GET"]}}],"collection":[{"href":"https:\/\/www.turismodealmeria.org\/fr\/wp-json\/wp\/v2\/lugar"}],"about":[{"href":"https:\/\/www.turismodealmeria.org\/fr\/wp-json\/wp\/v2\/types\/lugar"}],"version-history":[{"count":0,"href":"https:\/\/www.turismodealmeria.org\/fr\/wp-json\/wp\/v2\/lugar\/49823\/revisions"}],"wp:featuredmedia":[{"embeddable":true,"href":"https:\/\/www.turismodealmeria.org\/fr\/wp-json\/wp\/v2\/media\/56258"}],"wp:attachment":[{"href":"https:\/\/www.turismodealmeria.org\/fr\/wp-json\/wp\/v2\/media?parent=49823"}],"curies":[{"name":"wp","href":"https:\/\/api.w.org\/{rel}","templated":true}]}}