{"id":49888,"date":"2015-12-04T00:04:07","date_gmt":"2015-12-04T00:04:07","guid":{"rendered":"https:\/\/www.turismodealmeria.org\/lugar\/busto-federico-garcia-lorca\/"},"modified":"2022-05-23T09:36:34","modified_gmt":"2022-05-23T07:36:34","slug":"busto-federico-garcia-lorca","status":"publish","type":"lugar","link":"https:\/\/www.turismodealmeria.org\/fr\/lugar\/busto-federico-garcia-lorca\/","title":{"rendered":"Buste de Federico Garc\u00eda Lorca"},"content":{"rendered":"<p><strong>Federico Garc\u00eda Lorca<\/strong> a maintenu une relation bien plus qu\u2019occasionnelle avec Almeria. Outre le fait que c\u2019est notre terre qui l\u2019inspira pour \u00e9crire la c\u00e9l\u00e8bre \u201cNoces de sang\u201d, il a aussi v\u00e9cu ici pendant trois ans quand il \u00e9tait enfant.<br \/>\nLa ville d\u2019Almeria lui rend hommage avec l\u2019\u201c<strong>Avenue Federico Garc\u00eda Lorca<\/strong>\u201c, plus connue sous le nom de \u201cLa Rambla\u201d et avec ce buste, <strong>plac\u00e9 Place Maestro Rodr\u00edguez Espinosa<\/strong>, qui pr\u00e9cis\u00e9ment fut le ma\u00eetre de Lorca durant son s\u00e9jour \u00e0 Almeria, de 1906 \u00e0 1909. C\u2019est sur cette m\u00eame Place, anciennement d\u00e9nomm\u00e9e B\u00e1lmez, que se trouve la maison o\u00f9 il habita durant ces trois ans.<\/p>\n","protected":false},"excerpt":{"rendered":"<p>Federico Garc\u00eda Lorca a maintenu une relation bien plus qu\u2019occasionnelle avec Almeria. Outre le fait que c\u2019est notre terre qui [&hellip;]<\/p>\n","protected":false},"featured_media":57170,"template":"","format":"standard","meta":{"_acf_changed":false,"footnotes":""},"class_list":["post-49888","lugar","type-lugar","status-publish","format-standard","has-post-thumbnail","hentry","tlugar-estatuas-y-esculturas-fr"],"acf":[],"ACF":{"telefono":"","consejos_de_seguridad":"","ubicacion_mapa":{"address":"Calle Balmes, 3, 1, 04002 Almer\u00eda","lat":36.8373073,"lng":-2.4676938,"zoom":18,"place_id":"ChIJd8ZNgAZ2cA0Rs5ntrsP5JpE","street_number":"3-1","street_name":"Calle Balmes","city":"Almer\u00eda","state":"Andaluc\u00eda","state_short":"AN","post_code":"04002","country":"Espa\u00f1a","country_short":"ES"},"destacado_home":"","horario":"","gallery":["https:\/\/www.turismodealmeria.org\/wp-content\/uploads\/2015\/12\/turismo-almeria-ciudad-escultura-federico-garcia-lorca-01.jpg","https:\/\/www.turismodealmeria.org\/wp-content\/uploads\/2015\/12\/turismo-almeria-ciudad-escultura-federico-garcia-lorca-02.jpg"],"tipo":[],"tipo_de_motivo":false},"_links":{"self":[{"href":"https:\/\/www.turismodealmeria.org\/fr\/wp-json\/wp\/v2\/lugar\/49888","targetHints":{"allow":["GET"]}}],"collection":[{"href":"https:\/\/www.turismodealmeria.org\/fr\/wp-json\/wp\/v2\/lugar"}],"about":[{"href":"https:\/\/www.turismodealmeria.org\/fr\/wp-json\/wp\/v2\/types\/lugar"}],"version-history":[{"count":0,"href":"https:\/\/www.turismodealmeria.org\/fr\/wp-json\/wp\/v2\/lugar\/49888\/revisions"}],"wp:featuredmedia":[{"embeddable":true,"href":"https:\/\/www.turismodealmeria.org\/fr\/wp-json\/wp\/v2\/media\/57170"}],"wp:attachment":[{"href":"https:\/\/www.turismodealmeria.org\/fr\/wp-json\/wp\/v2\/media?parent=49888"}],"curies":[{"name":"wp","href":"https:\/\/api.w.org\/{rel}","templated":true}]}}