{"id":49894,"date":"2015-12-03T00:03:32","date_gmt":"2015-12-03T00:03:32","guid":{"rendered":"https:\/\/www.turismodealmeria.org\/lugar\/busto-a-celia-vinas\/"},"modified":"2022-05-23T09:38:43","modified_gmt":"2022-05-23T07:38:43","slug":"busto-a-celia-vinas","status":"publish","type":"lugar","link":"https:\/\/www.turismodealmeria.org\/fr\/lugar\/busto-a-celia-vinas\/","title":{"rendered":"Buste de Celia Vi\u00f1as"},"content":{"rendered":"<p>Depuis 1984, cette sculpture de la Place Bendicho rend hommage \u00e0 l\u2019\u00e9crivaine <strong>Celia Vi\u00f1as Olivella<\/strong> (L\u00e9rida, 16 juin 1915 \u2013 Almeria, 21 juin 1954) qui \u00e9crivit des po\u00e8mes pour enfants en espagnol et catalan, et dont les \u0153uvres, peu nombreuses, nous la d\u00e9couvrent comme <strong>r\u00e9novatrice et fondamentale dans le panorama de l\u2019apr\u00e8s-guerre<\/strong>. Vi\u00f1as \u00e9tudia Philologie \u00e0 l\u2019Universit\u00e9 de Barcelone et travailla pendant plusieurs ann\u00e9es comme ma\u00eetresse \u00e0 Almeria, o\u00f9 elle arriva en 1943. Elle se maria avec le professeur d\u2019Almeria, Arturo Medina, et y v\u00e9cut tr\u00e8s unie \u00e0 ses habitantes jusqu\u2019\u00e0 sa mort en 1954.<\/p>\n","protected":false},"excerpt":{"rendered":"<p>Depuis 1984, cette sculpture de la Place Bendicho rend hommage \u00e0 l\u2019\u00e9crivaine Celia Vi\u00f1as Olivella (L\u00e9rida, 16 juin 1915 \u2013 [&hellip;]<\/p>\n","protected":false},"featured_media":25501,"template":"","format":"standard","meta":{"_acf_changed":false,"footnotes":""},"class_list":["post-49894","lugar","type-lugar","status-publish","format-standard","has-post-thumbnail","hentry","tlugar-estatuas-y-esculturas-fr"],"acf":[],"ACF":{"ubicacion_mapa":{"address":"Plaza Bendicho","lat":36.8377158,"lng":-2.4665931,"zoom":18,"place_id":"ChIJoxRTmAZ2cA0Rk4uxe0tvwz0","street_name":"Plaza Bendicho","street_name_short":"Pl. Bendicho","city":"Almer\u00eda","state":"Andaluc\u00eda","state_short":"AN","post_code":"04001","country":"Espa\u00f1a","country_short":"ES"},"telefono":"","consejos_de_seguridad":"","destacado_home":"","horario":"","gallery":["https:\/\/www.turismodealmeria.org\/wp-content\/uploads\/2015\/12\/turismo-almeria-busto-celia-vinas-bendicho-cultura-01.jpg","https:\/\/www.turismodealmeria.org\/wp-content\/uploads\/2015\/12\/turismo-almeria-busto-celia-vinas-bendicho-cultura-02.jpg"],"tipo":[],"tipo_de_motivo":false},"_links":{"self":[{"href":"https:\/\/www.turismodealmeria.org\/fr\/wp-json\/wp\/v2\/lugar\/49894","targetHints":{"allow":["GET"]}}],"collection":[{"href":"https:\/\/www.turismodealmeria.org\/fr\/wp-json\/wp\/v2\/lugar"}],"about":[{"href":"https:\/\/www.turismodealmeria.org\/fr\/wp-json\/wp\/v2\/types\/lugar"}],"version-history":[{"count":0,"href":"https:\/\/www.turismodealmeria.org\/fr\/wp-json\/wp\/v2\/lugar\/49894\/revisions"}],"wp:featuredmedia":[{"embeddable":true,"href":"https:\/\/www.turismodealmeria.org\/fr\/wp-json\/wp\/v2\/media\/25501"}],"wp:attachment":[{"href":"https:\/\/www.turismodealmeria.org\/fr\/wp-json\/wp\/v2\/media?parent=49894"}],"curies":[{"name":"wp","href":"https:\/\/api.w.org\/{rel}","templated":true}]}}