{"id":49925,"date":"2015-04-03T00:03:34","date_gmt":"2015-04-03T00:03:34","guid":{"rendered":"https:\/\/www.turismodealmeria.org\/lugar\/mercado-central\/"},"modified":"2022-05-23T10:27:19","modified_gmt":"2022-05-23T08:27:19","slug":"mercado-central","status":"publish","type":"lugar","link":"https:\/\/www.turismodealmeria.org\/fr\/lugar\/mercado-central\/","title":{"rendered":"March\u00e9 Central"},"content":{"rendered":"<div class=\"entry\">\n<p><strong>Le projet d\u2019un b\u00e2timent pour le march\u00e9 public d\u2019Almeria est ancien<\/strong>, et il fut tout d\u2019abord objet d\u2019un projet de construction au centre de la partie ancienne, pour prot\u00e9ger celui qui se tenait alors sur la <a href=\"https:\/\/www.turismodealmeria.org\/fr\/motivo-tematico\/place-la-constitucion\/\"><strong>Place de la Constituci\u00f3n<\/strong><\/a> au d\u00e9but de la d\u00e9cennie de 1840.<\/p>\n<p>L\u2019apparition dans la seconde moiti\u00e9 du XIX d\u2019un nouveau <strong>quartier bourgeois \u00e0 l\u2019est de la ville<\/strong>, d\u00e9sar\u00e7onna ces projets, et l\u2019id\u00e9e de le situer dans la zone r\u00e9sidentielle bourgeoise prit les devants.<\/p>\n<p>C\u2019est ainsi que le projet de prolongation de la Promenade, r\u00e9alis\u00e9e par l\u2019architecte <strong>Jos\u00e9 Mar\u00edn Bald\u00f3 en 1860<\/strong>, r\u00e9serva au centre du nouveau quartier de l\u2019est, un terrain pour la construction d\u2019un march\u00e9 et d\u2019une poissonnerie publique. A partir de ce moment, plusieurs projets sont pr\u00e9sent\u00e9s mais aucun d\u2019eux n\u2019est r\u00e9alis\u00e9 jusqu\u2019\u00e0 ce que, en 1892, les ouvrages sont attribu\u00e9s \u00e0 <strong>Trinidad Cuartara Cassinello<\/strong>.<\/p>\n<p>Son emplacement \u00e9tait le plus idoine, pr\u00e8s de la confluence des deux voies les plus importantes du nouveau quartier bourgeois, <strong>la rue \u00c9v\u00eaque Orber\u00e1 et la Promenade<\/strong>, ouverte \u00e0 ce dernier au travers d\u2019une rue pr\u00e9vue \u00e0 cette fin (rue Aguilar de Campoo) au fond de laquelle la fa\u00e7ade principale sera plac\u00e9e.<\/p>\n<p><strong>Le March\u00e9 s\u2019est maintenu pratiquement intact jusqu\u2019\u00e0 nos jours<\/strong>. En 1982, une importante restauration fut entreprise. La construction, qui s\u2019encadre dans l\u2019architecture du Fer, fut r\u00e9alis\u00e9e presque enti\u00e8rement avec ce mat\u00e9riau, sauf le soubassement et le pavillon de la fa\u00e7ade principale r\u00e9alis\u00e9s en ma\u00e7onnerie, briques et pierres. L\u2019armature des toitures est m\u00e9tallique et les fermetures des cloisons sont faites avec des persiennes et des vitres. Sur le portail principal de la rue Aguilar de Campoo, se trouve la repr\u00e9sentation du symbole de l\u2019abondance, une figure f\u00e9minine avec un panier de fruits.<\/p>\n<\/div>\n","protected":false},"excerpt":{"rendered":"<p>Le projet d\u2019un b\u00e2timent pour le march\u00e9 public d\u2019Almeria est ancien, et il fut tout d\u2019abord objet d\u2019un projet de [&hellip;]<\/p>\n","protected":false},"featured_media":25564,"template":"","format":"gallery","meta":{"_acf_changed":false,"footnotes":""},"class_list":["post-49925","lugar","type-lugar","status-publish","format-gallery","has-post-thumbnail","hentry","post_format-post-format-gallery","tlugar-lugares-emblematicos-fr"],"acf":[],"ACF":{"ubicacion_mapa":{"address":"Calle Ulpiano Diaz, 14, 04001 Almer\u00eda, Espa\u00f1a","lat":36.840322212528484,"lng":-2.4626541137695312,"zoom":18,"place_id":"ChIJESGhVgB2cA0RDnK7CJ5Ha3U","street_number":"14","street_name":"Calle Ulpiano Diaz","city":"Almer\u00eda","state":"Andaluc\u00eda","state_short":"AN","post_code":"04001","country":"Espa\u00f1a","country_short":"ES"},"telefono":"","consejos_de_seguridad":"","destacado_home":"","horario":"","gallery":false,"tipo":[],"tipo_de_motivo":false},"_links":{"self":[{"href":"https:\/\/www.turismodealmeria.org\/fr\/wp-json\/wp\/v2\/lugar\/49925","targetHints":{"allow":["GET"]}}],"collection":[{"href":"https:\/\/www.turismodealmeria.org\/fr\/wp-json\/wp\/v2\/lugar"}],"about":[{"href":"https:\/\/www.turismodealmeria.org\/fr\/wp-json\/wp\/v2\/types\/lugar"}],"version-history":[{"count":0,"href":"https:\/\/www.turismodealmeria.org\/fr\/wp-json\/wp\/v2\/lugar\/49925\/revisions"}],"wp:featuredmedia":[{"embeddable":true,"href":"https:\/\/www.turismodealmeria.org\/fr\/wp-json\/wp\/v2\/media\/25564"}],"wp:attachment":[{"href":"https:\/\/www.turismodealmeria.org\/fr\/wp-json\/wp\/v2\/media?parent=49925"}],"curies":[{"name":"wp","href":"https:\/\/api.w.org\/{rel}","templated":true}]}}