{"id":50016,"date":"2014-12-10T00:00:29","date_gmt":"2014-12-10T00:00:29","guid":{"rendered":"https:\/\/www.turismodealmeria.org\/lugar\/plaza-bendicho\/"},"modified":"2022-05-23T10:49:21","modified_gmt":"2022-05-23T08:49:21","slug":"plaza-bendicho","status":"publish","type":"lugar","link":"https:\/\/www.turismodealmeria.org\/fr\/lugar\/plaza-bendicho\/","title":{"rendered":"Place Bendicho"},"content":{"rendered":"<div class=\"entry\">\n<p>Situ\u00e9e au c\u0153ur de la partie ancienne, dans le vieux <strong>quartier de La Musalla<\/strong>, c\u2019est une place paisible, \u00e0 l\u2019ombre de <strong><a href=\"https:\/\/www.turismodealmeria.org\/fr\/motivo-tematico\/la-cathedrale\/\">la Cath\u00e9drale<\/a><\/strong>. Cet espace a \u00e9t\u00e9 un des lieux de r\u00e9sidence favoris de l\u2019aristocratie durant la p\u00e9riode allant du XVI\u00e8me au XVIII\u00e8me si\u00e8cle. Depuis la place, nous pouvons observer les tours rondes et les donjons de la Cath\u00e9drale correspondant au d\u00e9ambulatoire, o\u00f9 se trouve l\u2019embl\u00e9matique \u201cSoleil de Portocarrero\u201d. <strong>La place est d\u00e9di\u00e9e \u00e0 Juan F. Juan Le\u00f3n Bendicho et Quelty<\/strong>, n\u00e9 \u00e0 Malaga en 1809, mais qui apr\u00e8s avoir \u00e9pous\u00e9 Mme. Mar\u00eda Dolores Puche, r\u00e9sida \u00e0 Almeria.<\/p>\n<p>Sur la place se trouve la maison la plus ancienne de la ville <strong>\u201cLa Maison des Puche\u201d<\/strong>, du XVIII\u00e8me si\u00e8cle, ancienne famille noble arriv\u00e9e \u00e0 Almeria avec les premiers habitants chr\u00e9tiens, en 1494. Elle a deux \u00e9tages, celui du bas, pour les domestiques et celle du haut, pour les ma\u00eetres. Sur sa fa\u00e7ade, se trouve le portail en pierre de taille, encadr\u00e9 par des colonnes qui soutiennent un arc en plein cintre, sur lequel se trouve le blason de la famille. Le balcon, qui est juste au-dessus du portail, poss\u00e8de des grilles richement orn\u00e9es.<\/p>\n<p>Pr\u00e8s de la Maison des Puche, et sur la m\u00eame ligne, se trouve la <strong>\u201cMaison de la Musique\u201d<\/strong>, du XIX\u00e8me si\u00e8cle. Elle a \u00e9t\u00e9 restaur\u00e9e et sert actuellement de <strong>si\u00e8ge au Patronat Provincial du Tourisme<\/strong>.<\/p>\n<p>Au centre de la place, se trouve le buste de la po\u00e9tesse <strong>\u201c<a href=\"https:\/\/www.turismodealmeria.org\/fr\/motivo-tematico\/buste-celia-vinas\/\">Celia Vi\u00f1as<\/a>\u201d<\/strong> qui fut professeur dans la ville durant les ann\u00e9es de l\u2019apr\u00e8s-guerre et a enrichit la vie litt\u00e9raire d\u2019Almeria de cette \u00e9poque.<\/p>\n<p>Dans les derni\u00e8res ann\u00e9es du XX\u00e8me si\u00e8cle, juste \u00e0 c\u00f4t\u00e9 de cette place, la ville a ouvert la rue situ\u00e9e au long du mur sud de la Cath\u00e9drale, la Ronda Beato Diego Ventaja, o\u00f9 on peut se promener et admirer les puissants murs de la Cath\u00e9drale- Forteresse.<\/p>\n<\/div>\n","protected":false},"excerpt":{"rendered":"<p>Situ\u00e9e au c\u0153ur de la partie ancienne, dans le vieux quartier de La Musalla, c\u2019est une place paisible, \u00e0 l\u2019ombre [&hellip;]<\/p>\n","protected":false},"featured_media":25561,"template":"","format":"gallery","meta":{"_acf_changed":false,"footnotes":""},"class_list":["post-50016","lugar","type-lugar","status-publish","format-gallery","has-post-thumbnail","hentry","post_format-post-format-gallery","tlugar-plazas-y-parques-fr"],"acf":[],"ACF":{"telefono":"","consejos_de_seguridad":"","ubicacion_mapa":{"address":"Plaza Bendicho","lat":36.8377158,"lng":-2.4665931,"zoom":14,"place_id":"ChIJoxRTmAZ2cA0Rk4uxe0tvwz0","street_name":"Plaza Bendicho","street_name_short":"Pl. Bendicho","city":"Almer\u00eda","state":"Andaluc\u00eda","state_short":"AN","post_code":"04001","country":"Espa\u00f1a","country_short":"ES"},"destacado_home":"","horario":"","gallery":false,"tipo":[],"tipo_de_motivo":false},"_links":{"self":[{"href":"https:\/\/www.turismodealmeria.org\/fr\/wp-json\/wp\/v2\/lugar\/50016","targetHints":{"allow":["GET"]}}],"collection":[{"href":"https:\/\/www.turismodealmeria.org\/fr\/wp-json\/wp\/v2\/lugar"}],"about":[{"href":"https:\/\/www.turismodealmeria.org\/fr\/wp-json\/wp\/v2\/types\/lugar"}],"version-history":[{"count":0,"href":"https:\/\/www.turismodealmeria.org\/fr\/wp-json\/wp\/v2\/lugar\/50016\/revisions"}],"wp:featuredmedia":[{"embeddable":true,"href":"https:\/\/www.turismodealmeria.org\/fr\/wp-json\/wp\/v2\/media\/25561"}],"wp:attachment":[{"href":"https:\/\/www.turismodealmeria.org\/fr\/wp-json\/wp\/v2\/media?parent=50016"}],"curies":[{"name":"wp","href":"https:\/\/api.w.org\/{rel}","templated":true}]}}