{"id":50029,"date":"2014-12-09T00:09:49","date_gmt":"2014-12-09T00:09:49","guid":{"rendered":"https:\/\/www.turismodealmeria.org\/lugar\/palacio-de-los-vizcondes-del-castillo-de-almansa\/"},"modified":"2022-04-25T17:29:03","modified_gmt":"2022-04-25T15:29:03","slug":"palacio-de-los-vizcondes-del-castillo-de-almansa","status":"publish","type":"lugar","link":"https:\/\/www.turismodealmeria.org\/fr\/lugar\/palacio-de-los-vizcondes-del-castillo-de-almansa\/","title":{"rendered":"Le Palais des Vicomtes du Ch\u00e2teau d\u2019Almansa"},"content":{"rendered":"<div class=\"entry\">\n<p><strong>La diffusion progressive des id\u00e9es acad\u00e9mistes dans l\u2019Espagne de la seconde moiti\u00e9 du XVIII\u00e8me si\u00e8cle, aura des cons\u00e9quences importantes sur le d\u00e9veloppement des demeures dans la ville d\u2019Almeria<\/strong>. Les traits populaires et baroques, parfois intimement unis, vont \u00eatre alors remplac\u00e9s par l\u2019intellectualit\u00e9 esth\u00e9tique en architecture, caract\u00e9ristique pr\u00e9dominante du courant historiciste.<\/p>\n<p>Ce moment de transition est tr\u00e8s d\u00e9fini sur la fa\u00e7ade du <strong>Palais des Vicomtes du Ch\u00e2teau d\u2019Almansa<\/strong>, titre cr\u00e9\u00e9 1773 en faveur de la famille des Almansa.<\/p>\n<p>Le Palais est un des exemples les plus importants de l\u2019architecture familiale de de la ville, et il fut <strong>construit entre 1773 et 1780<\/strong>.<\/p>\n<p>La fa\u00e7ade \u00e0 entablement sup\u00e9rieur, compte deux niveaux : la partie inferieure avec plusieurs niches r\u00e9guli\u00e8rement distribu\u00e9es, et la sup\u00e9rieure, avec ses balcons \u00e0 frontons courbes et divis\u00e9s, o\u00f9 se trouve le blason de la famille.<\/p>\n<p>L\u2019acc\u00e8s au Mus\u00e9e Arch\u00e9ologique Provisoire est dans la rue Infanta, o\u00f9 se trouve le portail monumental de la \u201cMaison de Don Francisco Jover et Tovar\u201d, con\u00e7u par l\u2019architecte municipal Trinidad Cuartara Casinello en 1894.<\/p>\n<p>L\u2019ensemble du Palais des Vicomtes du Ch\u00e2teau d\u2019Almansa et de M. Francisco Jover et Tovar, maire et chroniqueur d\u2019Almeria, appartient actuellement aux Archives Historiques Provinciales<\/p>\n<\/div>\n","protected":false},"excerpt":{"rendered":"<p>La diffusion progressive des id\u00e9es acad\u00e9mistes dans l\u2019Espagne de la seconde moiti\u00e9 du XVIII\u00e8me si\u00e8cle, aura des cons\u00e9quences importantes sur [&hellip;]<\/p>\n","protected":false},"featured_media":25540,"template":"","format":"gallery","meta":{"_acf_changed":false,"footnotes":""},"class_list":["post-50029","lugar","type-lugar","status-publish","format-gallery","has-post-thumbnail","hentry","post_format-post-format-gallery","tlugar-lugares-emblematicos-fr"],"acf":[],"ACF":{"telefono":"","consejos_de_seguridad":"","ubicacion_mapa":{"address":"Entrada por, Carretera de Ronda, Calle Hermanos Pinz\u00f3n, 91, 04005 Almer\u00eda","lat":36.8419442,"lng":-2.4545474,"zoom":14,"place_id":"EjFDYWxsZSBIZXJtYW5vcyBQaW56w7NuLCA5MSwgMDQwMDUgQWxtZXLDrWEsIFNwYWluIjASLgoUChIJF4Fh6f2deg0Rha4hSmf5_ioQWyoUChIJubKvmv6deg0R2QHIj1gnalI","street_number":"91","street_name":"Calle Hermanos Pinz\u00f3n","city":"Almer\u00eda","state":"Andaluc\u00eda","state_short":"AN","post_code":"04005","country":"Espa\u00f1a","country_short":"ES"},"destacado_home":"","horario":"","gallery":false,"tipo":[],"tipo_de_motivo":false},"_links":{"self":[{"href":"https:\/\/www.turismodealmeria.org\/fr\/wp-json\/wp\/v2\/lugar\/50029","targetHints":{"allow":["GET"]}}],"collection":[{"href":"https:\/\/www.turismodealmeria.org\/fr\/wp-json\/wp\/v2\/lugar"}],"about":[{"href":"https:\/\/www.turismodealmeria.org\/fr\/wp-json\/wp\/v2\/types\/lugar"}],"version-history":[{"count":0,"href":"https:\/\/www.turismodealmeria.org\/fr\/wp-json\/wp\/v2\/lugar\/50029\/revisions"}],"wp:featuredmedia":[{"embeddable":true,"href":"https:\/\/www.turismodealmeria.org\/fr\/wp-json\/wp\/v2\/media\/25540"}],"wp:attachment":[{"href":"https:\/\/www.turismodealmeria.org\/fr\/wp-json\/wp\/v2\/media?parent=50029"}],"curies":[{"name":"wp","href":"https:\/\/api.w.org\/{rel}","templated":true}]}}