{"id":50038,"date":"2014-12-08T00:08:03","date_gmt":"2014-12-08T00:08:03","guid":{"rendered":"https:\/\/www.turismodealmeria.org\/lugar\/palacio-de-los-marqueses-de-cabra\/"},"modified":"2022-05-23T10:50:56","modified_gmt":"2022-05-23T08:50:56","slug":"palacio-de-los-marqueses-de-cabra","status":"publish","type":"lugar","link":"https:\/\/www.turismodealmeria.org\/fr\/lugar\/palacio-de-los-marqueses-de-cabra\/","title":{"rendered":"Le Palais des Marquis de Cabra"},"content":{"rendered":"<div class=\"entry\">\n<p><strong>Le palais appartenait \u00e0 M. Jos\u00e9 Jover et Mme Mar\u00eda Greppi<\/strong>, leur fille Mar\u00eda Jover Greppi, apr\u00e8s s\u2019\u00eatre mari\u00e9e avec M. Mart\u00edn Belda, qui obtint le titre de Marquis de Cabra, fut la premi\u00e8re Marquise de Cabra. C\u2019est pour cela que la demeure est connue sous le nom de Palais des Marquis de Cabra.<\/p>\n<p>La demeure qui <strong>est situ\u00e9e sur une charmante place du centre historique : la Place Campoamor<\/strong> o\u00f9 se trouve le <strong><a href=\"https:\/\/www.turismodealmeria.org\/fr\/motivo-tematico\/bas-relief-san-valentin\/\">Bas-relief de Saint Valent\u00edn<\/a><\/strong>, onstitue un des meilleurs exemples de palais \u00e0 caract\u00e8re aristocratique construits durant le n\u00e9oclassicisme. Il s\u2019agit d\u2019un des b\u00e2timents classicistes les plus purs et plus monumentaux de la moiti\u00e9 du XIX\u00e8me si\u00e8cle, et il a \u00e9t\u00e9 restaur\u00e9. <strong>Ce qu\u2019il a de plus remarquable est sa fa\u00e7ade monumentale et \u00e9l\u00e9gante<\/strong>, qui recueille certains des \u00e9l\u00e9ments historicistes dans son portail et ses demi-colonnes toscanes. La maison comprend deux \u00e9tages ; le rez-de-chauss\u00e9e est construit autour d\u2019une cour et le premier \u00e9tage appartient \u00e0 la partie noble de la construction. Sur l\u2019ext\u00e9rieur, on peut admirer les grilles artistiques des balcons. Le b\u00e2timent termine avec une corniche simple.<\/p>\n<p><strong>Le b\u00e2timent est le si\u00e8ge des Archives Historiques Municipales.<\/strong><\/p>\n<\/div>\n","protected":false},"excerpt":{"rendered":"<p>Le palais appartenait \u00e0 M. Jos\u00e9 Jover et Mme Mar\u00eda Greppi, leur fille Mar\u00eda Jover Greppi, apr\u00e8s s\u2019\u00eatre mari\u00e9e avec [&hellip;]<\/p>\n","protected":false},"featured_media":25525,"template":"","format":"standard","meta":{"_acf_changed":false,"footnotes":""},"class_list":["post-50038","lugar","type-lugar","status-publish","format-standard","has-post-thumbnail","hentry","tlugar-lugares-emblematicos-fr"],"acf":[],"ACF":{"ubicacion_mapa":{"address":"Calle Campomanes, 11, 04001 Almer\u00eda","lat":36.8391297,"lng":-2.4660777,"zoom":14,"place_id":"ChIJp0MRxQZ2cA0RgVev7oKvwvo","street_number":"11","street_name":"Calle Campomanes","city":"Almer\u00eda","state":"Andaluc\u00eda","state_short":"AN","post_code":"04001","country":"Espa\u00f1a","country_short":"ES"},"telefono":"","consejos_de_seguridad":"","destacado_home":"","horario":"","gallery":false,"tipo":[],"tipo_de_motivo":false},"_links":{"self":[{"href":"https:\/\/www.turismodealmeria.org\/fr\/wp-json\/wp\/v2\/lugar\/50038","targetHints":{"allow":["GET"]}}],"collection":[{"href":"https:\/\/www.turismodealmeria.org\/fr\/wp-json\/wp\/v2\/lugar"}],"about":[{"href":"https:\/\/www.turismodealmeria.org\/fr\/wp-json\/wp\/v2\/types\/lugar"}],"version-history":[{"count":0,"href":"https:\/\/www.turismodealmeria.org\/fr\/wp-json\/wp\/v2\/lugar\/50038\/revisions"}],"wp:featuredmedia":[{"embeddable":true,"href":"https:\/\/www.turismodealmeria.org\/fr\/wp-json\/wp\/v2\/media\/25525"}],"wp:attachment":[{"href":"https:\/\/www.turismodealmeria.org\/fr\/wp-json\/wp\/v2\/media?parent=50038"}],"curies":[{"name":"wp","href":"https:\/\/api.w.org\/{rel}","templated":true}]}}