{"id":50050,"date":"2014-12-07T00:07:20","date_gmt":"2014-12-07T00:07:20","guid":{"rendered":"https:\/\/www.turismodealmeria.org\/lugar\/instituto-celia-vinas\/"},"modified":"2022-05-23T10:52:31","modified_gmt":"2022-05-23T08:52:31","slug":"instituto-celia-vinas","status":"publish","type":"lugar","link":"https:\/\/www.turismodealmeria.org\/fr\/lugar\/instituto-celia-vinas\/","title":{"rendered":"Institud Celia Vi\u00f1as"},"content":{"rendered":"<div class=\"entry\">\n<p>Le <strong>premier \u00c9tablissement d\u2019enseignement secondaire d\u2019Almeria fut fond\u00e9 en 1849, dans ce qui est actuellement le si\u00e8ge de l\u2019\u00c9cole des Arts<\/strong>. A cette \u00e9poque, le b\u00e2timent \u00e9tait beaucoup plus petit que l\u2019actuel, et c\u2019est pour cette raison qu\u2019au vu de la plus grande affluence d\u2019\u00e9l\u00e8ves et des besoins \u00e9ducatifs croissants, M. Francisco S\u00e1iz Sanz, directeur du centre, le transf\u00e9ra \u00e0 l\u2019actuel b\u00e2timent de la rue Javier Sanz, qui fut l\u2019ancienne \u00c9cole des Arts et M\u00e9tiers Artistiques.<\/p>\n<p><strong>L\u2019\u00e9tablissement, construit en 1911, fut le centre de formation de bon nombre d\u2019habitants d\u2019Almeria. \u00c0 ses d\u00e9buts, il fut mixte, mais en 1966, les gar\u00e7ons furent s\u00e9par\u00e9s et form\u00e8rent un \u00e9tablissement secondaire d\u00e9nomm\u00e9 Instituto Nicol\u00e1s Salmer\u00f3n, plac\u00e9 \u00e0 Ciudad Jardin.<\/strong><\/p>\n<p>Les filles entraient par l\u2019acc\u00e8s de la Rambla, occupaient le troisi\u00e8me \u00e9tage et utilisaient le terrain comme cour de r\u00e9cr\u00e9ation et de gymnastique, alors que les gar\u00e7ons occupaient les \u00e9tages inf\u00e9rieurs et la cour.<\/p>\n<p><strong>Le b\u00e2timent a des racines culturelles profondes<\/strong> et dispose d\u2019une importante biblioth\u00e8que ; il est aussi le premier Mus\u00e9e Arch\u00e9ologique d\u2019Almeria, install\u00e9 dans deux salles d\u2019exposition sp\u00e9cialement am\u00e9nag\u00e9es pour cette fonction. Son nom est un hommage \u00e0 l\u2019inoubliable professeur <strong>Celia Vi\u00f1as<\/strong>, qui fut, en outre, une importante po\u00e9tesse, qui revitalisa avec ses travaux litt\u00e9raires et son enseignement, la vie culturelle d\u2019Almeria dans les ann\u00e9es de l\u2019apr\u00e8s-guerre.<\/p>\n<p><strong>La singularit\u00e9 de la construction, comprise dans le courant historiciste du n\u00e9o-acad\u00e9misme, est refl\u00e9t\u00e9e sur sa fa\u00e7ade principale : grande monumentalit\u00e9<\/strong>, avec emploi d\u2019\u00e9l\u00e9ments classiques tr\u00e8s caract\u00e9ristiques : piliers d\u2019ordre colossal, haut soubassement, grand portail, \u00e9normes niches et escalier monumental d\u2019acc\u00e8s au premier \u00e9tage.<\/p>\n<\/div>\n","protected":false},"excerpt":{"rendered":"<p>Le premier \u00c9tablissement d\u2019enseignement secondaire d\u2019Almeria fut fond\u00e9 en 1849, dans ce qui est actuellement le si\u00e8ge de l\u2019\u00c9cole des [&hellip;]<\/p>\n","protected":false},"featured_media":25519,"template":"","format":"standard","meta":{"_acf_changed":false,"footnotes":""},"class_list":["post-50050","lugar","type-lugar","status-publish","format-standard","has-post-thumbnail","hentry","tlugar-lugares-emblematicos-fr"],"acf":[],"ACF":{"ubicacion_mapa":{"address":"Instituto Celia Vi\u00f1as","lat":36.8379304,"lng":-2.4613045,"zoom":14,"place_id":"ChIJw2VHwgF2cA0RmBvVqUT-kec","street_number":"15","street_name":"Calle Javier Sanz","street_name_short":"C. Javier Sanz","city":"Almer\u00eda","state":"Andaluc\u00eda","state_short":"AN","post_code":"04004","country":"Espa\u00f1a","country_short":"ES"},"telefono":"","consejos_de_seguridad":"","destacado_home":"","horario":"","gallery":false,"tipo":[],"tipo_de_motivo":false},"_links":{"self":[{"href":"https:\/\/www.turismodealmeria.org\/fr\/wp-json\/wp\/v2\/lugar\/50050","targetHints":{"allow":["GET"]}}],"collection":[{"href":"https:\/\/www.turismodealmeria.org\/fr\/wp-json\/wp\/v2\/lugar"}],"about":[{"href":"https:\/\/www.turismodealmeria.org\/fr\/wp-json\/wp\/v2\/types\/lugar"}],"version-history":[{"count":0,"href":"https:\/\/www.turismodealmeria.org\/fr\/wp-json\/wp\/v2\/lugar\/50050\/revisions"}],"wp:featuredmedia":[{"embeddable":true,"href":"https:\/\/www.turismodealmeria.org\/fr\/wp-json\/wp\/v2\/media\/25519"}],"wp:attachment":[{"href":"https:\/\/www.turismodealmeria.org\/fr\/wp-json\/wp\/v2\/media?parent=50050"}],"curies":[{"name":"wp","href":"https:\/\/api.w.org\/{rel}","templated":true}]}}