{"id":50058,"date":"2014-12-06T00:06:57","date_gmt":"2014-12-06T00:06:57","guid":{"rendered":"https:\/\/www.turismodealmeria.org\/lugar\/escuela-de-artes-y-oficios-artisticos\/"},"modified":"2025-03-11T12:12:26","modified_gmt":"2025-03-11T10:12:26","slug":"escuela-de-artes-y-oficios-artisticos","status":"publish","type":"lugar","link":"https:\/\/www.turismodealmeria.org\/fr\/lugar\/escuela-de-artes-y-oficios-artisticos\/","title":{"rendered":"\u00c9cole des Arts et M\u00e9tiers Artistiques"},"content":{"rendered":"<div class=\"entry\">\n<p><strong>Le b\u00e2timent fut un \u00e9tablissement provincial d\u2019enseignement secondaire durant la deuxi\u00e8me moiti\u00e9 du XIX\u00e8me si\u00e8cle et une grande partie du XX\u00e8me si\u00e8cle<\/strong>, et fut la plus importante institution d\u2019\u00e9ducation de la ville. Il rempla\u00e7a le primitif Coll\u00e8ge des Sciences Humaines qui, depuis 1840, se trouvait dans l\u2019ancien Couvent de Santo Domingo (Saint Dominique). Durant la p\u00e9riode pendant laquelle il servit d\u2019\u00e9tablissement d\u2019enseignement, il fut profond\u00e9ment r\u00e9form\u00e9 et cela affecta sa distribution int\u00e9rieure et ses trois fa\u00e7ades. Celle du sud (rue General Tamayo) fut restaur\u00e9e en 1889 du fait qu\u2019elle \u00e9tait en ruine depuis 1867.<\/p>\n<p><strong>La composition g\u00e9n\u00e9rale du b\u00e2timent est pratiquement identique \u00e0 celle du Coll\u00e8ge des Puras<\/strong>, avec la m\u00eame conception dans les entraxes du rez-de-chauss\u00e9e, les arcs \u00e9vas\u00e9s et les petites colonnes des montants, alors que celle de l\u2019\u00e9tage sup\u00e9rieur est totalement diff\u00e9rente, avec des \u00e9l\u00e9ments \u00e9clectiques d\u2019origine classiciste.<\/p>\n<p><strong>La cour centrale de l\u2019\u00c9cole, appartenant \u00e0 l\u2019ancien couvent de Santo Domingo, date du XVIII\u00e8me si\u00e8cle et est, actuellement, un endroit exceptionnel pour tenir des expositions et des activit\u00e9s culturelles importantes de la vie d\u2019Almeria,<\/strong> comme celles du Centre Andalou de Photographie, qui y a plac\u00e9 son si\u00e8ge. Le cloitre a \u00e9t\u00e9 restaur\u00e9 au XVIII\u00e8me si\u00e8cle, et le troisi\u00e8me \u00e9tage est de construction r\u00e9cente.<\/p>\n<p><strong>Horaire : <\/strong> <a href=\"https:\/\/drive.google.com\/file\/d\/1tR9S-7U-34oOXYW8v-BVNOKje1m9P35x\/view?usp=drive_link\">Voir ici.<\/a><\/p>\n<\/div>\n","protected":false},"excerpt":{"rendered":"<p>Le b\u00e2timent fut un \u00e9tablissement provincial d\u2019enseignement secondaire durant la deuxi\u00e8me moiti\u00e9 du XIX\u00e8me si\u00e8cle et une grande partie du [&hellip;]<\/p>\n","protected":false},"featured_media":25528,"template":"","format":"standard","meta":{"_acf_changed":false,"footnotes":""},"class_list":["post-50058","lugar","type-lugar","status-publish","format-standard","has-post-thumbnail","hentry","tlugar-lugares-emblematicos-fr"],"acf":[],"ACF":{"ubicacion_mapa":{"address":"escuela de arte almer\u00eda","lat":36.8371254,"lng":-2.4643233,"zoom":14,"place_id":"ChIJKdlU4AN2cA0RMf1rM-dsqcw","street_number":"1","street_name":"Plaza Pablo Cazard","street_name_short":"Pl. Pablo Cazard","city":"Almer\u00eda","state":"Andaluc\u00eda","state_short":"AN","post_code":"04001","country":"Espa\u00f1a","country_short":"ES"},"telefono":"","consejos_de_seguridad":"","destacado_home":"","horario":"","gallery":false,"tipo":[],"tipo_de_motivo":false},"_links":{"self":[{"href":"https:\/\/www.turismodealmeria.org\/fr\/wp-json\/wp\/v2\/lugar\/50058","targetHints":{"allow":["GET"]}}],"collection":[{"href":"https:\/\/www.turismodealmeria.org\/fr\/wp-json\/wp\/v2\/lugar"}],"about":[{"href":"https:\/\/www.turismodealmeria.org\/fr\/wp-json\/wp\/v2\/types\/lugar"}],"version-history":[{"count":0,"href":"https:\/\/www.turismodealmeria.org\/fr\/wp-json\/wp\/v2\/lugar\/50058\/revisions"}],"wp:featuredmedia":[{"embeddable":true,"href":"https:\/\/www.turismodealmeria.org\/fr\/wp-json\/wp\/v2\/media\/25528"}],"wp:attachment":[{"href":"https:\/\/www.turismodealmeria.org\/fr\/wp-json\/wp\/v2\/media?parent=50058"}],"curies":[{"name":"wp","href":"https:\/\/api.w.org\/{rel}","templated":true}]}}