{"id":50064,"date":"2014-12-05T00:05:55","date_gmt":"2014-12-05T00:05:55","guid":{"rendered":"https:\/\/www.turismodealmeria.org\/lugar\/circulo-mercantil-y-teatro-cervantes\/"},"modified":"2022-05-23T10:57:08","modified_gmt":"2022-05-23T08:57:08","slug":"circulo-mercantil-y-teatro-cervantes","status":"publish","type":"lugar","link":"https:\/\/www.turismodealmeria.org\/fr\/lugar\/circulo-mercantil-y-teatro-cervantes\/","title":{"rendered":"Cercle du Commerce et Th\u00e9\u00e2tre Cervantes"},"content":{"rendered":"<div class=\"entry\">\n<p><strong>Le Cercle, dont le si\u00e8ge fut fond\u00e9 entre 1887 et 1899, avec celui de l\u2019Ateneo, se trouve sur la Place de San Pedro<\/strong>. Post\u00e9rieurement, les deux soci\u00e9t\u00e9s se sont s\u00e9par\u00e9es. Le pr\u00e9sident de la soci\u00e9t\u00e9 fut M. Ram\u00f3n Orozco, membre d\u2019une importante famille qui, durant la seconde moiti\u00e9 du XIX\u00e8me si\u00e8cle, favorisa les affaires mini\u00e8res \u00e0 Almeria. En 1900, la soci\u00e9t\u00e9 inaugura un local sur la Promenade del Pr\u00edncipe. Plus tard, en 1904, le Cercle passa \u00e0 un immeuble nouvellement situ\u00e9 sur la Place de San Pedro, et son si\u00e8ge d\u00e9finitif retourna ensuite sur le Paseo, dans le b\u00e2timent du Th\u00e9\u00e2tre Cervantes, au cours de la d\u00e9cennie des ann\u00e9es 20.<\/p>\n<p>Ses salons actuels sont le si\u00e8ge de toutes sortes d\u2019activit\u00e9s culturelles, litt\u00e9raires et d\u2019expositions, ainsi que du bal de carnaval et de fin d\u2019ann\u00e9e. <strong>Sa d\u00e9coration int\u00e9rieure date de 1920<\/strong>. La Soci\u00e9t\u00e9 a eu une grande importance dans la vie \u00e9conomique d\u2019Almeria, en favorisant le d\u00e9veloppement des moyens qui apport\u00e8rent de la richesse \u00e0 la ville : le chemin de fer, le port, les am\u00e9liorations techniques et agricoles.<\/p>\n<p><strong>La construction fait partie du Th\u00e9\u00e2tre Cervantes. Concr\u00e8tement la fa\u00e7ade qui donne sur le Paseo d\u2019Almeria date de la fin du XIX\u00e8me si\u00e8cle et d\u00e9but du XX\u00e8me si\u00e8cle<\/strong>. Elle pr\u00e9sente une claire tendance <strong>monumentalise : grands arcs en plein cintre, balcon avec balustrade, avec d\u00e9tails d\u2019un naturalisme et stylisation qui la rapprochent de la tendance moderniste<\/strong>, en particulier les bras des lampes \u00e0 forme de tournesols. En outre, il pr\u00e9sente des motifs figuratifs symboliques sur la fa\u00e7ade qui font allusion \u00e0 la fonction du b\u00e2timent : lyres, masques ou le relief de Cervantes.<\/p>\n<p><strong>Le Th\u00e9\u00e2tre Cervantes a constitu\u00e9 un des projets dont l\u2019ex\u00e9cution a \u00e9t\u00e9 la plus longue de la p\u00e9riode architectonique contemporaine d\u2019Almeria de la fin du XIX\u00e8me si\u00e8cle<\/strong>. Le commencement des ouvrages remonte \u00e0 1866, et co\u00efncide avec le permis demand\u00e9 par l\u2019entreprise de construction \u00e0 la Mairie. Apr\u00e8s des d\u00e9buts prometteurs, les ouvrages furent arr\u00eat\u00e9s jusqu\u2019en l\u2019an 1898, quand l\u2019architecte Enrique L\u00f3pez Rull, r\u00e9alisa les plans correspondant au b\u00e2timent actuel. Les ouvrages ne recommenc\u00e8rent pas avant 1910, et finalement, le th\u00e9\u00e2tre qui allait \u00eatre le plus importante de la ville, fut inaugur\u00e9 en 1921.<\/p>\n<\/div>\n","protected":false},"excerpt":{"rendered":"<p>Le Cercle, dont le si\u00e8ge fut fond\u00e9 entre 1887 et 1899, avec celui de l\u2019Ateneo, se trouve sur la Place [&hellip;]<\/p>\n","protected":false},"featured_media":25516,"template":"","format":"gallery","meta":{"_acf_changed":false,"footnotes":""},"class_list":["post-50064","lugar","type-lugar","status-publish","format-gallery","has-post-thumbnail","hentry","post_format-post-format-gallery","tlugar-cine-teatro-y-espectaculos-fr"],"acf":[],"ACF":{"consejos_de_seguridad":"","ubicacion_mapa":{"address":"C. Poeta Villaespesa, 1, 04001 Almer\u00eda","lat":36.837197,"lng":-2.4634363,"zoom":14,"place_id":"ChIJkyRV1gN2cA0RwUQ8VHa8JJM","street_number":"1","street_name":"Calle Poeta Villaespesa","street_name_short":"C. Poeta Villaespesa","city":"Almer\u00eda","state":"Andaluc\u00eda","state_short":"AN","post_code":"04001","country":"Espa\u00f1a","country_short":"ES"},"telefono":"","destacado_home":"","horario":"","gallery":false,"tipo":[],"tipo_de_motivo":false},"_links":{"self":[{"href":"https:\/\/www.turismodealmeria.org\/fr\/wp-json\/wp\/v2\/lugar\/50064","targetHints":{"allow":["GET"]}}],"collection":[{"href":"https:\/\/www.turismodealmeria.org\/fr\/wp-json\/wp\/v2\/lugar"}],"about":[{"href":"https:\/\/www.turismodealmeria.org\/fr\/wp-json\/wp\/v2\/types\/lugar"}],"version-history":[{"count":0,"href":"https:\/\/www.turismodealmeria.org\/fr\/wp-json\/wp\/v2\/lugar\/50064\/revisions"}],"wp:featuredmedia":[{"embeddable":true,"href":"https:\/\/www.turismodealmeria.org\/fr\/wp-json\/wp\/v2\/media\/25516"}],"wp:attachment":[{"href":"https:\/\/www.turismodealmeria.org\/fr\/wp-json\/wp\/v2\/media?parent=50064"}],"curies":[{"name":"wp","href":"https:\/\/api.w.org\/{rel}","templated":true}]}}