{"id":56542,"date":"2022-05-05T17:07:34","date_gmt":"2022-05-05T15:07:34","guid":{"rendered":"https:\/\/www.turismodealmeria.org\/fiestas-y-tradiciones\/"},"modified":"2024-12-19T11:14:26","modified_gmt":"2024-12-19T09:14:26","slug":"fetes-et-traditions","status":"publish","type":"page","link":"https:\/\/www.turismodealmeria.org\/fr\/fetes-et-traditions\/","title":{"rendered":"F\u00eates et traditions"},"content":{"rendered":"<div class=\"wpb-content-wrapper\"><p>[vc_row][vc_column width=\u00a0\u00bb1\/1&Prime;][vc_custom_heading text_color=\u00a0\u00bbcolor-sea-blue\u00a0\u00bb text_size=\u00a0\u00bbfontsize-120373&Prime; uncode_shortcode_id=\u00a0\u00bb183373&Prime; text_color_type=\u00a0\u00bbuncode-palette\u00a0\u00bb el_class=\u00a0\u00bbmt-0&Prime;]Carnavals[\/vc_custom_heading][vc_column_text uncode_shortcode_id=\u00a0\u00bb186490&Prime; css=\u00a0\u00bb.vc_custom_1647947291196{margin-top: 10px !important;}\u00a0\u00bb el_class=\u00a0\u00bbseparador-titulo-detalle\u00a0\u00bb]<\/p>\n<hr \/>\n<p>[\/vc_column_text][vc_column_text uncode_shortcode_id=\u00a0\u00bb369710&Prime;]Dans la ville d\u2019Almeria, le Carnaval est une tradition au sein du calendrier des f\u00eates o\u00f9 les murgas, confr\u00e9ries, parodies et groupes de carnaval avec leurs d\u00e9guisements, parcourent toute la ville afin d\u2019amuser les habitants et la remplir de couleur.<br \/>\nLe carnaval prend la rue et diff\u00e9rents types d\u2019\u00e9v\u00e8nements sont organis\u00e9s pour la population et les visiteurs, comme un concours pour la d\u00e9signation d\u2019un Dieu et d\u2019une D\u00e9esse du carnaval, une annonce de f\u00eate, concerts, festivals pour enfants, concours musicaux o\u00f9 les diff\u00e9rentes confr\u00e9ries se disputent la premi\u00e8re position au carnaval d\u2019Almeria, etc. L\u2019autre \u00e9v\u00e8nement remarquable est le festival Friki Show r\u00e9alis\u00e9 sur la Promenade d\u2019Almeria qui devient un cirque de carnaval avec des spectacles d\u2019illusionnisme, imitations, concerts et d\u00e9fil\u00e9s de carnaval, o\u00f9 les familleset les amis se r\u00e9unissent pour se d\u00e9guiser et se promener dans les rues les plus embl\u00e9matiques de la ville pour jouir de l\u2019ambiance festive cr\u00e9e par les fanatiques du carnaval qui collaborent pour r\u00e9aliser une journ\u00e9e magnifique, pleine de lumi\u00e8re et de couleurs. Les d\u00e9fil\u00e9s des groupes de Carnaval sont habituels en cette \u00e9poque et tous chantent dans les rues pour spectateurs qui les \u00e9coutent et jouissent du carnaval.<br \/>\nEnfin, le carnaval d\u2019Almeria termine avec le fameux enterrement de la sardine qui a lieu sur la Plage de las Almadrabillas : en premier lieu, il y a le d\u00e9fil\u00e9 des groupes dans les rues du centre historique, o\u00f9 le testament est lu et post\u00e9rieurement, le b\u00fbcher de la sardine est allum\u00e9, et il y a un nouveau spectacle des Groupes de Carnaval.[\/vc_column_text][vc_gallery el_id=\u00a0\u00bbcarnavales\u00a0\u00bb isotope_mode=\u00a0\u00bbpackery\u00a0\u00bb medias=\u00a0\u00bb65267,65271,65275&Prime; gutter_size=\u00a0\u00bb2&Prime; media_items=\u00a0\u00bbmedia|lightbox|original\u00a0\u00bb screen_lg=\u00a0\u00bb1000&Prime; screen_md=\u00a0\u00bb600&Prime; screen_sm=\u00a0\u00bb480&Prime; images_size=\u00a0\u00bbfour-three\u00a0\u00bb single_overlay_opacity=\u00a0\u00bb50&Prime; single_padding=\u00a0\u00bb2&Prime; uncode_shortcode_id=\u00a0\u00bb721808&Prime; items=\u00a0\u00bbeyIxOTM5OV9pIjp7InNpbmdsZV93aWR0aCI6IjciLCJpbWFnZXNfc2l6ZSI6InRocmVlLXR3byJ9LCIxOTM5OF9pIjp7InNpbmdsZV93aWR0aCI6IjUiLCJpbWFnZXNfc2l6ZSI6InNpeHRlZW4tbmluZSJ9LCIyMTU3Ml9pIjp7ImltYWdlc19zaXplIjoiZm91ci10aHJlZSJ9LCIyMTEzOV9pIjp7ImltYWdlc19zaXplIjoidGhyZWUtdHdvIiwic2luZ2xlX3dpZHRoIjoiNSJ9LCIxOTQwMF9pIjp7ImltYWdlc19zaXplIjoiZm91ci10aHJlZSJ9LCIxMDIyNl9pIjp7InNpbmdsZV93aWR0aCI6IjciLCJpbWFnZXNfc2l6ZSI6InNpeHRlZW4tbmluZSJ9LCIxMDIzMl9pIjp7InNpbmdsZV93aWR0aCI6IjQiLCJpbWFnZXNfc2l6ZSI6ImZvdXItdGhyZWUifSwiMzYxNDRfaSI6eyJpbWFnZXNfc2l6ZSI6ImZvdXItdGhyZWUifSwiOTkzMl9pIjp7InNpbmdsZV93aWR0aCI6IjciLCJpbWFnZXNfc2l6ZSI6InNpeHRlZW4tbmluZSJ9LCI0NzE3OV9pIjp7InNpbmdsZV93aWR0aCI6IjciLCJpbWFnZXNfc2l6ZSI6InNpeHRlZW4tbmluZSJ9LCI0NzE5M19pIjp7InNpbmdsZV93aWR0aCI6IjciLCJpbWFnZXNfc2l6ZSI6IiJ9LCI0ODE5MF9pIjp7ImltYWdlc19zaXplIjoiZm91ci10aHJlZSJ9LCI0ODE5NF9pIjp7ImltYWdlc19zaXplIjoiZm91ci10aHJlZSJ9LCI0ODE5OF9pIjp7ImltYWdlc19zaXplIjoiZm91ci10aHJlZSJ9LCI0ODIwMl9pIjp7InNpbmdsZV93aWR0aCI6IjcifSwiNDgyMTBfaSI6eyJzaW5nbGVfd2lkdGgiOiI1IiwiaW1hZ2VzX3NpemUiOiJ0aHJlZS10d28ifX0=\u00a0\u00bb el_class=\u00a0\u00bbborder-radius-5px\u00a0\u00bb][\/vc_column][\/vc_row][vc_row][vc_column width=\u00a0\u00bb1\/1&Prime;][vc_custom_heading text_color=\u00a0\u00bbcolor-sea-blue\u00a0\u00bb text_size=\u00a0\u00bbfontsize-120373&Prime; uncode_shortcode_id=\u00a0\u00bb882361&Prime; text_color_type=\u00a0\u00bbuncode-palette\u00a0\u00bb el_class=\u00a0\u00bbmt-0&Prime;]Semaine Sainte<br \/>\n[\/vc_custom_heading][vc_column_text uncode_shortcode_id=\u00a0\u00bb186490&Prime; css=\u00a0\u00bb.vc_custom_1647947291196{margin-top: 10px !important;}\u00a0\u00bb el_class=\u00a0\u00bbseparador-titulo-detalle\u00a0\u00bb]<\/p>\n<hr \/>\n<p>[\/vc_column_text][vc_column_text uncode_shortcode_id=\u00a0\u00bb123400&Prime;]La Semaine Sainte d\u2019Almeria commen\u00e7a \u00e0 \u00eatre organis\u00e9e comme Chemin de Croix au d\u00e9but du XVI\u00e8me si\u00e8cle, en partant de la Mairie, mais, apr\u00e8s la construction de la Cath\u00e9drale en 1.524, elle a adopt\u00e9 ce temple comme point de d\u00e9part.<br \/>\nLa Passion de Christ fut repr\u00e9sent\u00e9e par des groupes sculpturaux qui organisaient des processions dans les rues d\u2019Almeria. Cette sortie de procession re\u00e7oit le nom de station de la p\u00e9nitence, o\u00f9 les images de chacune des confr\u00e9ries sont accompagn\u00e9s par des p\u00e9nitents et des paroissiens. \u00c0 partir de 1900, certaines des confr\u00e9ries dissoutes au XIX\u00e8me si\u00e8cle se reforment, mais durant la Guerre Civile Espagnole une bonne partie des images des confr\u00e9ries fut d\u00e9truite. Durant la d\u00e9cennie de 1940 et 1950, certaines images furent r\u00e9cup\u00e9r\u00e9es et plusieurs confr\u00e9ries se form\u00e8rent.<\/p>\n<p>La Semaine Sainte d\u2019Almeria a connu un grand essor \u00e0 partir de la d\u00e9cennie de 1980. En 1983, 11 confr\u00e9ries organis\u00e8rent des processions et, en 1984, elles furent 14. Actuellement la Semaine Sainte d\u2019Almeria r\u00e9unit 25 confr\u00e9ries, 21 de Passion et 4 de Gloire.<br \/>\nL\u2019organe charg\u00e9 de la r\u00e9gulation de l\u2019ensemble des confr\u00e9ries de la ville est le Groupement des Confr\u00e9ries de la Ville d\u2019Almeria. La plupart des confr\u00e9ries furent cr\u00e9\u00e9es au d\u00e9but du XVI\u00e8me si\u00e8cle, mais ce ne fut que vers la moiti\u00e9 du XX\u00e8me si\u00e8cle que la grande majorit\u00e9 d\u2019entre elles furent refond\u00e9es.<\/p>\n<p>Le Parcours officiel passe par la Promenade d\u2019Almeria, mais la Place de la Cath\u00e9drale est un point qui r\u00e9unit la plupart des images au long de leurs diff\u00e9rents itin\u00e9raires.<\/p>\n<p>La Semaine Sainte est d\u00e9clar\u00e9e d\u2019int\u00e9r\u00eat Touristique National d\u2019Andalousie.[\/vc_column_text][vc_gallery el_id=\u00a0\u00bbsemana-santa\u00a0\u00bb isotope_mode=\u00a0\u00bbpackery\u00a0\u00bb medias=\u00a0\u00bb65280,65284,65288&Prime; gutter_size=\u00a0\u00bb2&Prime; media_items=\u00a0\u00bbmedia|lightbox|original\u00a0\u00bb screen_lg=\u00a0\u00bb1000&Prime; screen_md=\u00a0\u00bb600&Prime; screen_sm=\u00a0\u00bb480&Prime; images_size=\u00a0\u00bbfour-three\u00a0\u00bb single_overlay_opacity=\u00a0\u00bb50&Prime; single_padding=\u00a0\u00bb2&Prime; uncode_shortcode_id=\u00a0\u00bb169847&Prime; items=\u00a0\u00bbeyIxOTM5OV9pIjp7InNpbmdsZV93aWR0aCI6IjciLCJpbWFnZXNfc2l6ZSI6InRocmVlLXR3byJ9LCIxOTM5OF9pIjp7InNpbmdsZV93aWR0aCI6IjUiLCJpbWFnZXNfc2l6ZSI6InNpeHRlZW4tbmluZSJ9LCIyMTU3Ml9pIjp7ImltYWdlc19zaXplIjoiZm91ci10aHJlZSJ9LCIyMTEzOV9pIjp7ImltYWdlc19zaXplIjoidGhyZWUtdHdvIiwic2luZ2xlX3dpZHRoIjoiNSJ9LCIxOTQwMF9pIjp7ImltYWdlc19zaXplIjoiZm91ci10aHJlZSJ9LCIxMDIyNl9pIjp7InNpbmdsZV93aWR0aCI6IjciLCJpbWFnZXNfc2l6ZSI6InNpeHRlZW4tbmluZSJ9LCIxMDIzMl9pIjp7InNpbmdsZV93aWR0aCI6IjQiLCJpbWFnZXNfc2l6ZSI6ImZvdXItdGhyZWUifSwiMzYxNDRfaSI6eyJpbWFnZXNfc2l6ZSI6ImZvdXItdGhyZWUifSwiOTkzMl9pIjp7InNpbmdsZV93aWR0aCI6IjciLCJpbWFnZXNfc2l6ZSI6InNpeHRlZW4tbmluZSJ9LCI0NzE3OV9pIjp7InNpbmdsZV93aWR0aCI6IjciLCJpbWFnZXNfc2l6ZSI6InNpeHRlZW4tbmluZSJ9LCI0NzE5M19pIjp7InNpbmdsZV93aWR0aCI6IjciLCJpbWFnZXNfc2l6ZSI6IiJ9LCI0ODE5MF9pIjp7ImltYWdlc19zaXplIjoiZm91ci10aHJlZSJ9LCI0ODE5NF9pIjp7ImltYWdlc19zaXplIjoiZm91ci10aHJlZSJ9LCI0ODE5OF9pIjp7ImltYWdlc19zaXplIjoiZm91ci10aHJlZSJ9LCI0ODIwMl9pIjp7InNpbmdsZV93aWR0aCI6IjcifSwiNDgyMTBfaSI6eyJzaW5nbGVfd2lkdGgiOiI1IiwiaW1hZ2VzX3NpemUiOiJ0aHJlZS10d28ifX0=\u00a0\u00bb el_class=\u00a0\u00bbborder-radius-5px\u00a0\u00bb][\/vc_column][\/vc_row][vc_row][vc_column width=\u00a0\u00bb1\/1&Prime;][vc_custom_heading text_color=\u00a0\u00bbcolor-sea-blue\u00a0\u00bb text_size=\u00a0\u00bbfontsize-120373&Prime; uncode_shortcode_id=\u00a0\u00bb295595&Prime; text_color_type=\u00a0\u00bbuncode-palette\u00a0\u00bb el_class=\u00a0\u00bbmt-0&Prime;]Nuit de San Juan (Saint Jean)[\/vc_custom_heading][vc_column_text uncode_shortcode_id=\u00a0\u00bb186490&Prime; css=\u00a0\u00bb.vc_custom_1647947291196{margin-top: 10px !important;}\u00a0\u00bb el_class=\u00a0\u00bbseparador-titulo-detalle\u00a0\u00bb]<\/p>\n<hr \/>\n<p>[\/vc_column_text][vc_column_text uncode_shortcode_id=\u00a0\u00bb132283&Prime;]La Veille de San Juan ou la Nuit de San Juan est une festivit\u00e9 qui a des racines profondes \u00e0 Almeria. Cette festivit\u00e9 co\u00efncide avec d\u2019autres f\u00eates d\u2019origine pa\u00efenne (Litha) c\u00e9l\u00e9br\u00e9es au solstice, le 21 juin, pour souhaiter la bienvenue \u00e0 l\u2019\u00e9t\u00e9, dans l\u2019h\u00e9misph\u00e8re Nord, et dont le rite principal consiste \u00e0 allumer un feu pour se purifier en le contemplant et conf\u00e9rer plus de force au soleil qui, \u00e0 partir de ces jours, deviendra de plus en plus faible, car les jours commencent \u00e0 se raccourcir jusqu\u2019au solstice d\u2019hiver.<br \/>\nPlusieurs \u00e9v\u00e8nements sont pr\u00e9vus sur les 16 plages de la ville o\u00f9 il est possible de jouir du grand spectacle des feux d\u2019artifice offerts par la ville qui se lancent d\u2019un point connu sous le nom d\u2019 \u00ab\u00a0Espig\u00f3n de los Gatos\u00a0\u00bb.<\/p>\n<p>Selon la tradition, des feux sont allum\u00e9s avec des piles de bois amoncel\u00e9es sur la plage, et il est alors courant d\u2019\u00e9crire sur un morceau de papier tous les d\u00e9sirs futurs et les souvenirs que nous voulons effacer de notre vie pour les bruler dans les grands feux de la Saint Jean et atteindre la purification.<br \/>\nDurant le Nuit de San Juan, de nombreux concerts sont tenus sur les plages tout au long de celle du Palmeral o\u00f9 les gens peuvent jouir d\u2019une grande vari\u00e9t\u00e9 de musique, ce qui cr\u00e9e une ambiance festive parfaite pour jouir du sable, de la mer, de la brise marine, de la chaleur des feux et d\u2019une bonne compagnie.<\/p>\n<p>C\u2019est alors que les gens se r\u00e9unissent sur les plages avec leurs familles et amis et font des feux sur le sable tout au long de la nuit, tout en pr\u00e9parant des sardines, des barbecues de viande, etc.<br \/>\nD\u2019autres personnes pr\u00e9f\u00e8rent se promener, prendre un pot sur la Promenade Maritime, El Toyo, Costacabana ou Retamar.<\/p>\n<p>Aux alentours de minuit, les feux d\u2019artifice commencent et cela signifie que l\u2019heure est venue, selon la tradition, de se mouiller les pieds, les mains et les yeux pour se purifier et avoir de la chance, et il y a m\u00eame quelques courageux qui se lancent directement \u00e0 l\u2019eau. Ensuite, il est normal de sauter sur les feux et de se r\u00e9chauffer en continuant \u00e0 jouir de la nuit jusqu\u2019\u00e0 l\u2019aube.[\/vc_column_text][vc_gallery el_id=\u00a0\u00bbnoche-san-juan\u00a0\u00bb isotope_mode=\u00a0\u00bbpackery\u00a0\u00bb medias=\u00a0\u00bb65296,65292,65301&Prime; gutter_size=\u00a0\u00bb2&Prime; media_items=\u00a0\u00bbmedia|lightbox|original\u00a0\u00bb screen_lg=\u00a0\u00bb1000&Prime; screen_md=\u00a0\u00bb600&Prime; screen_sm=\u00a0\u00bb480&Prime; images_size=\u00a0\u00bbfour-three\u00a0\u00bb single_overlay_opacity=\u00a0\u00bb50&Prime; single_padding=\u00a0\u00bb2&Prime; uncode_shortcode_id=\u00a0\u00bb963936&Prime; items=\u00a0\u00bbeyIxOTM5OV9pIjp7InNpbmdsZV93aWR0aCI6IjciLCJpbWFnZXNfc2l6ZSI6InRocmVlLXR3byJ9LCIxOTM5OF9pIjp7InNpbmdsZV93aWR0aCI6IjUiLCJpbWFnZXNfc2l6ZSI6InNpeHRlZW4tbmluZSJ9LCIyMTU3Ml9pIjp7ImltYWdlc19zaXplIjoiZm91ci10aHJlZSJ9LCIyMTEzOV9pIjp7ImltYWdlc19zaXplIjoidGhyZWUtdHdvIiwic2luZ2xlX3dpZHRoIjoiNSJ9LCIxOTQwMF9pIjp7ImltYWdlc19zaXplIjoiZm91ci10aHJlZSJ9LCIxMDIyNl9pIjp7InNpbmdsZV93aWR0aCI6IjciLCJpbWFnZXNfc2l6ZSI6InNpeHRlZW4tbmluZSJ9LCIxMDIzMl9pIjp7InNpbmdsZV93aWR0aCI6IjQiLCJpbWFnZXNfc2l6ZSI6ImZvdXItdGhyZWUifSwiMzYxNDRfaSI6eyJpbWFnZXNfc2l6ZSI6ImZvdXItdGhyZWUifSwiOTkzMl9pIjp7InNpbmdsZV93aWR0aCI6IjciLCJpbWFnZXNfc2l6ZSI6InNpeHRlZW4tbmluZSJ9LCI0NzE3OV9pIjp7InNpbmdsZV93aWR0aCI6IjciLCJpbWFnZXNfc2l6ZSI6InNpeHRlZW4tbmluZSJ9LCI0NzE5M19pIjp7InNpbmdsZV93aWR0aCI6IjciLCJpbWFnZXNfc2l6ZSI6IiJ9LCI0ODE5MF9pIjp7ImltYWdlc19zaXplIjoiZm91ci10aHJlZSJ9LCI0ODE5NF9pIjp7ImltYWdlc19zaXplIjoiZm91ci10aHJlZSJ9LCI0ODE5OF9pIjp7ImltYWdlc19zaXplIjoiZm91ci10aHJlZSJ9LCI0ODIwMl9pIjp7InNpbmdsZV93aWR0aCI6IjcifSwiNDgyMTBfaSI6eyJzaW5nbGVfd2lkdGgiOiI1IiwiaW1hZ2VzX3NpemUiOiJ0aHJlZS10d28ifX0=\u00a0\u00bb el_class=\u00a0\u00bbborder-radius-5px\u00a0\u00bb][\/vc_column][\/vc_row][vc_row][vc_column width=\u00a0\u00bb1\/1&Prime;][vc_custom_heading text_color=\u00a0\u00bbcolor-sea-blue\u00a0\u00bb text_size=\u00a0\u00bbfontsize-120373&Prime; uncode_shortcode_id=\u00a0\u00bb129527&Prime; text_color_type=\u00a0\u00bbuncode-palette\u00a0\u00bb el_class=\u00a0\u00bbmt-0&Prime;]Croix de Mai[\/vc_custom_heading][vc_column_text uncode_shortcode_id=\u00a0\u00bb186490&Prime; css=\u00a0\u00bb.vc_custom_1647947291196{margin-top: 10px !important;}\u00a0\u00bb el_class=\u00a0\u00bbseparador-titulo-detalle\u00a0\u00bb]<\/p>\n<hr \/>\n<p>[\/vc_column_text][vc_column_text uncode_shortcode_id=\u00a0\u00bb186529&Prime;]La festivit\u00e9 de la Croix de Mai, connue sous le nom de festivit\u00e9 de Mai, est c\u00e9l\u00e9br\u00e9e \u00e0 Almeria durant la premi\u00e8re semaine de ce mois et ses deux weekends correspondants.<br \/>\nCette festivit\u00e9 est influenc\u00e9e depuis les temps anciens par les f\u00eates pa\u00efennes romaines et par les rites pr\u00e9chr\u00e9tiens qui f\u00eataient la moiti\u00e9 du printemps en rendant hommage \u00e0 la nature.<\/p>\n<p>Selon la tradition, une jeune v\u00eatue de blanc et couronn\u00e9e de fleurs \u00e9tait \u2018\u2018la maya\u2019\u2019, une claire allusion au mois des fleurs. \u00c0 cette \u00e9poque festive, il \u00e9tait tr\u00e8s commun de r\u00e9aliser des danses rituelles, de chanter ou de r\u00e9citer des po\u00e8mes pour f\u00eater l\u2019arriv\u00e9e du printemps.<\/p>\n<p>Plus sp\u00e9cialement \u00e0 Almeria, les fraternit\u00e9s de Semaine Sainte, les associations de tous types et les pe\u00f1as f\u00eatent cette \u00e9poque en pla\u00e7ant des d\u00e9corations sur un arbre ou en pla\u00e7ant un tronc ou totem sur lequel on fait la repr\u00e9sentation d\u2019une croix orn\u00e9e de tous types de fleurs, en formant un joli d\u00e9cor avec des \u00e9l\u00e9ments traditionnels d\u2019Almeria comme des guirlandes, des chapeaux, des guitares espagnoles, des g\u00e9raniums en pot, des hortensias, des chapelets, des plats en c\u00e9ramique, des casseroles en cuivre, des lanternes, \u00e9ventails, ch\u00e2les de Manille et des ciseaux ouverts clou\u00e9s sur un p\u00e2t\u00e9 de maisons (anciennement connu sous le nom de peros), afin de faire vivre la tradition \u2018\u2018pour couper les peros\u2019\u2019 c\u2019est \u00e0 dire, pour couper les critiques de ceux qui s\u2019approchent \u00e0 la croix.<br \/>\nLes participants se pr\u00e9sentent \u00e0 un concours o\u00f9 ils re\u00e7oivent un Prix \u00e0 la meilleure Croix.<\/p>\n<p>Normalement, la population se r\u00e9unit aux points o\u00f9 se trouvent les croix de mai afin de les visiter car les enceintes o\u00f9 ces croix sont plac\u00e9es de mani\u00e8re \u00e0 ce que tous les visiteurs puissent jouit d\u2019une ambiance festive en compagnie de la famille et des amis et o\u00f9 puissent d\u00e9guster des plats typiques, comme les gurullos, bl\u00e9, migas, g\u00e2teaux, etc.[\/vc_column_text][vc_gallery el_id=\u00a0\u00bbcruces-mayo\u00a0\u00bb isotope_mode=\u00a0\u00bbpackery\u00a0\u00bb medias=\u00a0\u00bb65305,65309,65313&Prime; gutter_size=\u00a0\u00bb2&Prime; media_items=\u00a0\u00bbmedia|lightbox|original\u00a0\u00bb screen_lg=\u00a0\u00bb1000&Prime; screen_md=\u00a0\u00bb600&Prime; screen_sm=\u00a0\u00bb480&Prime; images_size=\u00a0\u00bbfour-three\u00a0\u00bb single_overlay_opacity=\u00a0\u00bb50&Prime; single_padding=\u00a0\u00bb2&Prime; uncode_shortcode_id=\u00a0\u00bb196794&Prime; items=\u00a0\u00bbeyIxOTM5OV9pIjp7InNpbmdsZV93aWR0aCI6IjciLCJpbWFnZXNfc2l6ZSI6InRocmVlLXR3byJ9LCIxOTM5OF9pIjp7InNpbmdsZV93aWR0aCI6IjUiLCJpbWFnZXNfc2l6ZSI6InNpeHRlZW4tbmluZSJ9LCIyMTU3Ml9pIjp7ImltYWdlc19zaXplIjoiZm91ci10aHJlZSJ9LCIyMTEzOV9pIjp7ImltYWdlc19zaXplIjoidGhyZWUtdHdvIiwic2luZ2xlX3dpZHRoIjoiNSJ9LCIxOTQwMF9pIjp7ImltYWdlc19zaXplIjoiZm91ci10aHJlZSJ9LCIxMDIyNl9pIjp7InNpbmdsZV93aWR0aCI6IjciLCJpbWFnZXNfc2l6ZSI6InNpeHRlZW4tbmluZSJ9LCIxMDIzMl9pIjp7InNpbmdsZV93aWR0aCI6IjQiLCJpbWFnZXNfc2l6ZSI6ImZvdXItdGhyZWUifSwiMzYxNDRfaSI6eyJpbWFnZXNfc2l6ZSI6ImZvdXItdGhyZWUifSwiOTkzMl9pIjp7InNpbmdsZV93aWR0aCI6IjciLCJpbWFnZXNfc2l6ZSI6InNpeHRlZW4tbmluZSJ9LCI0NzE3OV9pIjp7InNpbmdsZV93aWR0aCI6IjciLCJpbWFnZXNfc2l6ZSI6InNpeHRlZW4tbmluZSJ9LCI0NzE5M19pIjp7InNpbmdsZV93aWR0aCI6IjciLCJpbWFnZXNfc2l6ZSI6IiJ9LCI0ODE5MF9pIjp7ImltYWdlc19zaXplIjoiZm91ci10aHJlZSJ9LCI0ODE5NF9pIjp7ImltYWdlc19zaXplIjoiZm91ci10aHJlZSJ9LCI0ODE5OF9pIjp7ImltYWdlc19zaXplIjoiZm91ci10aHJlZSJ9LCI0ODIwMl9pIjp7InNpbmdsZV93aWR0aCI6IjcifSwiNDgyMTBfaSI6eyJzaW5nbGVfd2lkdGgiOiI1IiwiaW1hZ2VzX3NpemUiOiJ0aHJlZS10d28ifX0=\u00a0\u00bb el_class=\u00a0\u00bbborder-radius-5px\u00a0\u00bb][\/vc_column][\/vc_row][vc_row][vc_column width=\u00a0\u00bb1\/1&Prime;][vc_custom_heading text_color=\u00a0\u00bbcolor-sea-blue\u00a0\u00bb text_size=\u00a0\u00bbfontsize-120373&Prime; uncode_shortcode_id=\u00a0\u00bb162425&Prime; text_color_type=\u00a0\u00bbuncode-palette\u00a0\u00bb el_class=\u00a0\u00bbmt-0&Prime;]Foires et F\u00eates d\u2019Almeria[\/vc_custom_heading][vc_column_text uncode_shortcode_id=\u00a0\u00bb186490&Prime; css=\u00a0\u00bb.vc_custom_1647947291196{margin-top: 10px !important;}\u00a0\u00bb el_class=\u00a0\u00bbseparador-titulo-detalle\u00a0\u00bb]<\/p>\n<hr \/>\n<p>[\/vc_column_text][vc_column_text uncode_shortcode_id=\u00a0\u00bb186952&Prime;]La Foire et F\u00eates d\u2019Almeria, sont c\u00e9l\u00e9br\u00e9es \u00e0 partir de la deuxi\u00e8me quinzaine d\u2019ao\u00fbt, en honneur de la Patronne d\u2019Almeria, la Virgen del Mar.<\/p>\n<p>Durant plusieurs jours, plusieurs activit\u00e9s sont r\u00e9alis\u00e9es: sportives, course de taureaux, la Foire du Midi (qui chaque ann\u00e9e deviennent plus importantes) avec l\u2019installation de buvettes dans le centre de la ville, et il y a aussi des activit\u00e9s \u00e9questres et la Foire de Poterie Populaire.<\/p>\n<p>La Foire de la nuit, est \u00e9galement tr\u00e8s populaire, avec une multitude de stands, et o\u00f9 le bal et l\u2019animation sont les protagonistes.[\/vc_column_text][vc_gallery el_id=\u00a0\u00bbferia-fiestas-almeria\u00a0\u00bb isotope_mode=\u00a0\u00bbpackery\u00a0\u00bb medias=\u00a0\u00bb65318,65322,65326&Prime; gutter_size=\u00a0\u00bb2&Prime; media_items=\u00a0\u00bbmedia|lightbox|original\u00a0\u00bb screen_lg=\u00a0\u00bb1000&Prime; screen_md=\u00a0\u00bb600&Prime; screen_sm=\u00a0\u00bb480&Prime; images_size=\u00a0\u00bbfour-three\u00a0\u00bb single_overlay_opacity=\u00a0\u00bb50&Prime; single_padding=\u00a0\u00bb2&Prime; uncode_shortcode_id=\u00a0\u00bb147214&Prime; items=\u00a0\u00bbeyIxOTM5OV9pIjp7InNpbmdsZV93aWR0aCI6IjciLCJpbWFnZXNfc2l6ZSI6InRocmVlLXR3byJ9LCIxOTM5OF9pIjp7InNpbmdsZV93aWR0aCI6IjUiLCJpbWFnZXNfc2l6ZSI6InNpeHRlZW4tbmluZSJ9LCIyMTU3Ml9pIjp7ImltYWdlc19zaXplIjoiZm91ci10aHJlZSJ9LCIyMTEzOV9pIjp7ImltYWdlc19zaXplIjoidGhyZWUtdHdvIiwic2luZ2xlX3dpZHRoIjoiNSJ9LCIxOTQwMF9pIjp7ImltYWdlc19zaXplIjoiZm91ci10aHJlZSJ9LCIxMDIyNl9pIjp7InNpbmdsZV93aWR0aCI6IjciLCJpbWFnZXNfc2l6ZSI6InNpeHRlZW4tbmluZSJ9LCIxMDIzMl9pIjp7InNpbmdsZV93aWR0aCI6IjQiLCJpbWFnZXNfc2l6ZSI6ImZvdXItdGhyZWUifSwiMzYxNDRfaSI6eyJpbWFnZXNfc2l6ZSI6ImZvdXItdGhyZWUifSwiOTkzMl9pIjp7InNpbmdsZV93aWR0aCI6IjciLCJpbWFnZXNfc2l6ZSI6InNpeHRlZW4tbmluZSJ9LCI0NzE3OV9pIjp7InNpbmdsZV93aWR0aCI6IjciLCJpbWFnZXNfc2l6ZSI6InNpeHRlZW4tbmluZSJ9LCI0NzE5M19pIjp7InNpbmdsZV93aWR0aCI6IjciLCJpbWFnZXNfc2l6ZSI6IiJ9LCI0ODE5MF9pIjp7ImltYWdlc19zaXplIjoiZm91ci10aHJlZSJ9LCI0ODE5NF9pIjp7ImltYWdlc19zaXplIjoiZm91ci10aHJlZSJ9LCI0ODE5OF9pIjp7ImltYWdlc19zaXplIjoiZm91ci10aHJlZSJ9LCI0ODIwMl9pIjp7InNpbmdsZV93aWR0aCI6IjcifSwiNDgyMTBfaSI6eyJzaW5nbGVfd2lkdGgiOiI1IiwiaW1hZ2VzX3NpemUiOiJ0aHJlZS10d28ifX0=\u00a0\u00bb el_class=\u00a0\u00bbborder-radius-5px\u00a0\u00bb][\/vc_column][\/vc_row][vc_row][vc_column width=\u00a0\u00bb1\/1&Prime;][vc_custom_heading text_color=\u00a0\u00bbcolor-sea-blue\u00a0\u00bb text_size=\u00a0\u00bbfontsize-120373&Prime; uncode_shortcode_id=\u00a0\u00bb118976&Prime; text_color_type=\u00a0\u00bbuncode-palette\u00a0\u00bb el_class=\u00a0\u00bbmt-0&Prime;]Traditions locales[\/vc_custom_heading][vc_column_text uncode_shortcode_id=\u00a0\u00bb186490&Prime; css=\u00a0\u00bb.vc_custom_1647947291196{margin-top: 10px !important;}\u00a0\u00bb el_class=\u00a0\u00bbseparador-titulo-detalle\u00a0\u00bb]<\/p>\n<hr \/>\n<p>[\/vc_column_text][\/vc_column][\/vc_row][vc_row row_height_percent=\u00a0\u00bb0&Prime; override_padding=\u00a0\u00bbyes\u00a0\u00bb h_padding=\u00a0\u00bb2&Prime; top_padding=\u00a0\u00bb0&Prime; bottom_padding=\u00a0\u00bb2&Prime; overlay_alpha=\u00a0\u00bb50&Prime; gutter_size=\u00a0\u00bb3&Prime; column_width_percent=\u00a0\u00bb100&Prime; shift_y=\u00a0\u00bb0&Prime; z_index=\u00a0\u00bb0&Prime; uncode_shortcode_id=\u00a0\u00bb695628&Prime;][vc_column width=\u00a0\u00bb1\/1&Prime;][vc_custom_heading text_color=\u00a0\u00bbcolor-sea-blue\u00a0\u00bb text_size=\u00a0\u00bbh3&Prime; uncode_shortcode_id=\u00a0\u00bb150358&Prime; text_color_type=\u00a0\u00bbuncode-palette\u00a0\u00bb el_class=\u00a0\u00bbmt-0&Prime;]Jour de San Esteban.[\/vc_custom_heading][vc_column_text uncode_shortcode_id=\u00a0\u00bb487399&Prime; el_class=\u00a0\u00bbmt-10&Prime;]Le 26 d\u00e9cembre, Almeria c\u00e9l\u00e8bre le jour de la banni\u00e8re, jour de San Esteban.<br \/>\nLe maire d\u2019Almeria pr\u00e9side l\u2019acte institutionnel de l\u2019hommage de la Mairie d\u2019Almeria \u00e0 la banni\u00e8re, qui comm\u00e9more la prise de la ville par les Rois Catholiques et son rattachement \u00e0 la Couronne de Castilla, le 26 d\u00e9cembre 1489. Les c\u00e9r\u00e9monies marquent une longue tradition, qui commence avec les salves r\u00e9glementaires en honneur du drapeau, qui signifient l\u2019entr\u00e9e des forces chr\u00e9tiennes \u00e0 Almeria durant le long processus de la Reconqu\u00eate, et elle est r\u00e9p\u00e9t\u00e9e trois fois par le maire alors qu\u2019il acclame l\u2019Espagne, l\u2019Andalousie, les Rois Catholiques et l\u2019Int\u00e9gration des peuples. La Corporation, les autorit\u00e9s civiles et militaires et les invit\u00e9s \u00e0 la c\u00e9r\u00e9monie se placent sous les arcades de la Place Vieja pour assister, depuis l\u00e0, au serment prit par le maire au conseiller municipal le plus jeune, qui est charg\u00e9 de porter le drapeau.<\/p>\n<p>Cette prise de serment est r\u00e9p\u00e9t\u00e9e trois fois, et la banni\u00e8re est descendue pendant que le Groupe musical interpr\u00e8te l\u2019hymne national. Derri\u00e8re le maire, le cort\u00e8ge se dirige ensuite \u00e0 la Cath\u00e9drale o\u00f9 se tient la traditionnelle Action de Gr\u00e2ce, puis la procession d\u00e9file et revient finalement \u00e0 la Cath\u00e9drale, pour une Messe Solennelle pr\u00e9sid\u00e9e par l\u2019\u00c9v\u00eaque.<\/p>\n<p>Apr\u00e8s la c\u00e9r\u00e9monie religieuse, le cort\u00e8ge retourne \u00e0 la Plaza Vieja, o\u00f9 le maire de la ville resalue trois fois l\u2019enseigne officielle.[\/vc_column_text][\/vc_column][\/vc_row][vc_row row_height_percent=\u00a0\u00bb0&Prime; override_padding=\u00a0\u00bbyes\u00a0\u00bb h_padding=\u00a0\u00bb2&Prime; top_padding=\u00a0\u00bb0&Prime; bottom_padding=\u00a0\u00bb2&Prime; overlay_alpha=\u00a0\u00bb50&Prime; gutter_size=\u00a0\u00bb3&Prime; column_width_percent=\u00a0\u00bb100&Prime; shift_y=\u00a0\u00bb0&Prime; z_index=\u00a0\u00bb0&Prime; uncode_shortcode_id=\u00a0\u00bb159299&Prime;][vc_column width=\u00a0\u00bb1\/1&Prime;][vc_custom_heading text_color=\u00a0\u00bbcolor-sea-blue\u00a0\u00bb text_size=\u00a0\u00bbh3&Prime; uncode_shortcode_id=\u00a0\u00bb776214&Prime; text_color_type=\u00a0\u00bbuncode-palette\u00a0\u00bb el_class=\u00a0\u00bbmt-0&Prime;]Romeria \u00e0 Torregarc\u00eda[\/vc_custom_heading][vc_column_text uncode_shortcode_id=\u00a0\u00bb179059&Prime; el_class=\u00a0\u00bbmt-10&Prime;]Qui est l\u2019endroit o\u00f9 la Virgen del Mar, Patronne d\u2019Almeria, est apparue, en l\u2019an 1502, pr\u00e8s d\u2019un promontoire c\u00f4tier. Il y a l\u00e0 une Ermite pour la v\u00e9n\u00e9ration de l\u2019image. Les participants accompagnent l\u2019image en Romeria, depuis son Temple jusqu\u2019au Centre Historique, la Basilique de la Virgen del Mar, et jusqu\u2019\u00e0 cette plage pr\u00e8s du quartier de Retamar. C\u2019est alors le tour de mangers typiques, comme le riz et les migas, de promenades \u00e0 cheval, de repr\u00e9sentations de groupes folkloriques, et la journ\u00e9e est close par une messe pr\u00e9sid\u00e9e par l\u2019\u00c9v\u00eaque d\u2019Almeria.[\/vc_column_text][\/vc_column][\/vc_row][vc_row row_height_percent=\u00a0\u00bb0&Prime; override_padding=\u00a0\u00bbyes\u00a0\u00bb h_padding=\u00a0\u00bb2&Prime; top_padding=\u00a0\u00bb0&Prime; bottom_padding=\u00a0\u00bb2&Prime; overlay_alpha=\u00a0\u00bb50&Prime; gutter_size=\u00a0\u00bb3&Prime; column_width_percent=\u00a0\u00bb100&Prime; shift_y=\u00a0\u00bb0&Prime; z_index=\u00a0\u00bb0&Prime; uncode_shortcode_id=\u00a0\u00bb171834&Prime;][vc_column width=\u00a0\u00bb1\/1&Prime;][vc_custom_heading text_color=\u00a0\u00bbcolor-sea-blue\u00a0\u00bb text_size=\u00a0\u00bbh3&Prime; uncode_shortcode_id=\u00a0\u00bb352638&Prime; text_color_type=\u00a0\u00bbuncode-palette\u00a0\u00bb el_class=\u00a0\u00bbmt-0&Prime;]La Virgen del Carmen.[\/vc_custom_heading][vc_column_text uncode_shortcode_id=\u00a0\u00bb746374&Prime; el_class=\u00a0\u00bbmt-10&Prime;]Le 16 juillet, le quartier de Pescader\u00eda honore sa Vierge, patronne de tous les p\u00eacheurs. Il y a une procession marini\u00e8re et la Virgen del Carmen qui a son si\u00e8ge canonique dans l\u2019\u00e9glise de San Roque est plac\u00e9e dans un bateau qui sort du port de p\u00eache d\u2019Almeria.[\/vc_column_text][\/vc_column][\/vc_row][vc_row][vc_column width=\u00a0\u00bb1\/1&Prime;][vc_empty_space empty_h=\u00a0\u00bb2&Prime;][\/vc_column][\/vc_row]<\/p>\n<\/div>","protected":false},"excerpt":{"rendered":"<p>[vc_row][vc_column width=\u00a0\u00bb1\/1&Prime;][vc_custom_heading text_color=\u00a0\u00bbcolor-sea-blue\u00a0\u00bb text_size=\u00a0\u00bbfontsize-120373&Prime; uncode_shortcode_id=\u00a0\u00bb183373&Prime; text_color_type=\u00a0\u00bbuncode-palette\u00a0\u00bb el_class=\u00a0\u00bbmt-0&Prime;]Carnavals[\/vc_custom_heading][vc_column_text uncode_shortcode_id=\u00a0\u00bb186490&Prime; css=\u00a0\u00bb.vc_custom_1647947291196{margin-top: 10px !important;}\u00a0\u00bb el_class=\u00a0\u00bbseparador-titulo-detalle\u00a0\u00bb] [\/vc_column_text][vc_column_text uncode_shortcode_id=\u00a0\u00bb369710&Prime;]Dans la ville d\u2019Almeria, le Carnaval est [&hellip;]<\/p>\n","protected":false},"author":1,"featured_media":0,"parent":0,"menu_order":0,"comment_status":"closed","ping_status":"closed","template":"","meta":{"_acf_changed":false,"footnotes":""},"class_list":["post-56542","page","type-page","status-publish","hentry"],"acf":[],"ACF":{"imagen_cabecera":false},"_links":{"self":[{"href":"https:\/\/www.turismodealmeria.org\/fr\/wp-json\/wp\/v2\/pages\/56542","targetHints":{"allow":["GET"]}}],"collection":[{"href":"https:\/\/www.turismodealmeria.org\/fr\/wp-json\/wp\/v2\/pages"}],"about":[{"href":"https:\/\/www.turismodealmeria.org\/fr\/wp-json\/wp\/v2\/types\/page"}],"author":[{"embeddable":true,"href":"https:\/\/www.turismodealmeria.org\/fr\/wp-json\/wp\/v2\/users\/1"}],"replies":[{"embeddable":true,"href":"https:\/\/www.turismodealmeria.org\/fr\/wp-json\/wp\/v2\/comments?post=56542"}],"version-history":[{"count":0,"href":"https:\/\/www.turismodealmeria.org\/fr\/wp-json\/wp\/v2\/pages\/56542\/revisions"}],"wp:attachment":[{"href":"https:\/\/www.turismodealmeria.org\/fr\/wp-json\/wp\/v2\/media?parent=56542"}],"curies":[{"name":"wp","href":"https:\/\/api.w.org\/{rel}","templated":true}]}}