{"id":56875,"date":"2022-03-29T08:40:10","date_gmt":"2022-03-29T06:40:10","guid":{"rendered":"https:\/\/www.turismodealmeria.org\/tierra-de-cine\/"},"modified":"2024-12-19T12:05:39","modified_gmt":"2024-12-19T10:05:39","slug":"terre-de-cinema","status":"publish","type":"page","link":"https:\/\/www.turismodealmeria.org\/fr\/terre-de-cinema\/","title":{"rendered":"Terre de cinema"},"content":{"rendered":"<div class=\"wpb-content-wrapper\"><p>[vc_row][vc_column column_width_percent=\u00a0\u00bb100&Prime; gutter_size=\u00a0\u00bb2&Prime; overlay_alpha=\u00a0\u00bb50&Prime; shift_x=\u00a0\u00bb0&Prime; shift_y=\u00a0\u00bb0&Prime; shift_y_down=\u00a0\u00bb0&Prime; z_index=\u00a0\u00bb0&Prime; medium_width=\u00a0\u00bb0&Prime; mobile_width=\u00a0\u00bb0&Prime; width=\u00a0\u00bb1\/1&Prime; uncode_shortcode_id=\u00a0\u00bb675924&Prime;][vc_custom_heading text_color=\u00a0\u00bbcolor-sea-blue\u00a0\u00bb text_size=\u00a0\u00bbfontsize-35&Prime; text_weight=\u00a0\u00bb600&Prime; text_transform=\u00a0\u00bbuppercase\u00a0\u00bb uncode_shortcode_id=\u00a0\u00bb200066&Prime; text_color_type=\u00a0\u00bbuncode-palette\u00a0\u00bb]Un ensemble naturel[\/vc_custom_heading][vc_separator sep_color=\u00a0\u00bbcolor-amber\u00a0\u00bb uncode_shortcode_id=\u00a0\u00bb914759&Prime; el_class=\u00a0\u00bbplayas-forma-segura\u00a0\u00bb sep_color_type=\u00a0\u00bbuncode-palette\u00a0\u00bb el_width=\u00a0\u00bb200px\u00a0\u00bb el_height=\u00a0\u00bb8px\u00a0\u00bb][vc_column_text uncode_shortcode_id=\u00a0\u00bb110960&Prime;]L&rsquo;histoire d&rsquo;Almer\u00eda est \u00e9troitement li\u00e9e au cin\u00e9ma, surtout depuis les ann\u00e9es 1960. Les paysages et l&rsquo;excellent climat ont fait d&rsquo;Almer\u00eda l&rsquo;un des \u00ab d\u00e9cors naturels \u00bb les plus recherch\u00e9s de l&rsquo;industrie cin\u00e9matographique. L&rsquo;Alcazaba, les plages ou les b\u00e2timents uniques ont \u00e9t\u00e9 le th\u00e9\u00e2tre de certains classiques du cin\u00e9ma qui font d\u00e9j\u00e0 partie des grands succ\u00e8s.[\/vc_column_text][\/vc_column][\/vc_row][vc_row][vc_column column_width_percent=\u00a0\u00bb100&Prime; gutter_size=\u00a0\u00bb3&Prime; overlay_alpha=\u00a0\u00bb50&Prime; shift_x=\u00a0\u00bb0&Prime; shift_y=\u00a0\u00bb0&Prime; shift_y_down=\u00a0\u00bb0&Prime; z_index=\u00a0\u00bb0&Prime; medium_width=\u00a0\u00bb0&Prime; mobile_width=\u00a0\u00bb0&Prime; width=\u00a0\u00bb1\/1&Prime; uncode_shortcode_id=\u00a0\u00bb352001&Prime;][vc_custom_heading text_color=\u00a0\u00bbcolor-deep-teal\u00a0\u00bb text_size=\u00a0\u00bbh3&Prime; text_weight=\u00a0\u00bb600&Prime; uncode_shortcode_id=\u00a0\u00bb154413&Prime; text_color_type=\u00a0\u00bbuncode-palette\u00a0\u00bb]ALMER\u00cdA ET LE CIN\u00c9MA[\/vc_custom_heading][vc_column_text uncode_shortcode_id=\u00a0\u00bb206677&Prime;]Almeria et sa province constituent, sans le moindre doute, une r\u00e9f\u00e9rence pour les tournages cin\u00e9matographiques tant nationaux qu\u2019internationaux de notre pays. Nos paysages, notre lumi\u00e8re, le beau temps et nos monuments conf\u00e8rent \u00e0 Almeria des conditions id\u00e9ales pour les tournages \u00e0 l\u2019ext\u00e9rieur. Et, en d\u00e9pit du fait que de nombreuses personnes croient que Tabernas ou le Parc Naturel de Cabo de Gata N\u00edjar sont les emplacements principaux, <strong>il n\u2019en est pas moins vrai que la ville-m\u00eame d\u2019Almeria a servi au tournage de beaucoup de sc\u00e8nes des principales productions cin\u00e9matographiques<\/strong>.<\/p>\n<p>Ainsi, dans la ville, on peut visiter les emplacements choisis pour ces tournages, car Almeria a \u00e9t\u00e9 un endroit magique dans Conan le Barbare (Alcazaba d\u2019Almeria), a \u00e9t\u00e9 Messina dans Patton (Parc Nicol\u00e1s Salmer\u00f3n, la propri\u00e9t\u00e9 de Santa Isabel et la Cath\u00e9drale), Hatay dans Indiana Jones et la Derni\u00e8re Croisade (Ecole des Arts d\u2019Almeria et La Medina), Le Caire dans Lawrence d\u2019Arabie (Parc Nicol\u00e1s Salmer\u00f3n) et Tanger dans Le Vent et le Lion (Parc Nicol\u00e1s Salmer\u00f3n et l\u2019Ancien Casino Culturel).<\/p>\n<p>Actuellement, Almeria a servi comme lieu de tournage pour le Tr\u00f4ne de fer et R\u00e9surrection du Christ, qui ont utilis\u00e9 l\u2019Alcazaba pour recr\u00e9er l\u2019univers de George R. R. Martin et la J\u00e9rusalem de la mort de J\u00e9sus Christ.<\/p>\n<p>Vous pourrez en savoir plus sur le cin\u00e9ma dans la ville en suivant nos routes cin\u00e9matographiques et dans La Maison du Cin\u00e9ma, mus\u00e9e qui raconte l\u2019histoire du cin\u00e9ma dans la province d\u2019Almeria et qui a \u00e9t\u00e9 habit\u00e9e par John Lennon durant le tournage de Comment j\u2019ai gagn\u00e9 la guerre.[\/vc_column_text][vc_gallery el_id=\u00a0\u00bbalmeria-y-cine\u00a0\u00bb medias=\u00a0\u00bb57071,58793,48810&Prime; gutter_size=\u00a0\u00bb2&Prime; screen_lg=\u00a0\u00bb1000&Prime; screen_md=\u00a0\u00bb600&Prime; screen_sm=\u00a0\u00bb480&Prime; images_size=\u00a0\u00bbtwo-one\u00a0\u00bb single_overlay_opacity=\u00a0\u00bb50&Prime; single_padding=\u00a0\u00bb2&Prime; uncode_shortcode_id=\u00a0\u00bb198494&Prime; el_class=\u00a0\u00bbborder-radius-5px\u00a0\u00bb][\/vc_column][\/vc_row][vc_row][vc_column column_width_percent=\u00a0\u00bb100&Prime; gutter_size=\u00a0\u00bb3&Prime; overlay_alpha=\u00a0\u00bb50&Prime; shift_x=\u00a0\u00bb0&Prime; shift_y=\u00a0\u00bb0&Prime; shift_y_down=\u00a0\u00bb0&Prime; z_index=\u00a0\u00bb0&Prime; medium_width=\u00a0\u00bb0&Prime; mobile_width=\u00a0\u00bb0&Prime; width=\u00a0\u00bb1\/1&Prime; uncode_shortcode_id=\u00a0\u00bb136020&Prime;][vc_custom_heading text_color=\u00a0\u00bbcolor-deep-teal\u00a0\u00bb text_size=\u00a0\u00bbh3&Prime; text_weight=\u00a0\u00bb600&Prime; uncode_shortcode_id=\u00a0\u00bb937313&Prime; text_color_type=\u00a0\u00bbuncode-palette\u00a0\u00bb]ALL\u00c9E DES C\u00c9L\u00c9BRIT\u00c9S[\/vc_custom_heading][vc_column_text uncode_shortcode_id=\u00a0\u00bb202292&Prime;]Un tron\u00e7on de la rue po\u00e8te Villaespesa est appel\u00e9 Walk of Fame Almer\u00eda , qui rend hommage aux acteurs et grands cin\u00e9astes qui ont travaill\u00e9 dans la province<\/p>\n<p>Patrick Wayne, Omar Sharif, Ridley Scott, Denis O\u00b4Dell, \u00c1ngela Molina, Terry Gullian et Schwarzenegger, sont parmi les noms figurant dans ces \u00e9toiles de gloire.<\/p>\n<p>Outre le Walk of Fame a une application, il permet de conna\u00eetre la biographie de chaque acteur apporte son \u00e9toile sur la r\u00e9alit\u00e9 augment\u00e9e.[\/vc_column_text][vc_gallery el_id=\u00a0\u00bbpaseo-fama\u00a0\u00bb type=\u00a0\u00bbcarousel\u00a0\u00bb medias=\u00a0\u00bb67370,67362,67394,67374,67366,67358,67386,67390,67354,67382,67378&Prime; carousel_lg=\u00a0\u00bb4&Prime; carousel_md=\u00a0\u00bb3&Prime; carousel_sm=\u00a0\u00bb1&Prime; thumb_size=\u00a0\u00bbthree-two\u00a0\u00bb gutter_size=\u00a0\u00bb2&Prime; carousel_interval=\u00a0\u00bb3000&Prime; carousel_navspeed=\u00a0\u00bb400&Prime; stage_padding=\u00a0\u00bb0&Prime; single_overlay_opacity=\u00a0\u00bb50&Prime; single_padding=\u00a0\u00bb2&Prime; uncode_shortcode_id=\u00a0\u00bb136354&Prime; el_class=\u00a0\u00bbborder-radius-5px\u00a0\u00bb][\/vc_column][\/vc_row][vc_row][vc_column column_width_percent=\u00a0\u00bb100&Prime; gutter_size=\u00a0\u00bb3&Prime; overlay_alpha=\u00a0\u00bb50&Prime; shift_x=\u00a0\u00bb0&Prime; shift_y=\u00a0\u00bb0&Prime; shift_y_down=\u00a0\u00bb0&Prime; z_index=\u00a0\u00bb0&Prime; medium_width=\u00a0\u00bb0&Prime; mobile_width=\u00a0\u00bb0&Prime; width=\u00a0\u00bb1\/1&Prime; uncode_shortcode_id=\u00a0\u00bb136020&Prime;][vc_custom_heading text_color=\u00a0\u00bbcolor-deep-teal\u00a0\u00bb text_size=\u00a0\u00bbh3&Prime; text_weight=\u00a0\u00bb600&Prime; uncode_shortcode_id=\u00a0\u00bb174865&Prime; text_color_type=\u00a0\u00bbuncode-palette\u00a0\u00bb]LA MAISON DU CIN\u00c9MA[\/vc_custom_heading][\/vc_column][\/vc_row][vc_row row_height_percent=\u00a0\u00bb0&Prime; override_padding=\u00a0\u00bbyes\u00a0\u00bb h_padding=\u00a0\u00bb2&Prime; top_padding=\u00a0\u00bb0&Prime; bottom_padding=\u00a0\u00bb2&Prime; overlay_alpha=\u00a0\u00bb50&Prime; gutter_size=\u00a0\u00bb3&Prime; column_width_percent=\u00a0\u00bb100&Prime; shift_y=\u00a0\u00bb0&Prime; z_index=\u00a0\u00bb0&Prime; uncode_shortcode_id=\u00a0\u00bb758915&Prime;][vc_column column_width_percent=\u00a0\u00bb100&Prime; gutter_size=\u00a0\u00bb3&Prime; overlay_alpha=\u00a0\u00bb50&Prime; shift_x=\u00a0\u00bb0&Prime; shift_y=\u00a0\u00bb0&Prime; shift_y_down=\u00a0\u00bb0&Prime; z_index=\u00a0\u00bb0&Prime; medium_width=\u00a0\u00bb0&Prime; mobile_width=\u00a0\u00bb0&Prime; width=\u00a0\u00bb7\/12&Prime; uncode_shortcode_id=\u00a0\u00bb136020&Prime;][vc_single_image media=\u00a0\u00bb80566&Prime; media_width_percent=\u00a0\u00bb100&Prime; media_ratio=\u00a0\u00bbsixteen-nine\u00a0\u00bb uncode_shortcode_id=\u00a0\u00bb210048&Prime; el_class=\u00a0\u00bbborder-radius-5px\u00a0\u00bb][\/vc_column][vc_column column_width_percent=\u00a0\u00bb100&Prime; position_vertical=\u00a0\u00bbbottom\u00a0\u00bb gutter_size=\u00a0\u00bb2&Prime; overlay_alpha=\u00a0\u00bb50&Prime; shift_x=\u00a0\u00bb0&Prime; shift_y=\u00a0\u00bb0&Prime; shift_y_down=\u00a0\u00bb0&Prime; z_index=\u00a0\u00bb0&Prime; medium_width=\u00a0\u00bb0&Prime; mobile_width=\u00a0\u00bb0&Prime; width=\u00a0\u00bb5\/12&Prime; uncode_shortcode_id=\u00a0\u00bb164675&Prime;][vc_custom_heading text_color=\u00a0\u00bbcolor-deep-teal\u00a0\u00bb heading_semantic=\u00a0\u00bbp\u00a0\u00bb text_size=\u00a0\u00bbfontsize-120373&Prime; text_weight=\u00a0\u00bb600&Prime; text_height=\u00a0\u00bbfont-height-30px\u00a0\u00bb uncode_shortcode_id=\u00a0\u00bb115029&Prime; text_color_type=\u00a0\u00bbuncode-palette\u00a0\u00bb]Connais la Maison du Cin\u00e9ma[\/vc_custom_heading][vc_separator sep_color=\u00a0\u00bbcolor-amber\u00a0\u00bb uncode_shortcode_id=\u00a0\u00bb234454&Prime; sep_color_type=\u00a0\u00bbuncode-palette\u00a0\u00bb el_width=\u00a0\u00bb100px\u00a0\u00bb el_height=\u00a0\u00bb8px\u00a0\u00bb el_class=\u00a0\u00bbmt-10&Prime;][vc_column_text uncode_shortcode_id=\u00a0\u00bb802927&Prime;]Il s\u2019agit d\u2019une ancienne maison-ferme qui rappelle la splendeur du monde du cin\u00e9ma \u00e0 Almeria. Elle date de l\u2019an1866 et fut construite \u00e0 l\u2019ext\u00e9rieur de la ville, puis remodel\u00e9e et agrandie au XX\u00e8me si\u00e8cle. Ses premiers occupants ont \u00e9t\u00e9 la famille Balmas et ses descendants.[\/vc_column_text][vc_icon position=\u00a0\u00bbright\u00a0\u00bb icon=\u00a0\u00bbfa fa-plus\u00a0\u00bb icon_color=\u00a0\u00bbcolor-amber\u00a0\u00bb heading_semantic=\u00a0\u00bbp\u00a0\u00bb text_size=\u00a0\u00bbfontsize-20&Prime; text_weight=\u00a0\u00bb600&Prime; linked_title=\u00a0\u00bbyes\u00a0\u00bb uncode_shortcode_id=\u00a0\u00bb536845&Prime; icon_color_type=\u00a0\u00bbuncode-palette\u00a0\u00bb title=\u00a0\u00bbplus\u00a0\u00bb el_class=\u00a0\u00bbbtn-ver-mas\u00a0\u00bb link=\u00a0\u00bburl:https%3A%2F%2Fwww.turismodealmeria.org%2Fmuseos%2Ffr%2Fmuseo%2Fla-maison-du-cinema%2F|target:_blank\u00a0\u00bb][\/vc_icon][\/vc_column][\/vc_row][vc_row][vc_column width=\u00a0\u00bb1\/1&Prime;][vc_empty_space empty_h=\u00a0\u00bb2&Prime;][\/vc_column][\/vc_row]<\/p>\n<\/div>","protected":false},"excerpt":{"rendered":"<p>[vc_row][vc_column column_width_percent=\u00a0\u00bb100&Prime; gutter_size=\u00a0\u00bb2&Prime; overlay_alpha=\u00a0\u00bb50&Prime; shift_x=\u00a0\u00bb0&Prime; shift_y=\u00a0\u00bb0&Prime; shift_y_down=\u00a0\u00bb0&Prime; z_index=\u00a0\u00bb0&Prime; medium_width=\u00a0\u00bb0&Prime; mobile_width=\u00a0\u00bb0&Prime; width=\u00a0\u00bb1\/1&Prime; uncode_shortcode_id=\u00a0\u00bb675924&Prime;][vc_custom_heading text_color=\u00a0\u00bbcolor-sea-blue\u00a0\u00bb text_size=\u00a0\u00bbfontsize-35&Prime; text_weight=\u00a0\u00bb600&Prime; text_transform=\u00a0\u00bbuppercase\u00a0\u00bb uncode_shortcode_id=\u00a0\u00bb200066&Prime; text_color_type=\u00a0\u00bbuncode-palette\u00a0\u00bb]Un ensemble naturel[\/vc_custom_heading][vc_separator [&hellip;]<\/p>\n","protected":false},"author":1,"featured_media":57069,"parent":0,"menu_order":0,"comment_status":"closed","ping_status":"closed","template":"","meta":{"_acf_changed":false,"footnotes":""},"class_list":["post-56875","page","type-page","status-publish","has-post-thumbnail","hentry"],"acf":[],"ACF":{"imagen_cabecera":false},"_links":{"self":[{"href":"https:\/\/www.turismodealmeria.org\/fr\/wp-json\/wp\/v2\/pages\/56875","targetHints":{"allow":["GET"]}}],"collection":[{"href":"https:\/\/www.turismodealmeria.org\/fr\/wp-json\/wp\/v2\/pages"}],"about":[{"href":"https:\/\/www.turismodealmeria.org\/fr\/wp-json\/wp\/v2\/types\/page"}],"author":[{"embeddable":true,"href":"https:\/\/www.turismodealmeria.org\/fr\/wp-json\/wp\/v2\/users\/1"}],"replies":[{"embeddable":true,"href":"https:\/\/www.turismodealmeria.org\/fr\/wp-json\/wp\/v2\/comments?post=56875"}],"version-history":[{"count":0,"href":"https:\/\/www.turismodealmeria.org\/fr\/wp-json\/wp\/v2\/pages\/56875\/revisions"}],"wp:featuredmedia":[{"embeddable":true,"href":"https:\/\/www.turismodealmeria.org\/fr\/wp-json\/wp\/v2\/media\/57069"}],"wp:attachment":[{"href":"https:\/\/www.turismodealmeria.org\/fr\/wp-json\/wp\/v2\/media?parent=56875"}],"curies":[{"name":"wp","href":"https:\/\/api.w.org\/{rel}","templated":true}]}}