{"id":10273,"date":"2016-03-28T15:32:47","date_gmt":"2016-03-28T15:32:47","guid":{"rendered":"https:\/\/www.turismodealmeria.org\/personaje\/david-bisbal\/?lang=fr"},"modified":"2022-05-23T13:44:47","modified_gmt":"2022-05-23T11:44:47","slug":"david-bisbal","status":"publish","type":"personaje","link":"https:\/\/www.turismodealmeria.org\/fr\/personaje\/david-bisbal\/","title":{"rendered":"David Bisbal"},"content":{"rendered":"<div class=\"wpb-content-wrapper\"><p>[vc_row][vc_column][vc_column_text uncode_shortcode_id=\u00a0\u00bb323773&Prime;]Il a quitt\u00e9 des \u00e9tudes pendantes en seconde de BUP. Avant d&rsquo;int\u00e9grer l&rsquo;Orchestre Expressions, il s&rsquo;inscrit \u00e0 l&rsquo;\u00e9cole-atelier de Forestal et travaille dans une cr\u00e8che.<\/p>\n<p>En 2001, il fait partie des 16 jeunes s\u00e9lectionn\u00e9s pour participer \u00e0 la premi\u00e8re \u00e9dition<strong> d&rsquo;Operaci\u00f3n Triunfo<\/strong>, un concours t\u00e9l\u00e9vis\u00e9 dont devait sortir le repr\u00e9sentant de l&rsquo;Espagne au <strong>Concours Eurovision<\/strong> de la Chanson 2002. David figurait parmi les trois finalistes, ce qui a donn\u00e9 lui permet d&rsquo;enregistrer un album solo avec le label <strong>Vale Music<\/strong>.<\/p>\n<p>Ce premier album s&rsquo;intitule<strong> Latin Heart<\/strong> et sort mi 2002. Enregistr\u00e9 \u00e0 Miami et produit par le prestigieux <strong>Kike Santander<\/strong>, l&rsquo;album remporte un franc succ\u00e8s. Des chansons comme <strong>Ave Mar\u00eda<\/strong> ou <strong>Llorar\u00e9 las penas<\/strong> ont rapidement atteint le sommet des palmar\u00e8s de popularit\u00e9. Bisbal est non seulement devenu le \u00ab\u00a0triomphe\u00a0\u00bb avec le plus d&rsquo;attraction, mais aussi l&rsquo;artiste r\u00e9v\u00e9lation de l&rsquo;ann\u00e9e.<\/p>\n<p>En peu de temps, Bisbal \u00e9tait d\u00e9j\u00e0 l&rsquo;un des chanteurs les plus vendus de la sc\u00e8ne musicale espagnole. Latin Heart a battu des records pour un premier album : 1 million d&rsquo;exemplaires vendus en seulement 6 mois. Un an apr\u00e8s sa sortie, l&rsquo;album d\u00e9passe le million et demi.<\/p>\n<p>Peu de temps apr\u00e8s, il a re\u00e7u le meilleur prix Ondas en 2002 pour Coraz\u00f3n Latino et a \u00e9galement re\u00e7u des nominations pour les prix de la musique en tant que meilleur nouvel artiste et les prix des amis pour le meilleur nouvel artiste et le meilleur album.[\/vc_column_text][\/vc_column][\/vc_row][vc_row][vc_column width=\u00a0\u00bb1\/1&Prime;][vc_empty_space empty_h=\u00a0\u00bb2&Prime;][\/vc_column][\/vc_row][vc_row][vc_column width=\u00a0\u00bb1\/1&Prime;][vc_column_text uncode_shortcode_id=\u00a0\u00bb630690&Prime;]<iframe src=\"https:\/\/www.youtube.com\/embed\/fOTf1Ci_oUE\" width=\"560\" height=\"315\" frameborder=\"0\" allowfullscreen=\"allowfullscreen\"><\/iframe>[\/vc_column_text][\/vc_column][\/vc_row][vc_row][vc_column width=\u00a0\u00bb1\/1&Prime;][vc_empty_space empty_h=\u00a0\u00bb2&Prime;][\/vc_column][\/vc_row][vc_row][vc_column width=\u00a0\u00bb1\/1&Prime;][vc_column_text uncode_shortcode_id=\u00a0\u00bb128783&Prime;]M\u00eame si le succ\u00e8s de David Bisbal ne se r\u00e9sume pas qu&rsquo;\u00e0 son pays. <strong>En 2003, la \u00ab\u00a0bisbalman\u00eda\u00a0\u00bb a travers\u00e9 l&rsquo;\u00e9tang et David a commenc\u00e9 \u00e0 balayer l&rsquo;Am\u00e9rique latine : plus de 80 concerts<\/strong> dans de grandes salles remplies \u00e0 ras bord, des centaines de couvertures de magazines, des performances dans d&rsquo;innombrables programmes t\u00e9l\u00e9vis\u00e9s et dans des \u00e9v\u00e9nements aussi importants que les prix Latin Billboard. c\u00e9r\u00e9monie ou le Festival Vi\u00f1a del Mar au Chili.<\/p>\n<p><strong>David Bisbal a \u00e9galement triomph\u00e9 aux Latin Grammys 2003 : il a re\u00e7u le prix du meilleur nouvel artiste et a \u00e9t\u00e9 nomin\u00e9 dans la cat\u00e9gorie Meilleur album pop vocal masculin pour Coraz\u00f3n Latino.<\/strong><\/p>\n<p>De plus, le chanteur est l&rsquo;un des plus grands <strong>ambassadeurs d&rsquo;Almer\u00eda<\/strong> et il n&rsquo;est pas \u00e9trange de l&rsquo;entendre parler de sa terre partout dans le monde. Il participe \u00e9galement \u00e0 la diffusion de la province, o\u00f9 il a d\u00e9j\u00e0 tourn\u00e9 une multitude de vid\u00e9os promotionnelles et musicales au cours de sa carri\u00e8re.[\/vc_column_text][\/vc_column][\/vc_row][vc_row][vc_column width=\u00a0\u00bb1\/1&Prime;][vc_empty_space empty_h=\u00a0\u00bb2&Prime;][\/vc_column][\/vc_row][vc_row][vc_column width=\u00a0\u00bb1\/2&Prime;][vc_column_text uncode_shortcode_id=\u00a0\u00bb729912&Prime;]<iframe src=\"https:\/\/www.youtube.com\/embed\/Y2E-M9Kes_U\" width=\"100%\" height=\"225\" frameborder=\"0\" allowfullscreen=\"allowfullscreen\"><\/iframe>[\/vc_column_text][\/vc_column][vc_column width=\u00a0\u00bb1\/2&Prime;][vc_column_text uncode_shortcode_id=\u00a0\u00bb127186&Prime;]<iframe src=\"https:\/\/www.youtube.com\/embed\/ImJp85m24uI\" width=\"100%\" height=\"225\" frameborder=\"0\" allowfullscreen=\"allowfullscreen\"><\/iframe>[\/vc_column_text][\/vc_column][\/vc_row]<\/p>\n<\/div>","protected":false},"excerpt":{"rendered":"<p>David Bisbal est n\u00e9 \u00e0 Almer\u00eda le 5 juin 1979. Il est dans le monde de la musique en tant que professionnel depuis l&rsquo;\u00e2ge de 18 ans, lorsqu&rsquo;il a \u00e9t\u00e9 sign\u00e9 comme chanteur dans l&rsquo;Orchestre Expressions.<\/p>\n","protected":false},"featured_media":25024,"template":"","meta":{"_acf_changed":false},"class_list":["post-10273","personaje","type-personaje","status-publish","has-post-thumbnail","hentry"],"acf":[],"ACF":{"fechas":"1979 -"},"_links":{"self":[{"href":"https:\/\/www.turismodealmeria.org\/fr\/wp-json\/wp\/v2\/personaje\/10273","targetHints":{"allow":["GET"]}}],"collection":[{"href":"https:\/\/www.turismodealmeria.org\/fr\/wp-json\/wp\/v2\/personaje"}],"about":[{"href":"https:\/\/www.turismodealmeria.org\/fr\/wp-json\/wp\/v2\/types\/personaje"}],"wp:featuredmedia":[{"embeddable":true,"href":"https:\/\/www.turismodealmeria.org\/fr\/wp-json\/wp\/v2\/media\/25024"}],"wp:attachment":[{"href":"https:\/\/www.turismodealmeria.org\/fr\/wp-json\/wp\/v2\/media?parent=10273"}],"curies":[{"name":"wp","href":"https:\/\/api.w.org\/{rel}","templated":true}]}}