{"id":10277,"date":"2016-03-26T16:10:52","date_gmt":"2016-03-26T16:10:52","guid":{"rendered":"https:\/\/www.turismodealmeria.org\/personaje\/manuel-garcia-escobar-manolo-escobar\/?lang=fr"},"modified":"2022-05-23T17:17:41","modified_gmt":"2022-05-23T15:17:41","slug":"manuel-garcia-escobar-manolo-escobar","status":"publish","type":"personaje","link":"https:\/\/www.turismodealmeria.org\/fr\/personaje\/manuel-garcia-escobar-manolo-escobar\/","title":{"rendered":"Manolo Escobar"},"content":{"rendered":"<div class=\"wpb-content-wrapper\"><p>[vc_row][vc_column][vc_column_text uncode_shortcode_id=\u00a0\u00bb172252&Prime;]<strong>(1931 &#8211; 2013)<\/strong><\/p>\n<p><strong>Manuel Garc\u00eda Escobar<\/strong> (19 octobre 1931, El Ejido &#8211; 24 octobre 2013, Alicante),<strong> \u00e9tait le cinqui\u00e8me d&rsquo;une famille de dix fr\u00e8res<\/strong>. <strong>Son p\u00e8re, Antonio Garc\u00eda<\/strong>, est originaire de la campagne, bien qu&rsquo;il ait d\u00fb se consacrer \u00e0 de nombreuses t\u00e2ches pour subvenir aux besoins de sa nombreuse famille. <strong>La m\u00e8re \u00e9tait l&rsquo;attachante \u00ab\u00a0madrecita Mar\u00eda del Carmen\u00a0\u00bb<\/strong>. Avec de grands soucis culturels, son p\u00e8re a toujours insist\u00e9 pour que ses enfants aient une formation acad\u00e9mique et musicale. D\u00e8s leur plus jeune \u00e2ge, ils apprennent \u00e0 jouer de la guitare et du luth. Son fr\u00e8re Baldomero est devenu le chef de la compagnie et ils ont commenc\u00e9 \u00e0 se produire lors de f\u00eates et de mariages sous le nom de sc\u00e8ne <strong>\u00ab\u00a0Los Ni\u00f1os de Antonio Garc\u00eda\u00a0\u00bb<\/strong>. M\u00eame alors, Manolo r\u00eavait d&rsquo;\u00eatre chanteur.<\/p>\n<p>Les ann\u00e9es quarante avaient apport\u00e9 une s\u00e9cheresse persistante \u00e0 toute l&rsquo;Espagne et la campagne ne suffisait plus. <strong>Alors Antonio a \u00e9migr\u00e9 \u00e0 Barcelone pour tenter sa chance<\/strong>. Toute la famille (sauf les petits, qui \u00e9taient encore \u00e0 l&rsquo;\u00e9cole, bien s\u00fbr) travaillait dur. Manolo trouve diff\u00e9rents m\u00e9tiers durant ces ann\u00e9es, en m\u00eame temps qu&rsquo;il participe aux concours de cante organis\u00e9s dans les f\u00eates de rue. <strong>La notori\u00e9t\u00e9 dans les comp\u00e9titions des festivals permet \u00e0 Manolo d&rsquo;acc\u00e9der plus facilement \u00e0 un autre spectacle de l&rsquo;\u00e9poque<\/strong> : le cin\u00e9ma-vari\u00e9t\u00e9s : deux films et un spectacle de vari\u00e9t\u00e9s. Lorsque Raquel Meller a rencontr\u00e9 Manolo lors d&rsquo;un spectacle sur le chemin de la loge, elle lui a dit : \u00ab\u00a0Gar\u00e7on, tu vas y arriver&#8230; J&rsquo;en sais assez et j&rsquo;en ai vu beaucoup. Tu vas y arriver, Je t&rsquo;assure.\u00a0\u00bb<\/p>\n<p><strong>SES D\u00c9BUTS DANS LA CHANSON AVEC SES FR\u00c8RES GUITARISTES<\/strong><\/p>\n<p><strong>Au d\u00e9but des ann\u00e9es 1950<\/strong>, Manolo doit faire son service militaire et rencontre Eusebio, le neveu d&rsquo;une personnalit\u00e9 du monde de la radio, qui donne \u00e0 Manolo l&rsquo;opportunit\u00e9 de l&rsquo;initier \u00e0 ce m\u00e9dium. D\u00e8s que Don Jos\u00e9 Mar\u00eda Nadal l&rsquo;a entendu, il l&rsquo;a invit\u00e9 \u00e0 se produire sur Radio Barcelona. Dans ces performances, il \u00e9tait accompagn\u00e9 \u00e0 la guitare par son fr\u00e8re Juan Gabriel. Et avec le nom de \u00ab\u00a0Manolo Escobar et son guitariste Juanito Garc\u00eda\u00a0\u00bb, est venu l&rsquo;examen pour obtenir la licence professionnelle, qu&rsquo;ils ont bien s\u00fbr r\u00e9ussi. Les cinq fr\u00e8res, suivant les instructions de Nadal, sont venus former le groupe<strong> \u00ab\u00a0Manolo Escobar et ses guitares\u00a0\u00bb. Un nouveau style personnel de musique espagnole, avec un rythme moderne<\/strong>.<\/p>\n<p>Avec le \u00ab\u00a0son Escobar\u00a0\u00bb d\u00e9j\u00e0 \u00e9labor\u00e9, le groupe enregistre son premier album, et sa renomm\u00e9e grandit. Les galas devinrent de plus en plus fr\u00e9quents.<\/p>\n<p><strong>LES PREMI\u00c8RES TOURN\u00c9ES DE \u00ab\u00a0MANOLO Y SUS GUITARRAS\u00a0\u00bb ET SON AMOUR<\/strong><\/p>\n<p>En 1958, ils d\u00e9crochent un contrat dans une salle de classe \u00e0 Playa de Aro, sur la Costa Brava. Apr\u00e8s avoir renouvel\u00e9 pour la saison suivante, ils ont obtenu un autre contrat pour une tourn\u00e9e dans le sud de la <strong>France<\/strong> pendant trois mois. Une fois termin\u00e9 avec un grand succ\u00e8s, ils se lancent dans l&rsquo;aventure de conna\u00eetre <strong>Paris<\/strong>, et ils y passent plusieurs mois sans s&rsquo;arr\u00eater de travailler. De retour en Espagne, Manolo rencontre une Allemande qui \u00e9tait avec ses parents en vacances d&rsquo;\u00e9t\u00e9, et un v\u00e9ritable coup de foudre s&rsquo;installe entre eux. Ana Marx est retourn\u00e9e dans son pays, mais a obtenu de son petit ami un contrat pour agir en <strong>Allemagne<\/strong>. Et quelques mois apr\u00e8s leur rencontre, Manolo et Anita se sont mari\u00e9s, le 10 d\u00e9cembre 1959, \u00e0 <strong>Colonia<\/strong>.<\/p>\n<p>L&rsquo;ann\u00e9e suivante, <strong>Juanito Valderrama appelle Manolo pour l&#8217;emmener \u00e0 son spectacle<\/strong>. Il semblait si s\u00fbr de lui que lorsque Valderrama proposa de renouveler son contrat, et bien que les relations entre les deux \u00e9taient excellentes, Manolo refusa l&rsquo;offre et d\u00e9cida de monter son propre spectacle.<\/p>\n<p><strong>LE SUCC\u00c8S ULTIME ARRIVE ET SA CARRI\u00c8RE CIN\u00c9MATOGRAPHIQUE<\/strong><\/p>\n<p>En 1961, Manolo fait ses d\u00e9buts \u00e0 Cordoue, au th\u00e9\u00e2tre Duque de Rivas, avec son propre spectacle : <strong>\u00ab\u00a0Sing Manolo Escobar\u00a0\u00bb. D\u00e8s lors, Manolo est devenu une idole du public en quelques ann\u00e9es seulement, marchant triomphalement \u00e0 travers l&rsquo;Espagne avec ses diff\u00e9rents spectacles et enregistrant des dizaines d&rsquo;albums qui sont imm\u00e9diatement devenus c\u00e9l\u00e8bres. Sa carri\u00e8re cin\u00e9matographique d\u00e9bute en 1963 avec le film \u00ab\u00a0Los guerrilleros\u00a0\u00bb<\/strong>, une carri\u00e8re qui se poursuivra jusque dans les ann\u00e9es 1980, au rythme d&rsquo;un film par an. Manolo agit naturellement devant les cam\u00e9ras. Les personnages qu&rsquo;il joue sont des gens sympathiques et ordinaires, comme lui, et ils se d\u00e9placent autour de femmes belles et attirantes. Et il y a toujours une fin heureuse.<\/p>\n<p>Des chansons comme<strong> \u00ab\u00a0el porompompero\u00a0\u00bb, \u00ab\u00a0mi carro\u00a0\u00bb, \u00ab\u00a0la minifalda\u00a0\u00bb, \u00ab\u00a0madrecita Mar\u00eda del Carmen\u00a0\u00bb ou \u00ab\u00a0Mujeres y Vino\u00a0\u00bb<\/strong>, font partie de la culture populaire espagnole des ann\u00e9es 60 et 70.<\/p>\n<p><strong>REMERCIEMENTS<\/strong><\/p>\n<p>En juin 1975, lors d&rsquo;un hommage national qui a eu lieu au Palacio de los Deportes de Barcelone, <strong>Manolo a re\u00e7u 19 disques d&rsquo;or r\u00e9colt\u00e9s jusque-l\u00e0<\/strong>. Concha Velasco, son partenaire ineffable dans cinq films, \u00e9tait charg\u00e9e de pr\u00e9senter l&rsquo;hommage, auquel ont assist\u00e9 10 000 personnes. Il a \u00e9galement re\u00e7u la <strong>m\u00e9daille d&rsquo;or de la ville d&rsquo;Almer\u00eda et la nomination de fils adoptif de la m\u00eame<\/strong>; distinctions de la Soci\u00e9t\u00e9 G\u00e9n\u00e9rale des Auteurs d&rsquo;Espagne, du Conseil Provincial de Barcelone, de la Mairie de Badalona et bien d&rsquo;autres. En outre, la Direction g\u00e9n\u00e9rale des postes et t\u00e9l\u00e9communications a impos\u00e9 l&rsquo;insigne d&rsquo;or de la corporation et le \u00ab\u00a0manteau de poste\u00a0\u00bb, qui n&rsquo;est accord\u00e9 que dans des cas exceptionnels. Correos a \u00e9galement cr\u00e9\u00e9 un cachet postal comm\u00e9moratif de l&rsquo;hommage, pour une impression unique, qui a \u00e9t\u00e9 r\u00e9alis\u00e9e sur la sc\u00e8ne m\u00eame sur une photo g\u00e9ante du chanteur.<\/p>\n<p><strong>LA PETITE FLEUR EST ARRIV\u00c9E ET A CONTINU\u00c9 AVEC SUCC\u00c8S<\/strong><\/p>\n<p>En 1978, un nouvel \u00eatre entre dans la vie de Manolo et Anita : leur <strong>fille Vanessa<\/strong>. Cela a rempli le couple de bonheur et tous leurs fans \u00e9taient heureux pour un \u00e9v\u00e9nement aussi agr\u00e9able. C&rsquo;\u00e9tait la seule chose qui manquait \u00e0 notre cher Manolo pour une joie compl\u00e8te.<\/p>\n<p>Apr\u00e8s le succ\u00e8s millionnaire de<strong> \u00ab\u00a0Y viva Espa\u00f1a\u00a0\u00bb, qui a d\u00e9pass\u00e9 les attentes de Manolo lui-m\u00eame et de sa maison de disques, Manolo s&rsquo;est lanc\u00e9 dans une t\u00e2che qui n&rsquo;a peut-\u00eatre pas \u00e9t\u00e9 suffisamment appr\u00e9ci\u00e9e<\/strong> : il a enregistr\u00e9 la s\u00e9lection anthologique du recueil de chansons espagnol. Des dizaines de chansons immortelles de monstres copla, mais avec le timbre particulier de sa voix et sa fa\u00e7on particuli\u00e8re d&rsquo;interpr\u00e9ter. \u00ab\u00a0Antonio Vargas Heredia\u00a0\u00bb, \u00ab\u00a0Soupirs d&rsquo;Espagne\u00a0\u00bb, \u00ab\u00a0Malvaloca\u00a0\u00bb&#8230;<\/p>\n<p>L&rsquo;une des derni\u00e8res performances de Manolo Escobar, dont tous les Espagnols se souviendront, a eu lieu \u00e0 Madrid lors de la c\u00e9l\u00e9bration de \u00ab\u00a0La Roja\u00a0\u00bb pour la victoire \u00e0 la <strong>Coupe du monde en Afrique du Sud en 2010<\/strong>.[\/vc_column_text][\/vc_column][\/vc_row][vc_row][vc_column width=\u00a0\u00bb1\/1&Prime;][vc_empty_space empty_h=\u00a0\u00bb2&Prime;][\/vc_column][\/vc_row][vc_row][vc_column width=\u00a0\u00bb1\/1&Prime;][vc_column_text uncode_shortcode_id=\u00a0\u00bb549978&Prime;]<\/p>\n<p><iframe src=\"https:\/\/www.youtube.com\/embed\/NIMhzUNG734?rel=0\" width=\"100%\" height=\"450\" frameborder=\"0\" allowfullscreen=\"allowfullscreen\"><\/iframe><\/p>\n<p>[\/vc_column_text][\/vc_column][\/vc_row][vc_row][vc_column width=\u00a0\u00bb1\/1&Prime;][vc_empty_space empty_h=\u00a0\u00bb2&Prime;][\/vc_column][\/vc_row][vc_row][vc_column width=\u00a0\u00bb1\/1&Prime;][vc_column_text uncode_shortcode_id=\u00a0\u00bb142140&Prime;]<strong>RETRAIT<\/strong><\/p>\n<p>Le 17 novembre 2012, il annonce sa retraite du monde de la musique apr\u00e8s plus de 50 ans sur sc\u00e8ne. Ses adieux auraient \u00e9t\u00e9, \u00e0 l&rsquo;issue de sa tourn\u00e9e d&rsquo;adieu \u00e0 travers l&rsquo;Espagne, qu&rsquo;il a d\u00fb annuler mi-septembre 2013 apr\u00e8s quelques complications dont il souffrait suite \u00e0 sa maladie.<\/p>\n<p><strong>Le 24 octobre 2013, l&rsquo;artiste d\u00e9c\u00e8de \u00e0 l&rsquo;\u00e2ge de 82 ans \u00e0 son domicile de Benidorm, victime d&rsquo;un cancer du c\u00f4lon dont il souffrait depuis 2010.<\/strong><\/p>\n<p>C&rsquo;\u00e9tait le souhait de Manolo que ses cendres soient dispers\u00e9es entre Almer\u00eda (o\u00f9 il est n\u00e9), Barcelone (o\u00f9 il a commenc\u00e9 sa carri\u00e8re professionnelle) et Benidorm (o\u00f9 il a v\u00e9cu une grande partie de sa vie).[\/vc_column_text][\/vc_column][\/vc_row]<\/p>\n<\/div>","protected":false},"excerpt":{"rendered":"<p>[vc_row][vc_column][vc_column_text uncode_shortcode_id=\u00a0\u00bb172252&Prime;](1931 &#8211; 2013) Manuel Garc\u00eda Escobar (19 octobre 1931, El Ejido &#8211; 24 octobre 2013, Alicante), \u00e9tait le cinqui\u00e8me [&hellip;]<\/p>\n","protected":false},"featured_media":24985,"template":"","meta":{"_acf_changed":false},"class_list":["post-10277","personaje","type-personaje","status-publish","has-post-thumbnail","hentry"],"acf":[],"ACF":{"fechas":"1931 - 2013"},"_links":{"self":[{"href":"https:\/\/www.turismodealmeria.org\/fr\/wp-json\/wp\/v2\/personaje\/10277","targetHints":{"allow":["GET"]}}],"collection":[{"href":"https:\/\/www.turismodealmeria.org\/fr\/wp-json\/wp\/v2\/personaje"}],"about":[{"href":"https:\/\/www.turismodealmeria.org\/fr\/wp-json\/wp\/v2\/types\/personaje"}],"wp:featuredmedia":[{"embeddable":true,"href":"https:\/\/www.turismodealmeria.org\/fr\/wp-json\/wp\/v2\/media\/24985"}],"wp:attachment":[{"href":"https:\/\/www.turismodealmeria.org\/fr\/wp-json\/wp\/v2\/media?parent=10277"}],"curies":[{"name":"wp","href":"https:\/\/api.w.org\/{rel}","templated":true}]}}