{"id":10279,"date":"2016-03-19T15:59:03","date_gmt":"2016-03-19T15:59:03","guid":{"rendered":"https:\/\/www.turismodealmeria.org\/personaje\/jesus-perez-de-perceval-del-moral\/?lang=fr"},"modified":"2023-04-11T11:02:23","modified_gmt":"2023-04-11T09:02:23","slug":"jesus-perez-de-perceval-del-moral","status":"publish","type":"personaje","link":"https:\/\/www.turismodealmeria.org\/fr\/personaje\/jesus-perez-de-perceval-del-moral\/","title":{"rendered":"Jes\u00fas de Perceval"},"content":{"rendered":"<div class=\"wpb-content-wrapper\"><p>[vc_row][vc_column][vc_column_text uncode_shortcode_id=\u00a0\u00bb819965&Prime;]L&rsquo;un des privil\u00e8ges de sa position riche sont les voyages continus \u00e0 Madrid, o\u00f9 il s&rsquo;impr\u00e8gne d&rsquo;art, dessinant fondamentalement dans le Cas\u00f3n del Buen Retiro et le Mus\u00e9e du Prado. <strong>En 1934, il obtient la m\u00e9daille d&rsquo;or, distinction honorifique du pr\u00e9sident de la R\u00e9publique<\/strong>.<\/p>\n<p>En 1936, il remporte un grand succ\u00e8s \u00e0 l&rsquo;exposition nationale des Beaux-Arts de Madrid. <strong>Au d\u00e9but de la guerre civile, il est contraint de s&rsquo;installer \u00e0 Valence, o\u00f9 il r\u00e9alise diff\u00e9rentes affiches de propagande pour la R\u00e9publique et, en 1937, il re\u00e7oit la m\u00e9daille d&rsquo;or \u00e0 l&rsquo;Exposition universelle de Paris<\/strong>, o\u00f9 il expose plusieurs peintures antifascistes. . <strong>Apr\u00e8s la guerre, il revient \u00e0 Almer\u00eda, \u00e9tant nomm\u00e9 conseiller provincial pour les arts plastiques<\/strong>, participant activement avec les autorit\u00e9s politiques et religieuses \u00e0 la reconstruction artistique de la ville, fondamentalement dans l&rsquo;imagerie religieuse du Christ.<\/p>\n<p>Au d\u00e9but des ann\u00e9es 1940, Perceval constituait une r\u00e9f\u00e9rence dans le monde artistique d&rsquo;Almeria et sa multidisciplinarit\u00e9 lui permettait de globaliser toutes ses pr\u00e9occupations dans une certaine vision de l&rsquo;art et de la culture qui d\u00e9terminait la vision esth\u00e9tique de son travail, dans ce monde h\u00e9t\u00e9roclite. D&rsquo;id\u00e9es et de rassemblements, na\u00eet un canal pour toutes leurs pr\u00e9occupations : le Mouvement Indaliano.<strong> Il se d\u00e9roule dans les r\u00e9unions du caf\u00e9 \u00ab\u00a0La Granja Balear\u00a0\u00bb o\u00f9 Perceval invite quelques jeunes peintres de l&rsquo;Ecole des Arts<\/strong> (Capulino, Ca\u00f1adas, Cant\u00f3n Checa, Alcaraz et L\u00f3pez D\u00edaz) \u00e0 participer, qui se retrouvent soudain accept\u00e9s dans les rassemblements de les forces culturelles les plus vives de la capitale. C&rsquo;est ainsi que prend forme <strong>la nouvelle conception de l&rsquo;art m\u00e9diterran\u00e9en de Perceval,<\/strong> qui prend le nom de Mouvement Indaliano et la figure des \u00ab\u00a0Indalianas\u00a0\u00bb qui culmine dans l&rsquo;exposition du groupe en 1947 au Mus\u00e9e National d&rsquo;Art Moderne de Madrid. Sur le plan personnel, soulignez l&rsquo;influence de V\u00e1zquez durant ces ann\u00e9es.[\/vc_column_text][\/vc_column][\/vc_row][vc_row][vc_column width=\u00a0\u00bb1\/1&Prime;][vc_empty_space empty_h=\u00a0\u00bb2&Prime;][\/vc_column][\/vc_row][vc_row][vc_column width=\u00a0\u00bb1\/2&Prime;][vc_column_text uncode_shortcode_id=\u00a0\u00bb132907&Prime;]Au cours des ann\u00e9es 50 et 60, il a r\u00e9alis\u00e9 des peintures murales \u00e0 Grenade et \u00e0 Almer\u00eda et,<strong> en 1971, il a remport\u00e9 la premi\u00e8re m\u00e9daille d&rsquo;or du Concours national de peinture de la Semaine navale d&rsquo;Albor\u00e1n.<\/strong> Ses derni\u00e8res influences sont celles de Zabaleta et de Dal\u00ed, dont il reprend m\u00eame certaines attitudes et poses. L&rsquo;arriv\u00e9e du cin\u00e9ma et du tourisme dans les ann\u00e9es soixante accro\u00eet son image multiforme et l&rsquo;int\u00e9r\u00eat pour la photographie appara\u00eet.<\/p>\n<p>De la peinture de Perceval, nous pouvons distinguer une premi\u00e8re \u00e9tape qui comprend jusqu&rsquo;\u00e0 la fondation du Mouvement Indaliano. Dans sa jeunesse, il est un peintre figuratif et tragique de couleurs sombres.[\/vc_column_text][\/vc_column][vc_column width=\u00a0\u00bb1\/2&Prime;][vc_single_image media=\u00a0\u00bb65476&Prime; media_width_percent=\u00a0\u00bb100&Prime; uncode_shortcode_id=\u00a0\u00bb102426&Prime;][\/vc_column][\/vc_row][vc_row][vc_column width=\u00a0\u00bb1\/1&Prime;][vc_empty_space empty_h=\u00a0\u00bb2&Prime;][\/vc_column][\/vc_row][vc_row][vc_column width=\u00a0\u00bb1\/1&Prime;][vc_column_text uncode_shortcode_id=\u00a0\u00bb283493&Prime;]Son coup de pinceau est concret, d\u00e9limitant des lignes avec un grand jeu d&rsquo;ombre et de lumi\u00e8re. Par la suite, il entre dans le monde de la lumi\u00e8re, commence \u00e0 exprimer son art avec de nombreuses compositions, des t\u00eates de femmes aux coups de pinceau concrets et aux formes rondes accentu\u00e9es, des paysages d&rsquo;all\u00e9gories, des portraits et des autoportraits o\u00f9 ces tons et visages sombres peuvent \u00eatre appr\u00e9ci\u00e9s. .m\u00e9lancolique.<\/p>\n<p>Il y a une deuxi\u00e8me \u00e9tape qui comprend les d\u00e9buts du <strong>mouvement Indaliano<\/strong> et est valable jusqu&rsquo;aux ann\u00e9es cinquante. A cette \u00e9poque, il rencontre Eugenio D`Ors, avec qui il co\u00efncide dans ses postulats esth\u00e9tiques. Il le soutient \u00e0 tout moment en le consid\u00e9rant comme l&rsquo;un des grands jalons de la peinture espagnole. <strong>Pendant son s\u00e9jour \u00e0 Madrid, Perceval est devenu le protagoniste en raison de la qualit\u00e9 de ses peintures et du soutien unanime de la critique<\/strong>. Les \u0153uvres de Perceval de ces ann\u00e9es sont bas\u00e9es sur l&rsquo;esth\u00e9tique indienne : des visages classiques avec une nouvelle expression, avec des couleurs vives et une grande plasticit\u00e9. Sa technique de peindre la plupart de ses tableaux \u00e0 l&rsquo;encaustique. Les formes sont tr\u00e8s d\u00e9limit\u00e9es, au moyen de lignes limites, avec beaucoup de d\u00e9tails.<\/p>\n<p><strong>Le chef-d&rsquo;\u0153uvre o\u00f9 toutes les valeurs picturales de Perceval peuvent \u00eatre r\u00e9unies, avec une grande ma\u00eetrise de la composition, de la d\u00e9limitation des formes, du d\u00e9tail, du jeu des couleurs et du contraste de la lumi\u00e8re et de l&rsquo;ombre, est le Massacre des Innocents.<\/strong><\/p>\n<p>Des ann\u00e9es cinquante jusqu&rsquo;\u00e0 sa mort en 1985, on connait le Perceval le plus commercial, ses sujets sont des t\u00eates, des paysages insolites, des sc\u00e8nes symboliques.<\/p>\n<p>Personnage controvers\u00e9, pointu, ironique, v\u00e9ritable pilier de la culture d&rsquo;Almer\u00eda au XXe si\u00e8cle, il n&rsquo;a pas laiss\u00e9 sa marque dans son \u0153uvre vari\u00e9e et dans l&rsquo;indalo lui-m\u00eame, caract\u00e9ristiques d&rsquo;Almer\u00eda.<\/p>\n<ul class=\"lista\">\n<li>Il \u00e9tait un ami proche de Juan Antonio Cuadrado Ruiz. Arch\u00e9ologue et 1er directeur du Mus\u00e9e Arch\u00e9ologique.<\/li>\n<li>Il est n\u00e9 le 18 avril 1915, cette ann\u00e9e il a eu 95 ans.<\/li>\n<li>Le 2 octobre 1985, il est mort, il y a 25 ans cette ann\u00e9e.<\/li>\n<li>Il a rencontr\u00e9 Camilo Jos\u00e9 Cela parce que le p\u00e8re de Camilo Jos\u00e9 Cela \u00e9tait chef des Douanes \u00e0 Almer\u00eda, il est n\u00e9 \u00e0 C\/ Eduardo P\u00e9rez (ancien C\/ Cid), aujourd&rsquo;hui un nouveau b\u00e2timent.<\/li>\n<li>Dans C\/ Jes\u00fas de Perceval au n\u00ba 26, avec les franciscains, il y a v\u00e9cu depuis qu&rsquo;il a quitt\u00e9 la rue Eduardo P\u00e9rez et il y avait son atelier d&rsquo;imagerie.<\/li>\n<li>C&rsquo;\u00e9tait le sculpteur de la Fuente de los Peces avec son atelier de marbre (Galvez) Guillermo Langle fut celui qui accepta le projet car il \u00e9tait l&rsquo;architecte municipal.<\/li>\n<li>Il a \u00e9t\u00e9 l&rsquo;architecte du relief de San Valentin que la mairie va placer sur la place Campoamor et il a \u00e9t\u00e9 r\u00e9alis\u00e9 par souscription populaire.<\/li>\n<li>Dans son imagerie pr\u00e9vaut dans le retable et \u00e0 la Renaissance, il \u00e9tait un amoureux de l&rsquo;art de Michel-Ange. 1941, Jes\u00fas de Perceval a commenc\u00e9 avec le mouvement culturel Indaliano au Caf\u00e9 Granja Balear, situ\u00e9 en face de La Havane et en dessous se trouvait la 1\u00e8re biblioth\u00e8que Villaespesa.<\/li>\n<li>Cette ann\u00e9e marque 65 ans depuis la cr\u00e9ation du symbole Indalo, qui est le visage d&rsquo;Indalecio, un homme de Pechina, et plus tard le symbole des maisons Mojacar a \u00e9t\u00e9 pris comme Totem.<\/li>\n<li>Beaucoup de Perceval se r\u00e9unissaient au caf\u00e9 Col\u00f3n.<\/li>\n<li>Il avait des rassemblements au Cercle Mercantile, Casino Culturel et dans les citernes.<\/li>\n<li>Il rencontre Picasso \u00e0 l&rsquo;exposition de la Premi\u00e8re Internationale \u00e0 Paris en 1937.<\/li>\n<li>Sa mort a \u00e9t\u00e9 voil\u00e9e dans la chapelle de San Indalecio dans la cath\u00e9drale.<\/li>\n<\/ul>\n<p>[\/vc_column_text][\/vc_column][\/vc_row][vc_row][vc_column width=\u00a0\u00bb1\/1&Prime;][vc_empty_space empty_h=\u00a0\u00bb2&Prime;][\/vc_column][\/vc_row][vc_row][vc_column width=\u00a0\u00bb1\/1&Prime;][vc_column_text uncode_shortcode_id=\u00a0\u00bb967308&Prime;]<iframe src=\"https:\/\/www.youtube.com\/embed\/iVZ1bypM-wI\" width=\"560\" height=\"315\" frameborder=\"0\" allowfullscreen=\"allowfullscreen\"><\/iframe>[\/vc_column_text][\/vc_column][\/vc_row]<\/p>\n<\/div>","protected":false},"excerpt":{"rendered":"<p>Jes\u00fas P\u00e9rez de Perceval del Moral s&rsquo;est int\u00e9ress\u00e9 \u00e0 la peinture d\u00e8s son plus jeune \u00e2ge, peut-\u00eatre influenc\u00e9 par son grand-p\u00e8re. \u00c0 l&rsquo;\u00e2ge de 12 ans, il entre \u00e0 l&rsquo;\u00c9cole des Arts et M\u00e9tiers d&rsquo;Almer\u00eda, o\u00f9 il commence rapidement \u00e0 se faire remarquer.<\/p>\n","protected":false},"featured_media":25003,"template":"","meta":{"_acf_changed":false},"class_list":["post-10279","personaje","type-personaje","status-publish","has-post-thumbnail","hentry"],"acf":[],"ACF":{"fechas":"1915 - 1985"},"_links":{"self":[{"href":"https:\/\/www.turismodealmeria.org\/fr\/wp-json\/wp\/v2\/personaje\/10279","targetHints":{"allow":["GET"]}}],"collection":[{"href":"https:\/\/www.turismodealmeria.org\/fr\/wp-json\/wp\/v2\/personaje"}],"about":[{"href":"https:\/\/www.turismodealmeria.org\/fr\/wp-json\/wp\/v2\/types\/personaje"}],"wp:featuredmedia":[{"embeddable":true,"href":"https:\/\/www.turismodealmeria.org\/fr\/wp-json\/wp\/v2\/media\/25003"}],"wp:attachment":[{"href":"https:\/\/www.turismodealmeria.org\/fr\/wp-json\/wp\/v2\/media?parent=10279"}],"curies":[{"name":"wp","href":"https:\/\/api.w.org\/{rel}","templated":true}]}}