{"id":10281,"date":"2016-03-18T15:12:00","date_gmt":"2016-03-18T15:12:00","guid":{"rendered":"https:\/\/www.turismodealmeria.org\/personaje\/celia-vinas-olivella\/?lang=fr"},"modified":"2022-05-23T14:35:43","modified_gmt":"2022-05-23T12:35:43","slug":"celia-vinas-olivella","status":"publish","type":"personaje","link":"https:\/\/www.turismodealmeria.org\/fr\/personaje\/celia-vinas-olivella\/","title":{"rendered":"Celia Vi\u00f1as Olivella"},"content":{"rendered":"<p>Son enfance et son adolescence se sont pass\u00e9es \u00e0 Palma de Majorque o\u00f9 il a suivi l&rsquo;enseignement primaire et secondaire. Il termine ses \u00e9tudes secondaires au cours de l&rsquo;ann\u00e9e scolaire 1932-1933, puis se rend \u00e0 Barcelone pour \u00e9tudier la philosophie et les lettres dans la section de philologie moderne et le groupe roman. <strong>Par la suite, il passe le test de revalidation \u00e0 l&rsquo;Universit\u00e9 de Barcelone, obtenant une note exceptionnelle \u00e0 l&rsquo;unanimit\u00e9 du tribunal<\/strong>.<\/p>\n<p>Apr\u00e8s la guerre civile, elle obtient son dipl\u00f4me et passe un an \u00e0 Palma de Majorque \u00e0 travailler comme biblioth\u00e9caire dans le cercle de Majorque, <strong>membre du Conseil sup\u00e9rieur de la recherche scientifique<\/strong>.<\/p>\n<p><strong>En 1943 il obtient la Chaire de Langue et Litt\u00e9rature avec le N\u00ba 1 \u00e0 l&rsquo;unanimit\u00e9 de la Cour. Elle est affect\u00e9e \u00e0 Almer\u00eda o\u00f9 elle prend ses fonctions le 1er mars 1943. <\/strong><\/p>\n<p>Pendant son s\u00e9jour \u00e0 Almer\u00eda, il a \u00e9tudi\u00e9 l&rsquo;enseignement \u00e0 l&rsquo;\u00e9cole normale au cours de l&rsquo;ann\u00e9e scolaire 1946-1947, terminant avec une note exceptionnelle. Dans cette \u00e9cole, elle a rencontr\u00e9 son mari, professeur de ladite \u00e9cole, Arturo Medina Padilla. Ils se sont mari\u00e9s le 8 septembre 1953 \u00e0 Palma de Majorque et ont v\u00e9cu Calle General Luque n\u00ba 25.<\/p>\n<p><strong>Les enfants ont toujours \u00e9t\u00e9 son r\u00eave et c&rsquo;est pourquoi elle a toujours voulu \u00eatre institutrice en maternelle<\/strong>. Elle \u00e9tait une enseignante d\u00e9vou\u00e9e \u00e0 son travail; Il s&rsquo;est toujours efforc\u00e9 d&rsquo;inculquer \u00e0 ses \u00e9l\u00e8ves l&rsquo;amour de la litt\u00e9rature et le go\u00fbt du beau litt\u00e9raire. Celia s&rsquo;est impliqu\u00e9e \u00e0 tel point que son attitude lib\u00e9rale lui a caus\u00e9 plus d&rsquo;une aversion face aux injustices, ayant m\u00eame port\u00e9 plainte devant le minist\u00e8re de l&rsquo;\u00c9ducation, l&rsquo;accusant de pervertir la jeunesse. Lorsque cela s&rsquo;est produit, ce sont les \u00e9tudiants eux-m\u00eames qui l&rsquo;ont d\u00e9fendue devant la soci\u00e9t\u00e9. Elle a \u00e9galement \u00e9t\u00e9 d\u00e9fendue par certains coll\u00e8gues, dont le directeur de l&rsquo;institut Francisco S\u00e1iz, qui l&rsquo;a \u00e9galement nomm\u00e9e directrice des \u00e9tudes, o\u00f9 elle a men\u00e9 un travail culturel et \u00e9ducatif de grande importance dans une Almer\u00eda avec peu d&rsquo;int\u00e9r\u00eats intellectuels.<\/p>\n<p><strong>Il a eu une importance significative dans l&rsquo;\u00e9veil culturel d&rsquo;Almer\u00eda au cours de ces ann\u00e9es, en prenant une part active au mouvement culturel Indaliano avec Jes\u00fas de Perceval, son fondateur, qu&rsquo;il a rencontr\u00e9 \u00e0 Madrid.<\/strong><\/p>\n<p>Celia Vi\u00f1as a toujours eu l&rsquo;illusion d&rsquo;avoir des enfants, car les enfants ont toujours \u00e9t\u00e9 son r\u00eave, mais malheureusement, elle avait un handicap physique qui \u00e0 l&rsquo;\u00e9poque \u00e9tait un obstacle presque insurmontable. J&rsquo;avais des fibromes dans l&rsquo;ut\u00e9rus. Pour cela, il a subi une intervention dont il ne s&rsquo;est jamais remis. Elle est d\u00e9c\u00e9d\u00e9e en 1954, alors qu&rsquo;elle n&rsquo;avait \u00e9t\u00e9 mari\u00e9e \u00e0 Arturo Medina que pendant un an \u00e0 l&rsquo;\u00e2ge de 39 ans. Ses fun\u00e9railles ont \u00e9t\u00e9 tout un \u00e9v\u00e9nement avec ses \u00e9tudiants portant le cercueil.<\/p>\n<p>Ainsi dispara\u00eet une figure novatrice dans le domaine de la p\u00e9dagogie, <strong>qui impr\u00e9gnait ses cours de sa passion du savoir et qui motivait ses \u00e9l\u00e8ves \u00e0 s&rsquo;am\u00e9liorer jour apr\u00e8s jour dans leur formation<\/strong>.<\/p>\n<p><strong>Son ami Jes\u00fas de Perceval lui a d\u00e9di\u00e9 un buste sur l&rsquo;une de ses places les plus appr\u00e9ci\u00e9es, la Plaza Bendicho.<\/strong><\/p>\n","protected":false},"excerpt":{"rendered":"<p>Celia Vi\u00f1as est n\u00e9e \u00e0 Lleida le 16 juin 1915. Son p\u00e8re \u00e9tait professeur de math\u00e9matiques et de p\u00e9dagogie \u00e0 l&rsquo;\u00e9cole de Lleida et sa m\u00e8re, toujours une lectrice infatigable, se distinguait par sa grande intelligence. D&rsquo;elle Celia a h\u00e9rit\u00e9 des deux vertus.<\/p>\n","protected":false},"featured_media":25027,"template":"","meta":{"_acf_changed":false},"class_list":["post-10281","personaje","type-personaje","status-publish","has-post-thumbnail","hentry"],"acf":[],"ACF":{"fechas":"1915 - 1954"},"_links":{"self":[{"href":"https:\/\/www.turismodealmeria.org\/fr\/wp-json\/wp\/v2\/personaje\/10281","targetHints":{"allow":["GET"]}}],"collection":[{"href":"https:\/\/www.turismodealmeria.org\/fr\/wp-json\/wp\/v2\/personaje"}],"about":[{"href":"https:\/\/www.turismodealmeria.org\/fr\/wp-json\/wp\/v2\/types\/personaje"}],"wp:featuredmedia":[{"embeddable":true,"href":"https:\/\/www.turismodealmeria.org\/fr\/wp-json\/wp\/v2\/media\/25027"}],"wp:attachment":[{"href":"https:\/\/www.turismodealmeria.org\/fr\/wp-json\/wp\/v2\/media?parent=10281"}],"curies":[{"name":"wp","href":"https:\/\/api.w.org\/{rel}","templated":true}]}}