{"id":10284,"date":"2016-03-17T15:47:25","date_gmt":"2016-03-17T15:47:25","guid":{"rendered":"https:\/\/www.turismodealmeria.org\/personaje\/francisca-diaz-torres-dona-pakyta\/?lang=fr"},"modified":"2023-04-11T11:07:38","modified_gmt":"2023-04-11T09:07:38","slug":"francisca-diaz-torres-dona-pakyta","status":"publish","type":"personaje","link":"https:\/\/www.turismodealmeria.org\/fr\/personaje\/francisca-diaz-torres-dona-pakyta\/","title":{"rendered":"Do\u00f1a Pakyta"},"content":{"rendered":"<div class=\"wpb-content-wrapper\"><p>[vc_row][vc_column][vc_column_text uncode_shortcode_id=\u00a0\u00bb422704&Prime;]Par son travail, Do\u00f1a Pakyta a<strong> lutt\u00e9 contre l&rsquo;exploitation urbaine \u00e0 Cabo de Gata<\/strong>, en essayant de revaloriser les espaces naturels avec des b\u00e2timents r\u00e9habilit\u00e9s comme une ferme du XVIIe si\u00e8cle transform\u00e9e en h\u00f4tel ou en promouvant l&rsquo;agriculture et l&rsquo;\u00e9levage biologiques avec 600 hectares de terres agricoles et pr\u00e8s de 1 000 ch\u00e8vres celtib\u00e8res blanches.<\/p>\n<p>N\u00e9e en 1911,<strong> elle \u00e9tudie au Colegio de la Compa\u00f1\u00eda de Mar\u00eda de Almer\u00eda<\/strong> et \u00e9pouse Jos\u00e9 Gonz\u00e1lez Montoya \u00e0 l&rsquo;\u00e2ge de 21 ans. D\u00e9finie comme une femme au caract\u00e8re fougueux, inatteignable par le d\u00e9couragement, une amatrice d&rsquo;art, une voyageuse infatigable, et consciente du caract\u00e8re unique et de la beaut\u00e9 de la Sierra de Cabo de Gata, elle prend vite conscience de la n\u00e9cessit\u00e9 de la pr\u00e9server.<\/p>\n<p>La femme d&rsquo;affaires a <strong>dirig\u00e9 et pr\u00e9serv\u00e9 avec son mari jusqu&rsquo;en 1976, date de sa mort, la conservation de ce qui est aujourd&rsquo;hui la zone \u00ab\u00a0la plus embl\u00e9matique et la plus visit\u00e9e\u00a0\u00bb du Parc Naturel, autour de la baie de San Jos\u00e9<\/strong>. Lorsque, dans les ann\u00e9es 1960, une tentative a \u00e9t\u00e9 faite pour faire traverser leur propri\u00e9t\u00e9 par l&rsquo;autoroute de la M\u00e9diterran\u00e9e, le couple Gonz\u00e1lez D\u00edaz a commenc\u00e9 l&rsquo;urbanisation ordonn\u00e9e de l&rsquo;endroit le plus d\u00e9sol\u00e9 de la r\u00e9gion, San Jos\u00e9, imposant des limitations de vente sur les conditions de construction et de protection de l&rsquo;environnement.[\/vc_column_text][\/vc_column][\/vc_row][vc_row][vc_column width=\u00a0\u00bb1\/1&Prime;][vc_empty_space empty_h=\u00a0\u00bb2&Prime;][\/vc_column][\/vc_row][vc_row][vc_column width=\u00a0\u00bb1\/2&Prime;][vc_column_text uncode_shortcode_id=\u00a0\u00bb765196&Prime;]Depuis lors, \u00e0 travers ses entreprises,<strong> Francisca D\u00edaz a promu un urbanisme durable dans cette enclave, respectueux de l&rsquo;espace et exemplaire en termes d&rsquo;utilisation de typologies de construction en accord avec l&rsquo;environnement<\/strong>. Traditionnellement d\u00e9di\u00e9 \u00e0 la production c\u00e9r\u00e9ali\u00e8re et animale, le domaine El Romeral a accueilli des projets innovants tout au long de son histoire, comme l&rsquo;ouverture d&rsquo;une fabrique de cordes v\u00e9g\u00e9tales de crin et la cr\u00e9ation d&rsquo;un r\u00e9servoir d&rsquo;irrigation pour l&rsquo;alimentation du b\u00e9tail.[\/vc_column_text][\/vc_column][vc_column width=\u00a0\u00bb1\/2&Prime;][vc_single_image media=\u00a0\u00bb65490&Prime; media_width_percent=\u00a0\u00bb100&Prime; uncode_shortcode_id=\u00a0\u00bb115025&Prime;][\/vc_column][\/vc_row][vc_row][vc_column width=\u00a0\u00bb1\/1&Prime;][vc_empty_space][\/vc_column][\/vc_row][vc_row][vc_column width=\u00a0\u00bb1\/1&Prime;][vc_column_text uncode_shortcode_id=\u00a0\u00bb168489&Prime;]Au cours des dix derni\u00e8res ann\u00e9es, <strong>plus de neuf millions d&rsquo;euros ont \u00e9t\u00e9 investis dans la r\u00e9habilitation<\/strong> et la mise en valeur de b\u00e2timents anciens \u00e0 valeur historique et ethnographique. \u00c0 travers une entreprise cr\u00e9\u00e9e par elle et g\u00e9r\u00e9e par ses proches, Francisca D\u00edaz a promu des initiatives pour guider la reconversion de la ferme vers une offre touristique int\u00e9gr\u00e9e aux modes de vie traditionnels et \u00e0 la culture de l&rsquo;environnement.<\/p>\n<p><strong>Il mourut chez lui \u00e0 Almer\u00eda \u00e0 l&rsquo;\u00e2ge de 103 ans et sa d\u00e9pouille mortelle repose au cimeti\u00e8re Pozo de los Frailes, \u00e0 N\u00edjar, avec plusieurs proches.<\/strong><\/p>\n<p>La <strong>maison qu&rsquo;il a donn\u00e9e \u00e0 la mairie d&rsquo;Almer\u00eda<\/strong> est embl\u00e9matique, une villa \u00e0 l&rsquo;esth\u00e9tique nordique unique construite en 1928, qui sera transform\u00e9e en <a href=\"https:\/\/www.turismodealmeria.org\/museos\/fr\/museo\/musee-dart-dona-pakyta\/\" target=\"_blank\" rel=\"noopener\">mus\u00e9e d&rsquo;art<\/a> pour la ville.[\/vc_column_text][\/vc_column][\/vc_row]<\/p>\n<\/div>","protected":false},"excerpt":{"rendered":"<p>Francisca D\u00edaz Torres, mieux connue sous le nom de Do\u00f1a Pakyta et fille pr\u00e9f\u00e9r\u00e9e d&rsquo;Andalousie en 2010, \u00e9tait une femme d&rsquo;affaires d&rsquo;Almer\u00eda reconnue pour son travail environnemental, qu&rsquo;elle a maintenu tout au long de sa vie, soulignant son int\u00e9r\u00eat pour la conservation \u00e9cologique et durable de plus de 3 300 hectares de le Parc Naturel de Cabo de Gata-N\u00edjar, de sa position de pr\u00e9sidente d&rsquo;honneur du Groupe Playas y Cortijos.<\/p>\n","protected":false},"featured_media":25015,"template":"","meta":{"_acf_changed":false},"class_list":["post-10284","personaje","type-personaje","status-publish","has-post-thumbnail","hentry"],"acf":[],"ACF":{"fechas":"1911 - 2014"},"_links":{"self":[{"href":"https:\/\/www.turismodealmeria.org\/fr\/wp-json\/wp\/v2\/personaje\/10284","targetHints":{"allow":["GET"]}}],"collection":[{"href":"https:\/\/www.turismodealmeria.org\/fr\/wp-json\/wp\/v2\/personaje"}],"about":[{"href":"https:\/\/www.turismodealmeria.org\/fr\/wp-json\/wp\/v2\/types\/personaje"}],"wp:featuredmedia":[{"embeddable":true,"href":"https:\/\/www.turismodealmeria.org\/fr\/wp-json\/wp\/v2\/media\/25015"}],"wp:attachment":[{"href":"https:\/\/www.turismodealmeria.org\/fr\/wp-json\/wp\/v2\/media?parent=10284"}],"curies":[{"name":"wp","href":"https:\/\/api.w.org\/{rel}","templated":true}]}}