{"id":10291,"date":"2016-03-15T15:52:27","date_gmt":"2016-03-15T15:52:27","guid":{"rendered":"https:\/\/www.turismodealmeria.org\/personaje\/guillermo-langle-rubio\/?lang=fr"},"modified":"2023-04-11T11:10:32","modified_gmt":"2023-04-11T09:10:32","slug":"guillermo-langle-rubio","status":"publish","type":"personaje","link":"https:\/\/www.turismodealmeria.org\/fr\/personaje\/guillermo-langle-rubio\/","title":{"rendered":"Guillermo Langle"},"content":{"rendered":"<div class=\"wpb-content-wrapper\"><p>[vc_row][vc_column][vc_column_text uncode_shortcode_id=\u00a0\u00bb181691&Prime;]D\u00e8s son plus jeune \u00e2ge, il ressent une vocation pour la peinture et entre \u00e0 l&rsquo;\u00c9cole des beaux-arts, mais sa m\u00e8re, Concha Rubio, souhaite qu&rsquo;il \u00e9tudie l&rsquo;architecture afin qu&rsquo;il puisse poursuivre la brillante saga de ses trois fr\u00e8res : professeur de droit, avocat et m\u00e9decin. Il se rend \u00e0 Madrid en 1913 pour se pr\u00e9parer \u00e0 l&rsquo;admission \u00e0 l&rsquo;\u00c9cole d&rsquo;architecture et a le plaisir de rencontrer l&rsquo;intelligentsia espagnole : Jacinto Benavente, Ortega y Gasset, P\u00edo Baroja et bien d&rsquo;autres.<\/p>\n<p>En 1915, il commen\u00e7a ses \u00e9tudes d&rsquo;architecture, qu&rsquo;il termina en 1921. Il retourna \u00e0 Almer\u00eda en 1923 et s&rsquo;enferma pour toujours dans sa ville bien-aim\u00e9e, voyageant \u00e0 peine \u00e0 l&rsquo;\u00e9tranger et ne d\u00e9passant pas la sph\u00e8re locale. Ses contacts avec l&rsquo;avant-garde architecturale se sont faits \u00e0 travers des lettres, avec ses coll\u00e8gues, un abonnement \u00e0 la revue \u00ab\u00a0Arquitectura\u00a0\u00bb et ses pr\u00e9occupations continues.<\/p>\n<p><strong>Il a beaucoup travaill\u00e9 pour Almer\u00eda et s&rsquo;est senti privil\u00e9gi\u00e9<\/strong>. Il a \u00e9t\u00e9 architecte municipal de 1925 \u00e0 1965, 40 ans de sa vie consacr\u00e9s \u00e0 travailler pour Almer\u00eda et l&rsquo;une des plus grandes \u0153uvres qu&rsquo;il a con\u00e7ues a \u00e9t\u00e9 le r\u00e9seau d&rsquo;abris de la guerre civile espagnole. Un projet tr\u00e8s ambitieux compos\u00e9 de 4 kms. et demi de galeries souterraines qui abritaient les 45 000 habitants d&rsquo;Almer\u00eda \u00e0 cette \u00e9poque. Projet command\u00e9 par le conseil municipal pour sauver la vie de milliers de personnes des bombardements dont la ville a \u00e9t\u00e9 victime. Ce sont 754 bombes qui ont \u00e9t\u00e9 largu\u00e9es au cours de 52 bombardements, qui ont fait des victimes humaines, une ville \u00e0 moiti\u00e9 ruin\u00e9e, des b\u00e2timents r\u00e9duits en d\u00e9combres et un patrimoine historique et artistique d\u00e9truit. Le r\u00e9seau de refuges a \u00e9t\u00e9 con\u00e7u et supervis\u00e9 en d\u00e9tail, mais ils ont \u00e9t\u00e9 construits par les ing\u00e9nieurs civils Jos\u00e9 Fornieles et Carlos Fern\u00e1ndez Celeya, la population participant activement \u00e0 leur construction.[\/vc_column_text][\/vc_column][\/vc_row][vc_row][vc_column width=\u00a0\u00bb1\/1&Prime;][vc_empty_space empty_h=\u00a0\u00bb2&Prime;][\/vc_column][\/vc_row][vc_row][vc_column width=\u00a0\u00bb1\/2&Prime;][vc_column_text uncode_shortcode_id=\u00a0\u00bb150282&Prime;]<strong>Sur la Plaza Flores, se trouve l&rsquo;un des premiers b\u00e2timents n\u00e9o-baroques qu&rsquo;il a construits pour Almer\u00eda et o\u00f9 il a laiss\u00e9 un morceau de son c\u0153ur<\/strong>. Dans cet immeuble, il vivait avec sa premi\u00e8re femme, Gloria Trujillo, d\u00e9c\u00e9d\u00e9e pr\u00e9matur\u00e9ment, le laissant veuf avec un b\u00e9b\u00e9 de 11 mois, son fils Guillermo. Des ann\u00e9es plus tard, il retrouva sa joie gr\u00e2ce \u00e0 son mariage avec M.\u00aa Jos\u00e9 Granados, avec qui il eut 3 autres enfants : les jumeaux Paco et Pl\u00e1cido et la petite Pepita.[\/vc_column_text][\/vc_column][vc_column width=\u00a0\u00bb1\/2&Prime;][vc_single_image media=\u00a0\u00bb65497&Prime; media_width_percent=\u00a0\u00bb100&Prime; uncode_shortcode_id=\u00a0\u00bb123381&Prime;][\/vc_column][\/vc_row][vc_row][vc_column width=\u00a0\u00bb1\/1&Prime;][vc_empty_space empty_h=\u00a0\u00bb2&Prime;][\/vc_column][\/vc_row][vc_row][vc_column width=\u00a0\u00bb1\/1&Prime;][vc_column_text uncode_shortcode_id=\u00a0\u00bb415006&Prime;]Une fois la guerre termin\u00e9e, les entr\u00e9es des abris ont \u00e9t\u00e9 ferm\u00e9es et en 1943 ont \u00e9t\u00e9 construits des kiosques faisant partie du mobilier urbain, parmi lesquels celui de la Plaza Marqu\u00e9s de Heredia et de la Plaza Urrutia. Ce dernier kiosque mentionn\u00e9 est celui qui conserve sa structure primitive d&rsquo;origine.<\/p>\n<p><strong>Guillermo Langle a \u00e9galement travaill\u00e9 sur la reconstruction architecturale des \u00e9glises apr\u00e8s la guerre, tout comme son grand travail dans le Sanctuaire de la Virgen del Mar<\/strong>. Sa structure architecturale int\u00e9rieure a \u00e9t\u00e9 br\u00fbl\u00e9e par le feu et il l&rsquo;a con\u00e7ue pour \u00eatre \u00e9lev\u00e9e pierre de taille par pierre de taille et arc par arc. Un travail tr\u00e8s laborieux mais tr\u00e8s enrichissant. Soulignez \u00e9galement la reconstruction de l&rsquo;\u00e9glise de Santiago. Guillermo Langle a con\u00e7u la populairement appel\u00e9e \u00ab\u00a0Fontaine des Poissons\u00a0\u00bb pour \u00eatre construite plus tard par l&rsquo;atelier Jes\u00fas de Perceval.<\/p>\n<p>Les \u00e9tapes constructives de Guillermo Langle Rubio doivent \u00eatre soulign\u00e9es :<\/p>\n<ul>\n<li>La sc\u00e8ne n\u00e9o-baroque, suivant les directives de ses pr\u00e9d\u00e9cesseurs Trinidad Cuartara et Enrique L\u00f3pez Rull. Les maisons multifamiliales de Plaza de las Flores, Puerta de Purchena et Aguilar de Campoo en sont des exemples.<\/li>\n<li>L&rsquo;\u00e9tape r\u00e9gionaliste de la fin des ann\u00e9es 1920 et du d\u00e9but des ann\u00e9es 1930, o\u00f9 se distingue la maison de Jos\u00e9 Battll\u00e9s en 1927, un b\u00e2timent annex\u00e9 au mus\u00e9e du centre d&rsquo;art d&rsquo;Almer\u00eda. Dans son style r\u00e9gionaliste et en brisant les moules stipul\u00e9s dans sa construction et dans l&rsquo;urbanisme d&rsquo;Almer\u00eda, \u00e0 la demande de sa client\u00e8le priv\u00e9e, il a construit le \u00ab\u00a0Chalet Montoya\u00a0\u00bb en 1928, qui rappelle un manoir basque et est unique et singulier dans Almer\u00eda. Il est situ\u00e9 sur la place circulaire.<\/li>\n<li>De son stade rationaliste, l&rsquo;ancienne gare routi\u00e8re de 1952 se distingue, o\u00f9 les lignes courbes et concaves avec un auvent d&rsquo;acc\u00e8s en surplomb et des piliers autoportants donnent au b\u00e2timent un grand mouvement et en font un b\u00e2timent innovant et fonctionnel qui le rend digne d&rsquo;\u00eatre bien d&rsquo;Int\u00e9r\u00eat Culturel.<\/li>\n<\/ul>\n<p>D&rsquo;autres travaux:<\/p>\n<ul>\n<li>L&rsquo;ermitage de Torregarc\u00eda en l&rsquo;honneur de la Virgen del Mar, 1953.<\/li>\n<li>Tout le design dans les ann\u00e9es 40 du 20\u00e8me si\u00e8cle de la Cit\u00e9 Jardin : march\u00e9, \u00e9cole, \u00e9glise&#8230;<\/li>\n<\/ul>\n<p><strong>Apr\u00e8s avoir pris sa retraite d&rsquo;architecte municipal en 1965, il se consacre dans la derni\u00e8re \u00e9tape de sa vie \u00e0 son autre grand passe-temps : la peinture. Il est mort en 1981.<\/strong>[\/vc_column_text][\/vc_column][\/vc_row]<\/p>\n<\/div>","protected":false},"excerpt":{"rendered":"<p>Guillermo Langle Rubio est un architecte n\u00e9 \u00e0 Almer\u00eda en 1895. Son p\u00e8re \u00e9tait Pl\u00e1cido Langle Moya, qui lui a transmis son esprit travailleur et lib\u00e9ral.<\/p>\n","protected":false},"featured_media":25006,"template":"","meta":{"_acf_changed":false},"class_list":["post-10291","personaje","type-personaje","status-publish","has-post-thumbnail","hentry"],"acf":[],"ACF":{"fechas":"1895 -1981"},"_links":{"self":[{"href":"https:\/\/www.turismodealmeria.org\/fr\/wp-json\/wp\/v2\/personaje\/10291","targetHints":{"allow":["GET"]}}],"collection":[{"href":"https:\/\/www.turismodealmeria.org\/fr\/wp-json\/wp\/v2\/personaje"}],"about":[{"href":"https:\/\/www.turismodealmeria.org\/fr\/wp-json\/wp\/v2\/types\/personaje"}],"wp:featuredmedia":[{"embeddable":true,"href":"https:\/\/www.turismodealmeria.org\/fr\/wp-json\/wp\/v2\/media\/25006"}],"wp:attachment":[{"href":"https:\/\/www.turismodealmeria.org\/fr\/wp-json\/wp\/v2\/media?parent=10291"}],"curies":[{"name":"wp","href":"https:\/\/api.w.org\/{rel}","templated":true}]}}