{"id":10293,"date":"2016-03-14T16:07:14","date_gmt":"2016-03-14T16:07:14","guid":{"rendered":"https:\/\/www.turismodealmeria.org\/personaje\/jose-padilla-sanchez\/?lang=fr"},"modified":"2022-05-23T17:35:10","modified_gmt":"2022-05-23T15:35:10","slug":"jose-padilla-sanchez","status":"publish","type":"personaje","link":"https:\/\/www.turismodealmeria.org\/fr\/personaje\/jose-padilla-sanchez\/","title":{"rendered":"Jos\u00e9 Padilla S\u00e1nchez"},"content":{"rendered":"<div class=\"wpb-content-wrapper\"><p>[vc_row][vc_column][vc_column_text uncode_shortcode_id=\u00a0\u00bb603326&Prime;]<strong>\u00c0 l&rsquo;\u00e2ge de 14 ans, il dirige d\u00e9j\u00e0 sa premi\u00e8re composition<\/strong> et ce sera lorsqu&rsquo;il d\u00e9m\u00e9nagera \u00e0 Madrid pour \u00e9tudier au conservatoire et \u00e9largir ses connaissances musicales de solf\u00e8ge et de piano qu&rsquo;il conna\u00eetra l&rsquo;atmosph\u00e8re vari\u00e9e de Madrid et composera le c\u00e9l\u00e8bre pasodoble pour le torero de sa terre <strong>\u00ab\u00a0Relampaguito\u00a0\u00bb<\/strong> . En 1906, sa premi\u00e8re zarzuela<strong> \u00ab\u00a0El Centuri\u00f3n\u00a0\u00bb<\/strong> est n\u00e9e.<\/p>\n<p><strong>Jos\u00e9 Padilla voyage \u00e0 Barcelone<\/strong> o\u00f9 il vit une nouvelle vie, avec d&rsquo;autres influences et contacts comme celui de Picasso. \u00c0 23 ans, <strong>il s&rsquo;installe \u00e0 Buenos Aires<\/strong> pour travailler comme directeur de l&rsquo;orchestre de la compagnie \u00darsula L\u00f3pez.<\/p>\n<p><strong>La \u00ab\u00a0Violetera\u00a0\u00bb et \u00ab\u00a0El Relicario\u00a0\u00bb<\/strong> seront ses grands succ\u00e8s, ainsi que le \u00ab\u00a0Pasodoble de Valencia\u00a0\u00bb et le c\u00e9l\u00e8bre \u00ab\u00a0hymne d&rsquo;Almer\u00eda\u00a0\u00bb qui a \u00e9t\u00e9 cr\u00e9\u00e9 en 1942 et Ma\u00eetre Padilla a vant\u00e9 la beaut\u00e9 de la mer et le ciel de sa terre . L&rsquo;hymne a \u00e9t\u00e9 cr\u00e9\u00e9 avec des paroles du po\u00e8te Jos\u00e9 Mart\u00ednez Alvarez de Sotomayor, po\u00e8te et dramaturge de Cuevas del Almanzora (1880-1947), une ville d&rsquo;Almer\u00eda.<\/p>\n<p><strong>Maestro Padill<\/strong>a avait \u00e9galement une place dans les cercles parisiens, puisque dans la capitale fran\u00e7aise, il \u00e9tait associ\u00e9 \u00e0 Carlos Gardel et Maurice Chevalier. Ses \u0153uvres seront entendues au Casino, aux Folies Berg\u00e8re et au Molino Rojo.<\/p>\n<p>Il fut un compositeur tr\u00e8s prolifique, son \u0153uvre \u00e9tant pr\u00e9sente dans 35 films, couvrant diff\u00e9rents genres : religieux, revue, zarzuela et op\u00e9rette.<\/p>\n<p><strong>En 1935, le conseil municipal d&rsquo;Almer\u00eda a accept\u00e9 de le nommer fils pr\u00e9f\u00e9r\u00e9. <\/strong><\/p>\n<p><strong>Jos\u00e9 Padilla est d\u00e9c\u00e9d\u00e9 \u00e0 Madrid en 1960. L&rsquo;Auditorium d&rsquo;Almer\u00eda porte le nom du prestigieux compositeur.<\/strong>[\/vc_column_text][\/vc_column][\/vc_row][vc_row][vc_column width=\u00a0\u00bb1\/1&Prime;][vc_empty_space][\/vc_column][\/vc_row][vc_row][vc_column width=\u00a0\u00bb1\/1&Prime;][vc_column_text uncode_shortcode_id=\u00a0\u00bb102406&Prime;]<iframe src=\"https:\/\/www.youtube.com\/embed\/BekUYOkk1ug?rel=0\" width=\"100%\" height=\"450px\" frameborder=\"0\" allowfullscreen=\"allowfullscreen\"><\/iframe>[\/vc_column_text][\/vc_column][\/vc_row]<\/p>\n<\/div>","protected":false},"excerpt":{"rendered":"<p>Le compositeur Jos\u00e9 Padilla S\u00e1nchez est n\u00e9 en 1889 \u00e0 Almer\u00eda (sur la Plaza de Sartorius ou San Pedro). Son int\u00e9r\u00eat pour la musique l&rsquo;a amen\u00e9 \u00e0 s&rsquo;y plonger \u00e0 Almer\u00eda m\u00eame aux mains du directeur de la Musique Municipale.<\/p>\n","protected":false},"featured_media":24997,"template":"","meta":{"_acf_changed":false},"class_list":["post-10293","personaje","type-personaje","status-publish","has-post-thumbnail","hentry"],"acf":[],"ACF":{"fechas":"1889 - 1960"},"_links":{"self":[{"href":"https:\/\/www.turismodealmeria.org\/fr\/wp-json\/wp\/v2\/personaje\/10293","targetHints":{"allow":["GET"]}}],"collection":[{"href":"https:\/\/www.turismodealmeria.org\/fr\/wp-json\/wp\/v2\/personaje"}],"about":[{"href":"https:\/\/www.turismodealmeria.org\/fr\/wp-json\/wp\/v2\/types\/personaje"}],"wp:featuredmedia":[{"embeddable":true,"href":"https:\/\/www.turismodealmeria.org\/fr\/wp-json\/wp\/v2\/media\/24997"}],"wp:attachment":[{"href":"https:\/\/www.turismodealmeria.org\/fr\/wp-json\/wp\/v2\/media?parent=10293"}],"curies":[{"name":"wp","href":"https:\/\/api.w.org\/{rel}","templated":true}]}}