{"id":10300,"date":"2016-03-11T12:14:46","date_gmt":"2016-03-11T12:14:46","guid":{"rendered":"https:\/\/www.turismodealmeria.org\/personaje\/carmen-de-burgos-la-colombine\/?lang=fr"},"modified":"2022-05-23T16:39:24","modified_gmt":"2022-05-23T14:39:24","slug":"carmen-de-burgos-la-colombine","status":"publish","type":"personaje","link":"https:\/\/www.turismodealmeria.org\/fr\/personaje\/carmen-de-burgos-la-colombine\/","title":{"rendered":"Carmen de Burgos &lsquo;La Colombine&rsquo;"},"content":{"rendered":"<p><strong>Il s&rsquo;agit de Carmen de Burgos Segu\u00ed, Colombin<\/strong>e, l&rsquo;un des personnages f\u00e9minins les plus importants de tout le premier tiers du SXX pass\u00e9. Ses pr\u00e9occupations intellectuelles et sa position progressiste l&rsquo;ont amen\u00e9 \u00e0 lutter contre des r\u00e8gles de coexistence p\u00e9rim\u00e9es qui sont aujourd&rsquo;hui d\u00e9pass\u00e9es : <strong>loi sur le divorce, droit de vote des femmes et suffrage universel, parit\u00e9 devant la soci\u00e9t\u00e9 et libre capacit\u00e9 \u00e0 d\u00e9cider de leur propre destin. Sa vie, son \u0153uvre et son h\u00e9ritage historique n&rsquo;ont pas \u00e9t\u00e9 reconnus sous le r\u00e9gime de Franco<\/strong>.<\/p>\n<p>Il appartenait \u00e0 une famille bourgeoise du XIXe si\u00e8cle dont le prestige et la consolidation \u00e9conomique reposaient sur l&rsquo;enrichissement des exploitations mini\u00e8res et le commerce ext\u00e9rieur de l&rsquo;alfa et du raisin. Son p\u00e8re, Jos\u00e9 de Burgos Ca\u00f1izares, et son oncle, Francisco, ont \u00e9t\u00e9 vice-consul du Portugal. Sa m\u00e8re Nicosia Segui Nieto, issue d&rsquo;un milieu social diff\u00e9rent, a cependant b\u00e9n\u00e9fici\u00e9 \u00e0 13 ans de l&rsquo;important h\u00e9ritage d&rsquo;un propri\u00e9taire agricole de Nijar ; avec des fermes et des fermes dans le terme de Rodalquilar. Le mariage des deux, o\u00f9 deux branches compl\u00e9mentaires ont converg\u00e9, a fourni \u00e0 Carmen et \u00e0 ses fr\u00e8res et s\u0153urs une s\u00e9curit\u00e9 \u00e9conomique et une \u00e9ducation en fonction de leur rang.<\/p>\n<p><strong>Carmen de Burgos, telle que certifi\u00e9e par le cur\u00e9 de San Pedro \u00e0 la suite des \u00e9tudes men\u00e9es par Florentino Casta\u00f1eda qui acc\u00e8de \u00e0 son certificat de bapt\u00eame et le publie dans la presse locale, est n\u00e9e en 1867 dans la maison familiale situ\u00e9e sur la Plaza de la Constituci\u00f3n<\/strong>, avec acc\u00e8s par la rue Mariana num\u00e9ro 16. Il est donc n\u00e9 \u00e0 Almer\u00eda et non \u00e0 Rodalquilar, une ville avec laquelle, cependant, il avait un grand lien.<\/p>\n<p><strong>Rodalquilar a \u00e9t\u00e9 une r\u00e9f\u00e9rence constante dans son enfance<\/strong>. Le c\u0153ur du parc naturel de Cabo de Gata a \u00e9t\u00e9 t\u00e9moin des escapades d&rsquo;une fille insouciante, libre et r\u00eaveuse. Dans plusieurs de ses romans et essais, il \u00e9voque le pass\u00e9, la m\u00e9moire v\u00e9cue et appr\u00e9ci\u00e9e. Il a v\u00e9cu son enfance entre Rodalquilar, la ferme familiale de La Uni\u00f3n, et la capitale d&rsquo;Almeria.<\/p>\n<p><strong>\u00c0 son retour dans la ville<\/strong>, il a v\u00e9cu \u00e0 l&rsquo;adresse de la Calle Teatro, pr\u00e8s du Teatro Principal ou de Campos, aujourd&rsquo;hui Calle Doctor Gomez Ulla. Carmen de Burgos fait face \u00e0 son retour dans la ville cultiv\u00e9e. J&rsquo;entrais dans un monde o\u00f9 les d\u00e9sirs \u00e9taient nettement diff\u00e9renci\u00e9s. Une \u00e9lite minoritaire de propri\u00e9taires terriens reconnus, fonctionnaires et professions lib\u00e9rales vivant dans l&rsquo;opulence, clients r\u00e9guliers des lyc\u00e9es, th\u00e9\u00e2tres et autres soir\u00e9es exclusives, d&rsquo;un c\u00f4t\u00e9. D&rsquo;un autre, majoritaire, form\u00e9 par une table de journaliers, d&rsquo;artisans et de petits commer\u00e7ants.<strong> Il se retrouve face \u00e0 une grande injustice sociale et \u00e9conomique : le luxe excessif face \u00e0 la mis\u00e8re et \u00e0 l&rsquo;analphab\u00e9tisme<\/strong>. D\u00e9j\u00e0 dans la capitale, il re\u00e7oit une \u00e9ducation typique de sa classe.<\/p>\n<p>Carmen de Burgos s&rsquo;est mari\u00e9e tr\u00e8s jeune, \u00e0 l&rsquo;\u00e2ge de 16 ans, avec Arturo \u00c1lvarez Bustos, de quatorze ans son a\u00een\u00e9, po\u00e8te et journaliste sarcastique, avec qui elle a activement collabor\u00e9 \u00e0 son journal. Ils ont mis fin \u00e0 leur histoire d&rsquo;amour en se mariant. Le mariage, compte tenu du talent du mari, aboutit \u00e0 un \u00e9chec irr\u00e9parable, malgr\u00e9 l&rsquo;engouement initial et les enfants qu&rsquo;ils eurent. Le couple se dissout.<\/p>\n<p>Elle a compl\u00e9t\u00e9 des \u00e9tudes universitaires qui lui ont valu de s&rsquo;\u00e9manciper du joug conjugal et d&rsquo;assurer un soutien \u00e9conomique pour elle et sa fille M\u00aa Dolores. Pour ces raisons et pour son souci constant de se perfectionner, elle d\u00e9cide d&rsquo;\u00e9tudier l&rsquo;enseignement et en juin 1895, elle obtient la revalidation de professeur \u00e0 Grenade.<\/p>\n<p><strong>En 1903, elle devient la premi\u00e8re femme r\u00e9dactrice en chef d&rsquo;un journal : \u00ab El Diario Universal \u00bb<\/strong> et son directeur lui accorde la rubrique quotidienne intitul\u00e9e \u00ab Lectures pour femmes \u00bb et la baptisera du surnom qui sera sa marque de fabrique \u00ab La Colombine \u00bb. Ainsi, il entame une carri\u00e8re professionnelle de journaliste qui l&rsquo;accompagnera jusqu&rsquo;\u00e0 la fin de sa vie. Carmen retourna \u00e0 Almer\u00eda en avril 1904, envoy\u00e9e par le Diario Universal de Madrid pour couvrir la premi\u00e8re arriv\u00e9e du roi Alfonso XIII dans la ville, et l\u00e0, elle rendit visite \u00e0 sa famille. Au d\u00e9but de 1904 se d\u00e9roule l&rsquo;un des principaux travaux que Carmen va r\u00e9aliser et qui va jeter les bases de son grand h\u00e9ritage f\u00e9ministe dans sa rubrique \u00abLectures pour les femmes\u00bb. Je ferais une enqu\u00eate sur la n\u00e9cessit\u00e9 d&rsquo;une loi sur le divorce en Espagne. La question, le contenu des r\u00e9ponses et les conclusions seraient publi\u00e9s sous la forme d&rsquo;un livre-brochure intitul\u00e9 \u00ab Divorce en Espagne \u00bb. Un acte courageux et audacieux qui pourrait mettre en p\u00e9ril sa brillante carri\u00e8re de journaliste qui commen\u00e7ait \u00e0 reprendre.<\/p>\n<p>\u00c0 son retour dans la ville, il a v\u00e9cu \u00e0 l&rsquo;adresse de la Calle Teatro, pr\u00e8s du Teatro Principal ou de Campos, aujourd&rsquo;hui Calle Doctor Gomez Ulla. Carmen de Burgos fait face \u00e0 son retour dans la ville cultiv\u00e9e. J&rsquo;entrais dans un monde o\u00f9 les d\u00e9sirs \u00e9taient nettement diff\u00e9renci\u00e9s. Une \u00e9lite minoritaire de propri\u00e9taires terriens reconnus, fonctionnaires et professions lib\u00e9rales vivant dans l&rsquo;opulence, clients assidus des lyc\u00e9es, th\u00e9\u00e2tres et autres soir\u00e9es exclusives, d&rsquo;un c\u00f4t\u00e9. D&rsquo;un autre, majoritaire, form\u00e9 par une table de journaliers, d&rsquo;artisans et de petits commer\u00e7ants. Il se retrouve face \u00e0 une grande injustice sociale et \u00e9conomique : le luxe excessif face \u00e0 la mis\u00e8re et \u00e0 l&rsquo;analphab\u00e9tisme. D\u00e9j\u00e0 dans la capitale, il re\u00e7oit une \u00e9ducation typique de sa classe.<\/p>\n<p>Carmen de Burgos s&rsquo;est mari\u00e9e tr\u00e8s jeune, \u00e0 l&rsquo;\u00e2ge de 16 ans, avec Arturo \u00c1lvarez Bustos, de quatorze ans son a\u00een\u00e9, po\u00e8te et journaliste sarcastique, avec qui elle a activement collabor\u00e9 \u00e0 son journal. Ils ont mis fin \u00e0 leur histoire d&rsquo;amour en se mariant. Le mariage, compte tenu du talent du mari, aboutit \u00e0 un \u00e9chec irr\u00e9parable, malgr\u00e9 l&rsquo;engouement initial et les enfants qu&rsquo;ils eurent. Le couple se dissout.<\/p>\n<p><strong>Avec la Seconde R\u00e9publique et l&rsquo;octroi du droit d&rsquo;\u00e9ligibilit\u00e9 et d&rsquo;\u00e9lectorat aux femmes, un moment d&rsquo;apog\u00e9e est v\u00e9cu pour Carmen apr\u00e8s de longues longues ann\u00e9es de lutte personnelle et collective.<\/strong><\/p>\n<p>Il a eu une derni\u00e8re visite \u00e0 Almer\u00eda. Ce sera en 1931 et c&rsquo;\u00e9tait particuli\u00e8rement \u00e9mouvant et unique pour une femme qui avait r\u00e9alis\u00e9 des id\u00e9aux r\u00e9publicains.<\/p>\n<p>En cette ann\u00e9e 1931, en novembre, il lui r\u00e9serve encore sa derni\u00e8re surprise litt\u00e9raire. Puis <strong>\u00ab\u00a0Pu\u00f1al de carnations\u00a0\u00bb<\/strong> a \u00e9t\u00e9 publi\u00e9, une \u0153uvre qui a cl\u00f4tur\u00e9 le cycle de son d\u00e9sir de Rodalquilar et en fait toute l&rsquo;\u0153uvre de Carmen, qui contient un message int\u00e9rieur : l&rsquo;espoir de r\u00e9g\u00e9n\u00e9ration et de bonheur.<\/p>\n<p><strong>Il est d\u00e9c\u00e9d\u00e9 le 8 octobre 1932.<\/strong><\/p>\n<p><strong>Ses oeuvres sont arriv\u00e9es en t\u00eate des listes noires des auteurs interdits par les autorit\u00e9s du franquisme, sa production litt\u00e9raire et son ann\u00e9e de lutte pour les droits des femmes\u2026 mais elle se d\u00e9voile avec les recherches litt\u00e9raires et historiques de cette femme qui s&rsquo;est battue pour l&rsquo;\u00e9galit\u00e9 effective entre hommes et femmes.<\/strong><\/p>\n","protected":false},"excerpt":{"rendered":"<p>Enseignante, p\u00e9dagogue, \u00e9crivaine, journaliste, correspondante de guerre, voyageuse, conf\u00e9renci\u00e8re, r\u00e9publicaine, membre d&rsquo;une loge ma\u00e7onnique, d\u00e9fenseure des valeurs humaines en g\u00e9n\u00e9ral et des droits des femmes en particulier.<\/p>\n","protected":false},"featured_media":25036,"template":"","meta":{"_acf_changed":false},"class_list":["post-10300","personaje","type-personaje","status-publish","has-post-thumbnail","hentry"],"acf":[],"ACF":{"fechas":"1867 - 1932"},"_links":{"self":[{"href":"https:\/\/www.turismodealmeria.org\/fr\/wp-json\/wp\/v2\/personaje\/10300","targetHints":{"allow":["GET"]}}],"collection":[{"href":"https:\/\/www.turismodealmeria.org\/fr\/wp-json\/wp\/v2\/personaje"}],"about":[{"href":"https:\/\/www.turismodealmeria.org\/fr\/wp-json\/wp\/v2\/types\/personaje"}],"wp:featuredmedia":[{"embeddable":true,"href":"https:\/\/www.turismodealmeria.org\/fr\/wp-json\/wp\/v2\/media\/25036"}],"wp:attachment":[{"href":"https:\/\/www.turismodealmeria.org\/fr\/wp-json\/wp\/v2\/media?parent=10300"}],"curies":[{"name":"wp","href":"https:\/\/api.w.org\/{rel}","templated":true}]}}