{"id":10306,"date":"2016-03-07T16:17:43","date_gmt":"2016-03-07T16:17:43","guid":{"rendered":"https:\/\/www.turismodealmeria.org\/personaje\/pedro-el-morato\/?lang=fr"},"modified":"2022-05-23T16:50:23","modified_gmt":"2022-05-23T14:50:23","slug":"pedro-el-morato","status":"publish","type":"personaje","link":"https:\/\/www.turismodealmeria.org\/fr\/personaje\/pedro-el-morato\/","title":{"rendered":"Pedro El Morato"},"content":{"rendered":"<p>Fabricant de tartans et marchand de l\u00e9gumes de m\u00e9tier, la tradition orale le d\u00e9crit en tourn\u00e9e dans les zones mini\u00e8res d&rsquo;Almeria et en colportant sa marchandise.<\/p>\n<p><strong>Figure cl\u00e9 du passage du \u00abfolklorique\u00bb au \u00abflamenco\u00bb dans les cantes d&rsquo;Almeri<\/strong>a, il est rest\u00e9 dans la m\u00e9moire et dans le r\u00e9pertoire flamenco, surtout gr\u00e2ce \u00e0 la taranta enregistr\u00e9e en 1913 par le c\u00e9l\u00e8bre chanteur de Jerez, Antonio Chac\u00f3n, aujourd&rsquo;hui catalogu\u00e9e comme taranta classique d&rsquo;Almeria.<\/p>\n<p>Il est n\u00e9 le 31 octobre 1841 et la tradition populaire dit qu&rsquo;il ne s&rsquo;est jamais mari\u00e9 et qu&rsquo;il est mort violemment dans une rixe, sans en conna\u00eetre la date exacte.<\/p>\n<p>Plus d&rsquo;informations ici.<\/p>\n<p>La photographie appartient \u00e0 Pepe de la Matrona chantant par Pedro El Morato avec Manolo el Sevillano \u00e0 la guitare.<\/p>\n<h1>Almeria trovados fandangos paroles<\/h1>\n<p>Je suis du royaume d&rsquo;Almer\u00eda,<br \/>\no\u00f9 naissent les premiers,<br \/>\net l&rsquo;aube du jour<br \/>\nJe rencontre le Morato,<br \/>\nqui vend des primeurs,<\/p>\n<p>Ils m&rsquo;appellent Pedro \u00ab\u00a0El Morato\u00a0\u00bb<br \/>\net je suis originaire de Vera.<br \/>\nAvec ma guitare \u00e0 la main<br \/>\nMessieurs, laissez venir le tissu,<br \/>\nvenez tissu d&rsquo;\u00e9t\u00e9!<\/p>\n<h1><strong>Club de flamenco \u00ab\u00a0El Morato\u00a0\u00bb<\/strong><\/h1>\n<p>La Pe\u00f1a Flamenca El Morato est une association culturelle \u00e0 but non lucratif situ\u00e9e \u00e0 Almer\u00eda. Oeuvres pour la diffusion et la jouissance du flamenco. Son objectif principal est de vivre le flamenco en harmonie avec chacun de ses membres.<\/p>\n<p><strong>Site Web : http:\/\/www.elmorato.com<\/strong><\/p>\n","protected":false},"excerpt":{"rendered":"<p>Trovero, guitariste et chanteur de flamenco. Pedro Segura El Morato appartient au monde des troubadours de Levante Almer\u00eda, aujourd&rsquo;hui disparu, si pr\u00e9sent dans la population rurale et mini\u00e8re du XIXe si\u00e8cle. Il s&rsquo;accompagnait \u00e0 la guitare pour raconter ses coplillas trovadas.<\/p>\n","protected":false},"featured_media":24979,"template":"","meta":{"_acf_changed":false},"class_list":["post-10306","personaje","type-personaje","status-publish","has-post-thumbnail","hentry"],"acf":[],"ACF":{"fechas":"1841 - \u00bf1910?"},"_links":{"self":[{"href":"https:\/\/www.turismodealmeria.org\/fr\/wp-json\/wp\/v2\/personaje\/10306","targetHints":{"allow":["GET"]}}],"collection":[{"href":"https:\/\/www.turismodealmeria.org\/fr\/wp-json\/wp\/v2\/personaje"}],"about":[{"href":"https:\/\/www.turismodealmeria.org\/fr\/wp-json\/wp\/v2\/types\/personaje"}],"wp:featuredmedia":[{"embeddable":true,"href":"https:\/\/www.turismodealmeria.org\/fr\/wp-json\/wp\/v2\/media\/24979"}],"wp:attachment":[{"href":"https:\/\/www.turismodealmeria.org\/fr\/wp-json\/wp\/v2\/media?parent=10306"}],"curies":[{"name":"wp","href":"https:\/\/api.w.org\/{rel}","templated":true}]}}