{"id":10328,"date":"2016-02-11T16:06:29","date_gmt":"2016-02-11T16:06:29","guid":{"rendered":"https:\/\/www.turismodealmeria.org\/personaje\/orbera-bishop\/?lang=fr"},"modified":"2023-04-11T11:23:34","modified_gmt":"2023-04-11T09:23:34","slug":"orbera-bishop","status":"publish","type":"personaje","link":"https:\/\/www.turismodealmeria.org\/fr\/personaje\/orbera-bishop\/","title":{"rendered":"Jose Maria Orber\u00e1 y Carri\u00f3n"},"content":{"rendered":"<div class=\"wpb-content-wrapper\"><p>[vc_row][vc_column][vc_column_text uncode_shortcode_id=\u00a0\u00bb148141&Prime;]De 1837 \u00e0 1841, il \u00e9tudie le latin et les sciences humaines au Coll\u00e8ge royal des Escolapios et poursuit ensuite sa formation \u00e0 l&rsquo;Universit\u00e9 de Valence en obtenant une licence. <strong>Ayant d\u00e9cid\u00e9 de sa vocation sacerdotale, il entre en 1844 au S\u00e9minaire central de Valence pour y \u00e9tudier la th\u00e9ologie.<\/strong><\/p>\n<p>En 1850, il fut ordonn\u00e9 \u00e0 Cuenca, o\u00f9 il dirige quelques chaires dans son S\u00e9minaire et d&rsquo;autres charges eccl\u00e9siastiques. Plus tard, il a obtenu un dipl\u00f4me en th\u00e9ologie au S\u00e9minaire central (Universit\u00e9 eccl\u00e9siastique) de Valence, un baccalaur\u00e9at et un dipl\u00f4me en droit civil et canonique, et plus tard, il a \u00e9tudi\u00e9 l&rsquo;administration, la pal\u00e9ographie et les premiers cours de l&rsquo;\u00c9cole diplomatique. En 1860, il obtient le titre d&rsquo;archiviste et, \u00e0 ce titre, est biblioth\u00e9caire \u00e0 l&rsquo;Acad\u00e9mie royale d&rsquo;histoire.<\/p>\n<p><strong>Santiago de Cuba marquera sa vie<\/strong>. La reine nomma Orber\u00e1 aum\u00f4nier d&rsquo;honneur en 1862, s&#8217;embarquant \u00e0 Cadix avec l&rsquo;archev\u00eaque de Santiago de Cuba. Orber\u00e1 a ensuite pr\u00e9sent\u00e9 son programme en demandant le canonicat de doctorat vacant dans la cath\u00e9drale de Santiago de Cuba, qui a \u00e9t\u00e9 accord\u00e9 (7-1868). \u00c0 la mort de l&rsquo;\u00e9v\u00eaque, il est \u00e9lu \u00e0 l&rsquo;unanimit\u00e9 vicaire capitulaire. Il est rest\u00e9 avec Ciriaco Sancha et ensuite ils ont v\u00e9cu ensemble toutes les difficult\u00e9s de ce gouvernement inattendu pour Orber\u00e1. Son mandat rencontrera des difficult\u00e9s inimaginables. La crise gouvernementale dans la p\u00e9ninsule ib\u00e9rique a \u00e9t\u00e9 la plus importante connue, provoquant une grande instabilit\u00e9 : la chute d&rsquo;Elizabeth II, un gouvernement lib\u00e9ral et une br\u00e8ve Premi\u00e8re R\u00e9publique.<\/p>\n<p>Le probl\u00e8me le plus grave a \u00e9t\u00e9 la nomination par le gouvernement espagnol du franc-ma\u00e7on Pedro Llorente y Miguel comme \u00e9v\u00eaque de Santiago, sans l&rsquo;intervention du Saint-Si\u00e8ge. Celui-ci voulait \u00e0 tout prix reprendre l&rsquo;administration de cette \u00c9glise. Orber\u00e1, accomplissant son devoir, refusa cat\u00e9goriquement de lui donner possession et de remettre les sceaux.<strong> Il a \u00e9t\u00e9 emprisonn\u00e9 trois fois<\/strong>. \u00c0 Cuba, il avait \u00e9t\u00e9 condamn\u00e9 \u00e0 l&rsquo;exil et \u00e0 Sancha, aux frais et \u00e0 la surveillance en raison de la pastorale \u00e9crite par le vicaire capitulaire, sa d\u00e9sob\u00e9issance \u00e0 l&rsquo;autorit\u00e9 civile pour ne pas avoir remis le commandement. En juillet 1874, ils furent acquitt\u00e9s de toutes les condamnations et les obligations d\u00e9pos\u00e9es furent restitu\u00e9es.<\/p>\n<p><strong>De retour sur la p\u00e9ninsule, \u00e0 Valence, il fut saisi par la d\u00e9claration du g\u00e9n\u00e9ral Mart\u00ednez Campos, par laquelle le roi Alphonse XII<\/strong> reviendrait en Espagne, qu&rsquo;il put saluer (12-1-1875). Il y rencontra \u00e9galement Santa Soledad Torres Acosta, fondatrice des religieuses Servantes des Malades, et ainsi, de retour \u00e0 Santiago de Cuba, il put les emmener avec lui pour encourager leur fondation.<\/p>\n<p><strong>Enfin, le 11 juin, sur proposition du Conseil des ministres, Alphonse XII annule la nomination de Llorente. Fait int\u00e9ressant, le 13 mai, il a lui-m\u00eame sign\u00e9 la proposition de Jos\u00e9 M\u00aa Orber\u00e1 y Carri\u00f3n pour l&rsquo;\u00e9v\u00eaque de Santander et, de nouveau le 23 mai, il l&rsquo;a propos\u00e9e pour Almer\u00eda.Pourquoi ce changement ? Celui propos\u00e9 pour Almer\u00eda n&rsquo;a pas voulu venir et ils ont donn\u00e9 le change \u00e0 Santander.<\/strong><\/p>\n<p>Orber\u00e1 a \u00e9t\u00e9 consacr\u00e9e \u00e0 San Isidro \u00e0 Madrid (12-3-1876) par le cardinal primat et archev\u00eaque de Tol\u00e8de, Juan de la Cruz Ignacio Moreno y Ma\u00edsonave.[\/vc_column_text][\/vc_column][\/vc_row][vc_row][vc_column width=\u00a0\u00bb1\/1&Prime;][vc_empty_space][\/vc_column][\/vc_row][vc_row][vc_column width=\u00a0\u00bb1\/2&Prime;][vc_column_text uncode_shortcode_id=\u00a0\u00bb822990&Prime;][\/vc_column_text][\/vc_column][vc_column width=\u00a0\u00bb1\/2&Prime;][vc_single_image media=\u00a0\u00bb65515&Prime; media_width_percent=\u00a0\u00bb100&Prime; uncode_shortcode_id=\u00a0\u00bb593359&Prime;][\/vc_column][\/vc_row][vc_row][vc_column width=\u00a0\u00bb1\/1&Prime;][vc_empty_space][\/vc_column][\/vc_row][vc_row][vc_column width=\u00a0\u00bb1\/1&Prime;][vc_column_text uncode_shortcode_id=\u00a0\u00bb200573&Prime;][\/vc_column_text][\/vc_column][\/vc_row]<\/p>\n<\/div>","protected":false},"excerpt":{"rendered":"<p>L&rsquo;\u00e9v\u00eaque Orber\u00e1 (Jos\u00e9 Mar\u00eda Orber\u00e1 y Carri\u00f3n) \u00e9tait le deuxi\u00e8me des sept enfants du couple form\u00e9 par Ignacio Orber\u00e1 y Palomar et Mar\u00eda Carri\u00f3n y Llorens. Il apprend le m\u00e9tier de cordonnier aupr\u00e8s de son p\u00e8re et travaille \u00e0 ce titre quelques ann\u00e9es dans l&rsquo;atelier familial.<\/p>\n","protected":false},"featured_media":25000,"template":"","meta":{"_acf_changed":false},"class_list":["post-10328","personaje","type-personaje","status-publish","has-post-thumbnail","hentry"],"acf":[],"ACF":{"fechas":"1827 - 1886"},"_links":{"self":[{"href":"https:\/\/www.turismodealmeria.org\/fr\/wp-json\/wp\/v2\/personaje\/10328","targetHints":{"allow":["GET"]}}],"collection":[{"href":"https:\/\/www.turismodealmeria.org\/fr\/wp-json\/wp\/v2\/personaje"}],"about":[{"href":"https:\/\/www.turismodealmeria.org\/fr\/wp-json\/wp\/v2\/types\/personaje"}],"wp:featuredmedia":[{"embeddable":true,"href":"https:\/\/www.turismodealmeria.org\/fr\/wp-json\/wp\/v2\/media\/25000"}],"wp:attachment":[{"href":"https:\/\/www.turismodealmeria.org\/fr\/wp-json\/wp\/v2\/media?parent=10328"}],"curies":[{"name":"wp","href":"https:\/\/api.w.org\/{rel}","templated":true}]}}