{"id":47632,"date":"2014-08-11T00:11:29","date_gmt":"2014-08-11T00:11:29","guid":{"rendered":"https:\/\/www.turismodealmeria.org\/punto-interes\/la-iglesia-de-san-juan-antigua-mezquita-mayor\/"},"modified":"2022-05-23T12:47:46","modified_gmt":"2022-05-23T10:47:46","slug":"leglise-saint-jean","status":"publish","type":"punto-interes","link":"https:\/\/www.turismodealmeria.org\/fr\/punto-interes\/leglise-saint-jean\/","title":{"rendered":"L&rsquo;\u00c9glise Saint-Jean"},"content":{"rendered":"<p>L\u2019\u00e9glise est b\u00e2tie sur les restes de l\u2019ancienne\u00a0<strong>Grande Mosqu\u00e9e d\u2019Almeria<\/strong>, du X\u00e8me si\u00e8cle. Apr\u00e8s la conqu\u00eate d\u2019Almeria\u00a0<strong>par les Rois Catholiques<\/strong>\u00a0en 1489, elle devient la premi\u00e8re cath\u00e9drale de la ville.<\/p>\n<p>Cependant, \u00e0 cause du tremblement de terre de\u00a0<strong>1522<\/strong>, il ne restera plus de la Mosqu\u00e9e primitive que le mur de la qibla et la niche du mihrab, appartenant \u00e0 la salle des pri\u00e8res. La niche du mihrab fut d\u00e9couverte dans les ann\u00e9es 30 (XX\u00e8me si\u00e8cle) par Leopoldo Torres Balb\u00e1s apr\u00e8s \u00eatre rest\u00e9e cach\u00e9e depuis l\u2019\u00e9poque de la construction de l\u2019\u00e9glise de San Juan. Elle contient une d\u00e9coration almohade du XII\u00e8me si\u00e8cle.<\/p>\n<p>Apr\u00e8s la destruction de la cath\u00e9drale primitive \u00e0 cause du tremblement de terre, la construction du temple actuel commen\u00e7a au d\u00e9but du XVII\u00e8me si\u00e8cle sur demande de l\u2019\u00c9v\u00eaque Portocarrero. Durant la Guerre Civile Espagnole, elle fut bombard\u00e9e et perdit sa toiture mud\u00e9jar. Il n\u2019en resta que les murs nus et elle fut abandonn\u00e9e ainsi en plein centre historique de la ville jusqu\u2019en\u00a0<strong>1979<\/strong>, qui est l\u2019ann\u00e9e o\u00f9 elle a \u00e9t\u00e9 reconstruite pour y permettre le culte.<\/p>\n<p>En\u00a0<strong>1991<\/strong>, elle fut restaur\u00e9e \u00e0 l\u2019initiative de la Direction G\u00e9n\u00e9rale des Biens Culturels du Minist\u00e8re Autonomique de la Culture et de l\u2019Environnement, la quibla et le mihrab de l\u2019ancienne mosqu\u00e9e furent r\u00e9cup\u00e9r\u00e9s et une nouvelle toiture fut construite pour remplacer la pr\u00e9c\u00e9dente en fibrociment, plac\u00e9e apr\u00e8s la premi\u00e8re reconstruction, de nombreuses ann\u00e9es apr\u00e8s la fin de la Guerre Civile.<\/p>\n<p>La fa\u00e7ade principale de L\u2019\u00e9glise, ouverte sur la\u00a0<strong>Place du Cristo de la Buena Muerte<\/strong>, est du XVII\u00e8me si\u00e8cle et sa structure architectonique est en pierre de taille \u00e0 bossages. Le fronton est d\u00e9cor\u00e9 avec le blason de l\u2019\u00c9v\u00eaque Portocarrero, auteur du renouveau de l\u2019\u00e9glise.<\/p>\n<p><strong>Adresse :<\/strong>\u00a0C\/ General Luque. 04002 Almer\u00eda<\/p>\n<p><strong>T\u00e9l\u00e9phone :<\/strong>\u00a0950 220 748<\/p>\n<p><strong><a href=\"https:\/\/www.turismodealmeria.org\/wp-content\/uploads\/2022\/04\/museos-frances.pdf\" target=\"_blank\" rel=\"noopener\">Horaire d\u2019ouverture<\/a><\/strong><\/p>\n","protected":false},"excerpt":{"rendered":"<p>L\u2019\u00e9glise est b\u00e2tie sur les restes de l\u2019ancienne\u00a0Grande Mosqu\u00e9e d\u2019Almeria, du X\u00e8me si\u00e8cle. Apr\u00e8s la conqu\u00eate d\u2019Almeria\u00a0par les Rois Catholiques\u00a0en [&hellip;]<\/p>\n","protected":false},"featured_media":25621,"template":"","class_list":["post-47632","punto-interes","type-punto-interes","status-publish","has-post-thumbnail","hentry","tcultura-conventos-iglesias-y-santuarios-fr"],"acf":[],"ACF":{"horario":"","precio":"","enlace_documento_de_descarga":"","consejos_de_seguridad":"","ubicacion_mapa":{"address":"Parroquia de San Juan Evangelista almeria","lat":36.838576,"lng":-2.4714921,"zoom":22,"place_id":"ChIJI6Ir_wh2cA0Rt8XZmXBp8-o","street_number":"s\/n","street_name":"Calle General Luque","street_name_short":"C. Gral. Luque","city":"Almer\u00eda","state":"Andaluc\u00eda","state_short":"AN","post_code":"04002","country":"Espa\u00f1a","country_short":"ES"}},"_links":{"self":[{"href":"https:\/\/www.turismodealmeria.org\/fr\/wp-json\/wp\/v2\/punto-interes\/47632","targetHints":{"allow":["GET"]}}],"collection":[{"href":"https:\/\/www.turismodealmeria.org\/fr\/wp-json\/wp\/v2\/punto-interes"}],"about":[{"href":"https:\/\/www.turismodealmeria.org\/fr\/wp-json\/wp\/v2\/types\/punto-interes"}],"wp:featuredmedia":[{"embeddable":true,"href":"https:\/\/www.turismodealmeria.org\/fr\/wp-json\/wp\/v2\/media\/25621"}],"wp:attachment":[{"href":"https:\/\/www.turismodealmeria.org\/fr\/wp-json\/wp\/v2\/media?parent=47632"}],"curies":[{"name":"wp","href":"https:\/\/api.w.org\/{rel}","templated":true}]}}