{"id":47651,"date":"2014-08-06T00:06:23","date_gmt":"2014-08-06T00:06:23","guid":{"rendered":"https:\/\/www.turismodealmeria.org\/punto-interes\/iglesia-de-san-pedro\/"},"modified":"2022-05-23T12:53:56","modified_gmt":"2022-05-23T10:53:56","slug":"iglesia-de-san-pedro","status":"publish","type":"punto-interes","link":"https:\/\/www.turismodealmeria.org\/fr\/punto-interes\/iglesia-de-san-pedro\/","title":{"rendered":"Iglesia de San Pedro"},"content":{"rendered":"<p><strong>La Plaza se dise\u00f1\u00f3 en 1848<\/strong>, a instancias del Gobernador Civil Eugenio Sartorius, con jardines y una glorieta, alternando su nombre de Plaza de San Francisco con la de San Pedro. En 1862,\u00a0<strong>se denominar\u00eda de Isabel II y de la Libertad en 1868.<\/strong><\/p>\n<p>La glorieta de San Pedro o Sartorius, como era conocida a mitad de siglo, se edific\u00f3 sobre los solares del antiguo convento de San Francisco y sus huertos, expropiados a la iglesia tras la desamortizaci\u00f3n de 1835. Tras la compra de los solares de las Huertas por Ram\u00f3n Orozco (un importante empresario local enriquecido por el boom de la miner\u00eda del levante almeriense) se\u00a0<strong>urbaniza en el a\u00f1o 1855,<\/strong>\u00a0configur\u00e1ndose en este momento uno de los espacios urbanos de la zona del ensanche de levante, formado por una amplia plaza flanqueada por calles rectas: calles Castelar y San Francisco, instal\u00e1ndose familias de la alta burgues\u00eda.<\/p>\n<p>La iglesia, ejemplo destacado de la\u00a0<strong>arquitectura neocl\u00e1sica en Almer\u00eda<\/strong>, junto con el Claustro de la Catedral, se levant\u00f3 a finales del siglo XVIII-principios del XIX, sobre las ruinas del convento de San Francisco del siglo XVI. Tras la desamortizaci\u00f3n del convento, su iglesia se convierte en la\u00a0<strong>actual parroquia de San Pedro<\/strong>. El Altar Mayor ten\u00eda antes a San Francisco, y ahora se encuentra San Pedro. En la parte superior hay un gran medall\u00f3n con el abrazo de San Francisco de As\u00eds y Santo Domingo de Guzm\u00e1n, ante \u00e9l un front\u00f3n partido, y apoy\u00e1ndose en \u00e9l, dos \u00e1ngeles que representan las tres virtudes teologales, fe, esperanza y caridad. La iglesia conserva una antigua capilla del siglo XVII, la \u00fanica que se ha podido recuperar del convento antiguo. Su fachada principal, muy caracter\u00edstica, presenta un p\u00f3rtico entre dos torres gemelas, y la otra lateral muy sencilla, se encuentra en la calle Ricardos. La torre que da esta calle se construye a principios del siglo XX y es de estilo historicista.<\/p>\n<p><strong>Direcci\u00f3n:<\/strong>\u00a0Plaza de San Pedro. 04001 Almer\u00eda<\/p>\n<p><strong>Tel\u00e9fono:<\/strong>\u00a0950 230 803<\/p>\n","protected":false},"excerpt":{"rendered":"<p>La Plaza se dise\u00f1\u00f3 en 1848, a instancias del Gobernador Civil Eugenio Sartorius, con jardines y una glorieta, alternando su [&hellip;]<\/p>\n","protected":false},"featured_media":25609,"template":"","class_list":["post-47651","punto-interes","type-punto-interes","status-publish","has-post-thumbnail","hentry","tcultura-conventos-iglesias-y-santuarios-fr"],"acf":[],"ACF":{"precio":"","enlace_documento_de_descarga":"","consejos_de_seguridad":"","horario":"","ubicacion_mapa":{"address":"Plaza de San Pedro, 2, 04001 Almer\u00eda, Espa\u00f1a","lat":36.839760145489635,"lng":-2.4648381308003975,"zoom":19,"place_id":"ChIJf1xgKAF2cA0RXkqfZkmS5vg","street_number":"2","street_name":"Plaza de San Pedro","city":"Almer\u00eda","state":"Andaluc\u00eda","state_short":"AN","post_code":"04001","country":"Espa\u00f1a","country_short":"ES"}},"_links":{"self":[{"href":"https:\/\/www.turismodealmeria.org\/fr\/wp-json\/wp\/v2\/punto-interes\/47651","targetHints":{"allow":["GET"]}}],"collection":[{"href":"https:\/\/www.turismodealmeria.org\/fr\/wp-json\/wp\/v2\/punto-interes"}],"about":[{"href":"https:\/\/www.turismodealmeria.org\/fr\/wp-json\/wp\/v2\/types\/punto-interes"}],"wp:featuredmedia":[{"embeddable":true,"href":"https:\/\/www.turismodealmeria.org\/fr\/wp-json\/wp\/v2\/media\/25609"}],"wp:attachment":[{"href":"https:\/\/www.turismodealmeria.org\/fr\/wp-json\/wp\/v2\/media?parent=47651"}],"curies":[{"name":"wp","href":"https:\/\/api.w.org\/{rel}","templated":true}]}}