{"id":52375,"date":"2014-08-10T00:10:32","date_gmt":"2014-08-09T22:10:32","guid":{"rendered":"https:\/\/www.turismodealmeria.org\/punto-interes\/la-catedral\/"},"modified":"2022-05-23T12:49:43","modified_gmt":"2022-05-23T10:49:43","slug":"la-catedral","status":"publish","type":"punto-interes","link":"https:\/\/www.turismodealmeria.org\/fr\/punto-interes\/la-catedral\/","title":{"rendered":"La Cath\u00e9drale"},"content":{"rendered":"<p>La Place, con\u00e7ue vers la moiti\u00e9 du XIX\u00e8me si\u00e8cle, a \u00e9t\u00e9 plusieurs fois remodel\u00e9e, la derni\u00e8re en l\u2019an 2000. On y remarque tr\u00e8s sp\u00e9cialement la fa\u00e7ade monumentale qui pr\u00e9side de la cath\u00e9drale-forteresse, du XVI\u00e8me si\u00e8cle, avec son portail principal de style Renaissance.<\/p>\n<p>La construction de la cath\u00e9drale a commenc\u00e9 en l\u2019an1524, apr\u00e8s le tremblement de terre qui, en 1522, d\u00e9truisit la premi\u00e8re, qui \u00e9tait situ\u00e9e dans la Medina, sur l\u2019ancienne Grande Mosqu\u00e9e. Sa caract\u00e9ristique principale est celle de cath\u00e9drale-forteresse, car elle fut construite, non seulement pour c\u00e9l\u00e9brer le culte religieux, mais aussi pour servir de refuge \u00e0 la population contre les attaques des pirates berb\u00e8res. Cette caract\u00e9ristique est bien \u00e9vidente sur sa fa\u00e7ade principale : emploi de grands contreforts et donjons aux angles, murs massifs et d\u00e9coration concentr\u00e9e sur le portail principal, o\u00f9 se trouve le blason de Carlos I d\u2019Espagne et V d\u2019Allemagne, et celui de l\u2019\u00c9v\u00eaque Fondateur de la cath\u00e9drale, Fray Diego Fern\u00e1ndez de Villal\u00e1n. Le portail lat\u00e9ral de la rue Vel\u00e1zquez, d\u00e9nomm\u00e9 des \u201cPardons\u201d, est du m\u00eame style Renaissance que le principal, mais avec une d\u00e9coration plus simple.<\/p>\n<p>\u00c0 l\u2019int\u00e9rieur, avec sa distribution d\u2019\u00e9glise-halle et sa structure de fin du gothique, il faut remarquer la Sacristie et la ma\u00e7onnerie du Ch\u0153ur, les ouvrages du style Renaissance construits par Juan de Orea, et le fond du ch\u0153ur et le Cloitre, n\u00e9oclassiques de la fin du XVIII\u00e8me si\u00e8cle. Le Cloitre, command\u00e9 \u00e0 J. Antonio Munar apr\u00e8s la mort de Ventura Rodr\u00edguez (auteur du Fond du Ch\u0153ur et du tabernacle), est le meilleur cloitre n\u00e9oclassique des cath\u00e9drales espagnoles. L\u2019autel principal, remodel\u00e9 au XVIII\u00e8me si\u00e8cle, est pr\u00e9sid\u00e9 par un tabernacle et sur sa partie frontale, en guise de retable, se trouvent des peintures de sc\u00e8nes de la vie de la Vierge et deux reliefs anciens du XVI\u00e8me si\u00e8cle au centre de l\u2019ensemble : l\u2019Annonciation et le Calvaire de Christ. Ses chapelles les plus remarquables se trouvent dans le d\u00e9ambulatoire, derri\u00e8re l\u2019autel principal : San Indalecio, Le Christ de l\u2019\u00c9coute et la Vierge de la Pi\u00e9t\u00e9.<\/p>\n<p>Sur la Place, en face de la fa\u00e7ade de la cath\u00e9drale, se trouve le Palais Episcopal, du XIX\u00e8me si\u00e8cle. Dans la rue Cubo, un des donjons de la cath\u00e9drale, appartenant \u00e0 la chapelle du Saint Christ de l\u2019\u00c9coute, abrite le fameux Soleil de Portocarrero, embl\u00e8me de la ville.<\/p>\n<p><strong>MONUMENT ACCESSIBLE AUX PERSONNES HANDICAP\u00c9ES<\/strong><\/p>\n","protected":false},"excerpt":{"rendered":"<p>La Place, con\u00e7ue vers la moiti\u00e9 du XIX\u00e8me si\u00e8cle, a \u00e9t\u00e9 plusieurs fois remodel\u00e9e, la derni\u00e8re en l\u2019an 2000. On [&hellip;]<\/p>\n","protected":false},"featured_media":25612,"template":"","class_list":["post-52375","punto-interes","type-punto-interes","status-publish","has-post-thumbnail","hentry","tcultura-conventos-iglesias-y-santuarios-fr"],"acf":[],"ACF":{"ubicacion_mapa":{"address":"Catedral de Almer\u00eda","lat":36.8381735,"lng":-2.4673908,"zoom":14,"place_id":"ChIJ11qnkwZ2cA0R8cTxBWKCijE","street_number":"8","street_name":"Plaza de la Catedral","street_name_short":"Pl. de la Catedral","city":"Almer\u00eda","state":"Andaluc\u00eda","state_short":"AN","post_code":"04001","country":"Espa\u00f1a","country_short":"ES"},"consejos_de_seguridad":"","precio":"ENTRADA GENERAL* (de 18 a 64 a\u00f1os) \u2013 6.00\u20ac\r\nREDUCIDA MAYORES* (A partir de 65 a\u00f1os) \u2013 5.00\u20ac\r\nENTRADA JOVEN\/ESTUDIANTE* (De 13 a 17 a\u00f1os, Carnet Joven\/Universitario hasta 25 a\u00f1os) \u2013 4.00\u20ac\r\nGRUPOS (A partir de 20pax \/ acuerdos con empresas del sector ) \u2013 4.00\u20ac\r\nCAPACIDADES DIFERENTES Y DESEMPLEADOS* (> 33% discapacidad) \u2013 4.00\u20ac\r\nENTRADA COLEGIOS \u2013 3.00\u20ac","enlace_documento_de_descarga":"","horario":""},"_links":{"self":[{"href":"https:\/\/www.turismodealmeria.org\/fr\/wp-json\/wp\/v2\/punto-interes\/52375","targetHints":{"allow":["GET"]}}],"collection":[{"href":"https:\/\/www.turismodealmeria.org\/fr\/wp-json\/wp\/v2\/punto-interes"}],"about":[{"href":"https:\/\/www.turismodealmeria.org\/fr\/wp-json\/wp\/v2\/types\/punto-interes"}],"wp:featuredmedia":[{"embeddable":true,"href":"https:\/\/www.turismodealmeria.org\/fr\/wp-json\/wp\/v2\/media\/25612"}],"wp:attachment":[{"href":"https:\/\/www.turismodealmeria.org\/fr\/wp-json\/wp\/v2\/media?parent=52375"}],"curies":[{"name":"wp","href":"https:\/\/api.w.org\/{rel}","templated":true}]}}