{"id":81916,"date":"2025-02-13T14:05:11","date_gmt":"2025-02-13T12:05:11","guid":{"rendered":"https:\/\/www.turismodealmeria.org\/?post_type=rutas&#038;p=81916"},"modified":"2025-02-17T14:21:12","modified_gmt":"2025-02-17T12:21:12","slug":"route-almeria-musulmane-et-traces-sefarades","status":"publish","type":"rutas","link":"https:\/\/www.turismodealmeria.org\/fr\/rutas\/route-almeria-musulmane-et-traces-sefarades\/","title":{"rendered":"Route Almer\u00eda Musulmane et Traces S\u00e9farades"},"content":{"rendered":"<div class=\"wpb-content-wrapper\"><p>[vc_row row_height_percent=\u00a0\u00bb0&Prime; override_padding=\u00a0\u00bbyes\u00a0\u00bb h_padding=\u00a0\u00bb0&Prime; top_padding=\u00a0\u00bb2&Prime; bottom_padding=\u00a0\u00bb2&Prime; overlay_alpha=\u00a0\u00bb50&Prime; gutter_size=\u00a0\u00bb3&Prime; column_width_percent=\u00a0\u00bb100&Prime; shift_y=\u00a0\u00bb0&Prime; z_index=\u00a0\u00bb0&Prime; uncode_shortcode_id=\u00a0\u00bb170126&Prime;][vc_column][vc_column_text uncode_shortcode_id=\u00a0\u00bb192164&Prime;]L\u2019histoire d\u2019Almer\u00eda est forg\u00e9e \u00e0 partir d\u2019un riche m\u00e9lange de cultures et de traditions. Au Moyen \u00c2ge, la ville musulmane d&rsquo;Almer\u00eda, connue sous le nom d&rsquo;Al-Mariyya Bayyana, s&rsquo;est distingu\u00e9e comme une ville portuaire prosp\u00e8re d&rsquo;Al-Andalus, devenant un centre commercial et culturel gr\u00e2ce \u00e0 sa situation strat\u00e9gique sur la c\u00f4te m\u00e9diterran\u00e9enne. \u00c0 cette \u00e9poque, les communaut\u00e9s musulmane, juive et chr\u00e9tienne cohabitent, laissant des traces de leur h\u00e9ritage malgr\u00e9 la raret\u00e9 des vestiges, et marquant une p\u00e9riode o\u00f9 la ville se transforme en un melting-pot dynamique d&rsquo;arts et de sciences.<\/p>\n<p>L&rsquo;itin\u00e9raire propos\u00e9 met en valeur le caract\u00e8re fortifi\u00e9 de la ville, en concentrant la visite sur l&rsquo;imposante Alcazaba d&rsquo;Almer\u00eda, construite en 955 par Abderram\u00e1n III, qui se compose de deux enceintes musulmanes et d&rsquo;une enceinte chr\u00e9tienne ajout\u00e9e apr\u00e8s la conqu\u00eate de 1489. Tout au long de la visite, vous plongerez dans les coutumes, les traditions et la gastronomie des Xe au XVe si\u00e8cles, culminant avec une exp\u00e9rience culinaire dans un salon de th\u00e9 chaleureux situ\u00e9 dans le quartier le plus ancien, o\u00f9 vous pourrez d\u00e9guster des saveurs inspir\u00e9es de l&rsquo;h\u00e9ritage arabe et s\u00e9farade.[\/vc_column_text][vc_button button_color=\u00a0\u00bbcolor-amber\u00a0\u00bb size=\u00a0\u00bbbtn-sm\u00a0\u00bb radius=\u00a0\u00bbbtn-round\u00a0\u00bb border_width=\u00a0\u00bb2&Prime; button_color_type=\u00a0\u00bbuncode-palette\u00a0\u00bb uncode_shortcode_id=\u00a0\u00bb744358&Prime; link=\u00a0\u00bburl:https%3A%2F%2Fwww.turismodealmeria.org%2Fwp-content%2Fuploads%2F2025%2F02%2FRuta-Musulmana-y-Sefardi-FR.pdf|target:_blank\u00a0\u00bb]Conna\u00eetre l&rsquo;itin\u00e9raire[\/vc_button][\/vc_column][\/vc_row]<\/p>\n<\/div>","protected":false},"excerpt":{"rendered":"<p>[vc_row row_height_percent=\u00a0\u00bb0&Prime; override_padding=\u00a0\u00bbyes\u00a0\u00bb h_padding=\u00a0\u00bb0&Prime; top_padding=\u00a0\u00bb2&Prime; bottom_padding=\u00a0\u00bb2&Prime; overlay_alpha=\u00a0\u00bb50&Prime; gutter_size=\u00a0\u00bb3&Prime; column_width_percent=\u00a0\u00bb100&Prime; shift_y=\u00a0\u00bb0&Prime; z_index=\u00a0\u00bb0&Prime; uncode_shortcode_id=\u00a0\u00bb170126&Prime;][vc_column][vc_column_text uncode_shortcode_id=\u00a0\u00bb192164&Prime;]L\u2019histoire d\u2019Almer\u00eda est forg\u00e9e \u00e0 partir d\u2019un riche [&hellip;]<\/p>\n","protected":false},"featured_media":81815,"template":"","format":"standard","meta":{"_acf_changed":false},"class_list":["post-81916","rutas","type-rutas","status-publish","format-standard","has-post-thumbnail","hentry"],"acf":[],"ACF":false,"_links":{"self":[{"href":"https:\/\/www.turismodealmeria.org\/fr\/wp-json\/wp\/v2\/rutas\/81916","targetHints":{"allow":["GET"]}}],"collection":[{"href":"https:\/\/www.turismodealmeria.org\/fr\/wp-json\/wp\/v2\/rutas"}],"about":[{"href":"https:\/\/www.turismodealmeria.org\/fr\/wp-json\/wp\/v2\/types\/rutas"}],"wp:featuredmedia":[{"embeddable":true,"href":"https:\/\/www.turismodealmeria.org\/fr\/wp-json\/wp\/v2\/media\/81815"}],"wp:attachment":[{"href":"https:\/\/www.turismodealmeria.org\/fr\/wp-json\/wp\/v2\/media?parent=81916"}],"curies":[{"name":"wp","href":"https:\/\/api.w.org\/{rel}","templated":true}]}}