{"id":1237,"date":"2022-03-03T12:09:11","date_gmt":"2022-03-03T11:09:11","guid":{"rendered":"https:\/\/museos.turismodealmeria.es\/museo\/centro-andaluz-de-la-fotografia-c-a-f\/"},"modified":"2023-06-15T11:56:49","modified_gmt":"2023-06-15T09:56:49","slug":"andalusisches-zentrum-fuer-fotografie-c-a-f","status":"publish","type":"museo","link":"https:\/\/www.turismodealmeria.org\/museos\/de\/museo\/andalusisches-zentrum-fuer-fotografie-c-a-f\/","title":{"rendered":"Andalusisches Zentrum f\u00fcr Fotografie (C.A.F.)"},"content":{"rendered":"<p><strong>Das Andalusische Zentrum f\u00fcr Fotografie<\/strong>, das zum Kulturministerium der andalusischen Regionalregierung geh\u00f6rt, wurde 1992 gegr\u00fcndet, um die fotografischen Sammlungen des Imagina-Projekts aufzubewahren und gleichzeitig <strong>die Arbeit zur F\u00f6rderung und Verbreitung der Fotografie auf nationaler und internationaler Ebene fortzusetzen<\/strong>.<\/p>\n<p>Das Andalusische Zentrum f\u00fcr Fotografie bietet ein st\u00e4ndiges institutionelles Angebot zur Besch\u00e4ftigung mit der Fotografie aus einer interdisziplin\u00e4ren Perspektive, in der die Behandlung und das Studium des Bildes aus verschiedenen Ans\u00e4tzen untergebracht werden k\u00f6nnen.<\/p>\n<p><strong>Im Oktober 2007 wurde der neue Sitz des Andalusischen Zentrums f\u00fcr Fotografie im alten Liceo de Almer\u00eda<\/strong> im historischen Zentrum der Stadt eingeweiht. Dieses Geb\u00e4ude wurde renoviert und an die Bed\u00fcrfnisse eines fotografischen Zentrums des 21. Jahrhunderts angepasst, das eine gro\u00dfe Ausstellungsfl\u00e4che von sechshundert Quadratmetern, Unterrichtsr\u00e4ume f\u00fcr Workshops, einen Digitalisierungsraum, eine Fotoausr\u00fcstung, eine Bibliothek, einen Vorf\u00fchrraum, ein Archiv, einen Laden und Verwaltungsb\u00fcros umfasst.<\/p>\n<p><strong>ZUG\u00c4NGLICHES GEB\u00c4UDE F\u00dcR BEHINDERTE<\/strong><\/p>\n<p><a href=\"http:\/\/www.centroandaluzdelafotografia.es\/index.php\" target=\"_blank\" rel=\"noopener\">Hier finden Sie weitere Informationen \u00fcber das Andalusische Zentrum f\u00fcr Fotografie.<\/a><\/p>\n<p>&nbsp;<\/p>\n","protected":false},"featured_media":2054,"template":"","tipo":[3],"class_list":["post-1237","museo","type-museo","status-publish","has-post-thumbnail","hentry","tipo-otros-centros-exposiciones"],"acf":[],"_links":{"self":[{"href":"https:\/\/www.turismodealmeria.org\/museos\/de\/wp-json\/wp\/v2\/museo\/1237","targetHints":{"allow":["GET"]}}],"collection":[{"href":"https:\/\/www.turismodealmeria.org\/museos\/de\/wp-json\/wp\/v2\/museo"}],"about":[{"href":"https:\/\/www.turismodealmeria.org\/museos\/de\/wp-json\/wp\/v2\/types\/museo"}],"wp:featuredmedia":[{"embeddable":true,"href":"https:\/\/www.turismodealmeria.org\/museos\/de\/wp-json\/wp\/v2\/media\/2054"}],"wp:attachment":[{"href":"https:\/\/www.turismodealmeria.org\/museos\/de\/wp-json\/wp\/v2\/media?parent=1237"}],"wp:term":[{"taxonomy":"tipo","embeddable":true,"href":"https:\/\/www.turismodealmeria.org\/museos\/de\/wp-json\/wp\/v2\/tipo?post=1237"}],"curies":[{"name":"wp","href":"https:\/\/api.w.org\/{rel}","templated":true}]}}