{"id":3265,"date":"2024-09-30T08:58:17","date_gmt":"2024-09-30T06:58:17","guid":{"rendered":"https:\/\/www.turismodealmeria.org\/museos\/?post_type=museo&#038;p=3265"},"modified":"2025-08-14T10:29:07","modified_gmt":"2025-08-14T08:29:07","slug":"les-refuges-de-la-guerre-civile-espagnole","status":"publish","type":"museo","link":"https:\/\/www.turismodealmeria.org\/museos\/fr\/museo\/les-refuges-de-la-guerre-civile-espagnole\/","title":{"rendered":"Les refuges de la guerre civile espagnole"},"content":{"rendered":"<p><strong>Histoire des abris.<\/strong><br \/>\nAlmer\u00eda : 52 bombardements, 754 bombes<\/p>\n<p>La Guerre civile espagnole (1936\u20131939) a profond\u00e9ment marqu\u00e9 l\u2019histoire du pays tout entier. Bien qu\u2019Almer\u00eda n\u2019ait pas \u00e9t\u00e9 directement touch\u00e9e par le conflit (elle fut la derni\u00e8re ville contr\u00f4l\u00e9e par le gouvernement de la IIe R\u00e9publique), la ville a subi les effets des attaques a\u00e9riennes et maritimes : 52 bombardements visant des objectifs militaires, strat\u00e9giques et m\u00eame civils.<\/p>\n<p>Parmi tous les bombardements, celui du 31 mai 1937, men\u00e9 par l\u2019escadre allemande, se distingue avec un bilan de 40 morts, 150 bless\u00e9s et environ 200 b\u00e2timents d\u00e9truits.<\/p>\n<p>Dans ce contexte de guerre, les habitants d\u2019Almer\u00eda d\u00e9cid\u00e8rent de construire des abris souterrains et de participer activement \u00e0 leur r\u00e9alisation afin de se prot\u00e9ger des bombes en cas d\u2019alerte.<\/p>\n<p>Almer\u00eda devint un v\u00e9ritable \u201cGuernica\u201d, mais malheureusement sans aucune r\u00e9habilitation historique ou politique par la suite.<\/p>\n<p><em>Un espace pour la vie<\/em><\/p>\n<p>D\u2019octobre 1936 au printemps 1938, l\u2019architecte municipal Guillermo Langle, l\u2019ing\u00e9nieur des canaux Jos\u00e9 Fornieles et l\u2019ing\u00e9nieur des mines Carlos Fern\u00e1ndez dirig\u00e8rent la construction de 4,5 km de galeries souterraines \u00e0 9 m\u00e8tres de profondeur, avec 67 acc\u00e8s pour accueillir 34 144 personnes (\u00e0 cette \u00e9poque, la population d\u2019Almer\u00eda \u00e9tait d\u2019environ 50 000 habitants). Le reste des habitants se r\u00e9fugiait dans les abris naturels des d\u00e9p\u00f4ts de minerai de fer de la Compagnie andalouse des mines et dans les grottes de La Chanca.<\/p>\n<p>Langle pensa \u00e0 tout : \u00e0 la ventilation avec des tubes en uralite de 100 millim\u00e8tres de diam\u00e8tre plac\u00e9s pr\u00e8s des entr\u00e9es et capables de r\u00e9sister aux grenades \u00e0 main ; \u00e0 l\u2019am\u00e9nagement de renfoncements et de saillies pour \u00e9viter les bousculades et servir d\u2019\u00e9cran en cas d\u2019explosion ; \u00e0 deux fils de cuivre pour alimenter les ampoules \u00e9clairant les abris ; \u00e0 un garde-manger pour stocker des vivres en cas de besoin ; et m\u00eame \u00e0 l\u2019installation d\u2019un bloc op\u00e9ratoire pour soigner les bless\u00e9s.<\/p>\n<p>Une fois la guerre termin\u00e9e, les acc\u00e8s furent mur\u00e9s avec une s\u00e9rie de kiosques rationalistes, con\u00e7us par Guillermo Langle, qui devinrent partie int\u00e9grante du mobilier urbain de la ville. Certains sont encore visibles aujourd\u2019hui sur la Plaza Urrutia, la Plaza Conde Ofalia et la Plaza Virgen del Mar, bien que ce dernier ait \u00e9t\u00e9 fortement modifi\u00e9.<\/p>\n<p>Les abris ne furent plus utilis\u00e9s, mais les galeries sont rest\u00e9es endormies, traversant la ville d\u2019Almer\u00eda comme une colonne vert\u00e9brale.<\/p>\n<p><strong>MONUMENT ACCESSIBLE AUX PERSONNES \u00c0 MOBILIT\u00c9 R\u00c9DUITE<\/strong><\/p>\n<p><strong>LES VISITES SONT GUID\u00c9ES. IL EST RECOMMAND\u00c9 D\u2019ACHETER LES BILLETS \u00c0 L\u2019AVANCE. CONTACTER CHAQUE ENTREPRISE POUR CONNA\u00ceTRE LES TARIFS.<\/strong><\/p>\n","protected":false},"featured_media":2014,"template":"","tipo":[4],"class_list":["post-3265","museo","type-museo","status-publish","has-post-thumbnail","hentry","tipo-museos-almeria-ciudad"],"acf":[],"_links":{"self":[{"href":"https:\/\/www.turismodealmeria.org\/museos\/fr\/wp-json\/wp\/v2\/museo\/3265","targetHints":{"allow":["GET"]}}],"collection":[{"href":"https:\/\/www.turismodealmeria.org\/museos\/fr\/wp-json\/wp\/v2\/museo"}],"about":[{"href":"https:\/\/www.turismodealmeria.org\/museos\/fr\/wp-json\/wp\/v2\/types\/museo"}],"wp:featuredmedia":[{"embeddable":true,"href":"https:\/\/www.turismodealmeria.org\/museos\/fr\/wp-json\/wp\/v2\/media\/2014"}],"wp:attachment":[{"href":"https:\/\/www.turismodealmeria.org\/museos\/fr\/wp-json\/wp\/v2\/media?parent=3265"}],"wp:term":[{"taxonomy":"tipo","embeddable":true,"href":"https:\/\/www.turismodealmeria.org\/museos\/fr\/wp-json\/wp\/v2\/tipo?post=3265"}],"curies":[{"name":"wp","href":"https:\/\/api.w.org\/{rel}","templated":true}]}}