{"id":537,"date":"2024-09-30T08:55:27","date_gmt":"2024-09-30T06:55:27","guid":{"rendered":"https:\/\/museos.turismodealmeria.es\/museo\/museo-de-arte-espacio-2\/"},"modified":"2025-08-14T10:07:53","modified_gmt":"2025-08-14T08:07:53","slug":"centre-dart-musee-dalmeria","status":"publish","type":"museo","link":"https:\/\/www.turismodealmeria.org\/museos\/fr\/museo\/centre-dart-musee-dalmeria\/","title":{"rendered":"Centre d\u2019Art Mus\u00e9e d\u2019Almeria"},"content":{"rendered":"<p>L\u2019ensemble, qui\u00a0<strong>fut l\u2019ancien Pr\u00e9ventorium de l\u2019Enfant J\u00e9sus<\/strong>, \u00e9tait constitu\u00e9 par deux b\u00e2timents diff\u00e9rents : la demeure- maison individuelle de Jos\u00e9 Batlles, construite en 1927 et reform\u00e9e en 1943, et les galeries et d\u00e9pendances rajout\u00e9es en 1944 par le Patronat National Antituberculeux, qui \u00e9tendirent la demeure jusqu\u2019\u00e0 la limite de l\u2019Avenue de Ntra. Sra. de Montserrat. Les galeries, ouvertes au jardin, contenaient au rez-de-chauss\u00e9e, la chambre \u00e0 coucher des gar\u00e7ons et, en-haut, celle des filles. Ce b\u00e2timent qui fut durant un certain temps une partie du pr\u00e9ventorium, \u00e9tait occup\u00e9 par la direction, l\u2019administration et la clinique de l\u2019ensemble d\u00e9di\u00e9 aux soins. Le b\u00e2timent fut ferm\u00e9 en 1966.<\/p>\n<p><strong>De l\u2019ensemble, il ne reste plus que la maison de Jos\u00e9 Batlles, et elle est encadr\u00e9e dans la tradition r\u00e9gionaliste, r\u00e9alis\u00e9e par Guillermo Langle Rubio<\/strong>. Une annexe lui fut rajout\u00e9 pour abriter le Centre d\u2019Art Mus\u00e9e d\u2019Almeria, qui d\u00e9pend du d\u00e9partement de la culture de la Mairie d\u2019Almeria, et qui fut inaugur\u00e9 en octobre 1998.<\/p>\n<p><strong>B\u00c2TIMENT ACCESSIBLE AUX PERSONNES HANDICAP\u00c9ES<\/strong><\/p>\n","protected":false},"featured_media":2814,"template":"","tipo":[4],"class_list":["post-537","museo","type-museo","status-publish","has-post-thumbnail","hentry","tipo-museos-almeria-ciudad"],"acf":[],"_links":{"self":[{"href":"https:\/\/www.turismodealmeria.org\/museos\/fr\/wp-json\/wp\/v2\/museo\/537","targetHints":{"allow":["GET"]}}],"collection":[{"href":"https:\/\/www.turismodealmeria.org\/museos\/fr\/wp-json\/wp\/v2\/museo"}],"about":[{"href":"https:\/\/www.turismodealmeria.org\/museos\/fr\/wp-json\/wp\/v2\/types\/museo"}],"wp:featuredmedia":[{"embeddable":true,"href":"https:\/\/www.turismodealmeria.org\/museos\/fr\/wp-json\/wp\/v2\/media\/2814"}],"wp:attachment":[{"href":"https:\/\/www.turismodealmeria.org\/museos\/fr\/wp-json\/wp\/v2\/media?parent=537"}],"wp:term":[{"taxonomy":"tipo","embeddable":true,"href":"https:\/\/www.turismodealmeria.org\/museos\/fr\/wp-json\/wp\/v2\/tipo?post=537"}],"curies":[{"name":"wp","href":"https:\/\/api.w.org\/{rel}","templated":true}]}}