{"id":458,"date":"2024-09-30T08:55:27","date_gmt":"2024-09-30T06:55:27","guid":{"rendered":"https:\/\/museos.turismodealmeria.es\/?post_type=museo&#038;p=458"},"modified":"2025-08-11T11:15:18","modified_gmt":"2025-08-11T09:15:18","slug":"museo-de-arte-espacio-2","status":"publish","type":"museo","link":"https:\/\/www.turismodealmeria.org\/museos\/museo\/museo-de-arte-espacio-2\/","title":{"rendered":"Museo de Arte de Almer\u00eda Espacio 2"},"content":{"rendered":"<p>El conjunto, que\u00a0<strong>fue el antiguo Preventorio del Ni\u00f1o Jes\u00fas<\/strong>, estaba constituido por dos edificaciones diferentes: la vivienda- chalet unifamiliar de Jos\u00e9 Batlles, construida en 1927 y reformada en 1943, y las galer\u00edas y dependencias promovidas en 1944 por el Patronato Nacional Antituberculoso, uniendo el chalet con el l\u00edmite de la Avenida de Ntra. Sra. de Montserrat. Las galer\u00edas, abiertas al jard\u00edn, albergaban en la planta baja el dormitorio de los ni\u00f1os, y en la planta superior el de las ni\u00f1as. El chalet, durante el tiempo que fue parte del preventorio, albergaba la direcci\u00f3n, administraci\u00f3n y cl\u00ednica del conjunto asistencial. El edificio se cerr\u00f3 en 1966.<\/p>\n<p><strong>Del conjunto solo queda en pie la casa de Jos\u00e9 Batlles, y est\u00e1 enmarcada en la tradici\u00f3n regionalista a partir de un proyecto de Guillermo Langle Rubio.<\/strong> A la edificaci\u00f3n se a\u00f1adi\u00f3 un anexo para albergar al Centro de Arte Museo de Almer\u00eda, dependiente del \u00c1rea de Cultura del Ayuntamiento de Almer\u00eda, que fue inaugurado en octubre de 1998.<\/p>\n<p><strong>EDIFICIO ACCESIBLE PARA DISCAPACITADOS.<\/strong><\/p>\n","protected":false},"featured_media":2812,"template":"","tipo":[4],"class_list":["post-458","museo","type-museo","status-publish","has-post-thumbnail","hentry","tipo-museos-almeria-ciudad"],"acf":[],"_links":{"self":[{"href":"https:\/\/www.turismodealmeria.org\/museos\/wp-json\/wp\/v2\/museo\/458","targetHints":{"allow":["GET"]}}],"collection":[{"href":"https:\/\/www.turismodealmeria.org\/museos\/wp-json\/wp\/v2\/museo"}],"about":[{"href":"https:\/\/www.turismodealmeria.org\/museos\/wp-json\/wp\/v2\/types\/museo"}],"wp:featuredmedia":[{"embeddable":true,"href":"https:\/\/www.turismodealmeria.org\/museos\/wp-json\/wp\/v2\/media\/2812"}],"wp:attachment":[{"href":"https:\/\/www.turismodealmeria.org\/museos\/wp-json\/wp\/v2\/media?parent=458"}],"wp:term":[{"taxonomy":"tipo","embeddable":true,"href":"https:\/\/www.turismodealmeria.org\/museos\/wp-json\/wp\/v2\/tipo?post=458"}],"curies":[{"name":"wp","href":"https:\/\/api.w.org\/{rel}","templated":true}]}}